{"id":36466,"date":"2022-04-07T08:34:10","date_gmt":"2022-04-07T08:34:10","guid":{"rendered":"https:\/\/paragliding-luzern.ch\/%e6%88%91%e4%bb%ac%e7%9a%84%e5%9b%a2%e9%98%9f\/"},"modified":"2023-08-24T04:37:08","modified_gmt":"2023-08-24T04:37:08","slug":"%e6%88%91%e4%bb%ac%e7%9a%84%e5%9b%a2%e9%98%9f","status":"publish","type":"page","link":"https:\/\/paragliding-luzern.ch\/zh-hans\/%e6%88%91%e4%bb%ac%e7%9a%84%e5%9b%a2%e9%98%9f\/","title":{"rendered":"\u6211\u4eec\u7684\u56e2\u961f"},"content":{"rendered":"\t\t<div data-elementor-type=\"wp-page\" data-elementor-id=\"36466\" class=\"elementor elementor-36466 elementor-30139\" data-elementor-post-type=\"page\">\n\t\t\t\t\t\t<section class=\"elementor-section elementor-top-section elementor-element elementor-element-90a933d elementor-section-height-min-height elementor-section-boxed elementor-section-height-default elementor-section-items-middle\" data-id=\"90a933d\" data-element_type=\"section\" data-e-type=\"section\">\n\t\t\t\t\t\t<div class=\"elementor-container elementor-column-gap-default\">\n\t\t\t\t\t<div class=\"elementor-column elementor-col-100 elementor-top-column elementor-element elementor-element-91bb6bd\" data-id=\"91bb6bd\" data-element_type=\"column\" data-e-type=\"column\">\n\t\t\t<div class=\"elementor-widget-wrap elementor-element-populated\">\n\t\t\t\t\t\t<div class=\"elementor-element elementor-element-4d997b10 elementor-widget elementor-widget-heading\" data-id=\"4d997b10\" data-element_type=\"widget\" data-e-type=\"widget\" data-widget_type=\"heading.default\">\n\t\t\t\t<div class=\"elementor-widget-container\">\n\t\t\t\t\t<h4 class=\"elementor-heading-title elementor-size-default\">\u6211\u4eec\u7684\u56e2\u961f<\/h4>\t\t\t\t<\/div>\n\t\t\t\t<\/div>\n\t\t\t\t<div class=\"elementor-element elementor-element-a3ff6b7 elementor-widget elementor-widget-text-editor\" data-id=\"a3ff6b7\" data-element_type=\"widget\" data-e-type=\"widget\" data-widget_type=\"text-editor.default\">\n\t\t\t\t<div class=\"elementor-widget-container\">\n\t\t\t\t\t\t\t\t\t<p>\u5728\u5362\u585e\u6069\u6ed1\u7fd4\u4f1e\u4ff1\u4e50\u90e8\uff0c\u4f60\u53ea\u80fd\u548c\u4e13\u4e1a\u4eba\u58eb\u4e00\u8d77\u98de\u884c\u3002\u6211\u4eec\u7684\u56e2\u961f\u7531\u5168\u804c\u53c2\u4e0e\u6ed1\u7fd4\u4f1e\u8fd0\u52a8\u7684\u4e13\u4e1a\u98de\u884c\u5458\u7ec4\u6210\u3002\u6240\u6709\u4e32\u8054\u98de\u884c\u5458\u90fd\u6709\u745e\u58eb\u8054\u90a6\u6c11\u822a\u5c40\uff08BAZL\uff09\u7684\u5fc5\u8981\u57f9\u8bad\u548c\u8fdb\u4fee\u3002<\/p>\n\t\t\t\t\t\t\t\t<\/div>\n\t\t\t\t<\/div>\n\t\t\t\t\t<\/div>\n\t\t<\/div>\n\t\t\t\t\t<\/div>\n\t\t<\/section>\n\t\t\t\t<section class=\"elementor-section elementor-top-section elementor-element elementor-element-1775b092 elementor-section-content-middle elementor-section-height-min-height elementor-section-boxed elementor-section-height-default elementor-section-items-middle\" data-id=\"1775b092\" data-element_type=\"section\" data-e-type=\"section\" data-settings=\"{&quot;background_background&quot;:&quot;classic&quot;}\">\n\t\t\t\t\t\t<div class=\"elementor-container elementor-column-gap-no\">\n\t\t\t\t\t<div class=\"elementor-column elementor-col-100 elementor-top-column elementor-element elementor-element-1df5639b\" data-id=\"1df5639b\" data-element_type=\"column\" data-e-type=\"column\">\n\t\t\t<div class=\"elementor-widget-wrap elementor-element-populated\">\n\t\t\t\t\t\t<section class=\"elementor-section elementor-inner-section elementor-element elementor-element-3fc63bd6 elementor-section-boxed elementor-section-height-default elementor-section-height-default\" data-id=\"3fc63bd6\" data-element_type=\"section\" data-e-type=\"section\">\n\t\t\t\t\t\t<div class=\"elementor-container elementor-column-gap-default\">\n\t\t\t\t\t<div class=\"elementor-column elementor-col-25 elementor-inner-column elementor-element elementor-element-114f93a1\" data-id=\"114f93a1\" data-element_type=\"column\" data-e-type=\"column\">\n\t\t\t<div class=\"elementor-widget-wrap elementor-element-populated\">\n\t\t\t\t\t\t<div class=\"elementor-element elementor-element-12d966e4 elementor-position-top elementor-widget elementor-widget-image-box\" data-id=\"12d966e4\" data-element_type=\"widget\" data-e-type=\"widget\" data-widget_type=\"image-box.default\">\n\t\t\t\t<div class=\"elementor-widget-container\">\n\t\t\t\t\t<div class=\"elementor-image-box-wrapper\"><figure class=\"elementor-image-box-img\"><img fetchpriority=\"high\" decoding=\"async\" width=\"500\" height=\"500\" src=\"https:\/\/paragliding-luzern.ch\/wp-content\/uploads\/2022\/05\/Zacharias-Konstandakis-1.jpg\" class=\"attachment-full size-full wp-image-32751\" alt=\"Ein l\u00e4chelnder Mann vor einer Palme.\" srcset=\"https:\/\/paragliding-luzern.ch\/wp-content\/uploads\/2022\/05\/Zacharias-Konstandakis-1.jpg 500w, https:\/\/paragliding-luzern.ch\/wp-content\/uploads\/2022\/05\/Zacharias-Konstandakis-1-300x300.jpg 300w, https:\/\/paragliding-luzern.ch\/wp-content\/uploads\/2022\/05\/Zacharias-Konstandakis-1-100x100.jpg 100w, https:\/\/paragliding-luzern.ch\/wp-content\/uploads\/2022\/05\/Zacharias-Konstandakis-1-150x150.jpg 150w\" sizes=\"(max-width: 500px) 100vw, 500px\" \/><\/figure><div class=\"elementor-image-box-content\"><h3 class=\"elementor-image-box-title\">Zacharias<\/h3><p class=\"elementor-image-box-description\">\u5362\u585e\u6069\u6ed1\u7fd4\u4f1e\u7684\u6240\u6709\u8005\u548c\u521b\u59cb\u4eba\u3002\u53cc\u4eba\u98de\u884c\u5458--\u98de\u884c\u6559\u7ec3<\/p><\/div><\/div>\t\t\t\t<\/div>\n\t\t\t\t<\/div>\n\t\t\t\t<div class=\"elementor-element elementor-element-4aaf6490 elementor-widget elementor-widget-text-editor\" data-id=\"4aaf6490\" data-element_type=\"widget\" data-e-type=\"widget\" data-widget_type=\"text-editor.default\">\n\t\t\t\t<div class=\"elementor-widget-container\">\n\t\t\t\t\t\t\t\t\t<ul>\n<li>\u81ea1988\u5e74\u4ee5\u6765\u7684\u6ed1\u7fd4\u4f1e\u98de\u884c\u5458\u5355\u98de\u57f9\u8bad<\/li>\n<li>\u81ea1994\u5e74\u4ee5\u6765\u7684\u5546\u4e1a\u53cc\u8231\u98de\u884c\u5458\u57f9\u8bad<\/li>\n<li>\u81ea1994\u5e74\u4ee5\u6765\u7684\u98de\u884c\u6559\u5458\u57f9\u8bad<\/li>\n<\/ul>\n\t\t\t\t\t\t\t\t<\/div>\n\t\t\t\t<\/div>\n\t\t\t\t\t<\/div>\n\t\t<\/div>\n\t\t\t\t<div class=\"elementor-column elementor-col-25 elementor-inner-column elementor-element elementor-element-06f5306\" data-id=\"06f5306\" data-element_type=\"column\" data-e-type=\"column\">\n\t\t\t<div class=\"elementor-widget-wrap elementor-element-populated\">\n\t\t\t\t\t\t<div class=\"elementor-element elementor-element-c8ed256 elementor-position-top elementor-widget elementor-widget-image-box\" data-id=\"c8ed256\" data-element_type=\"widget\" data-e-type=\"widget\" data-widget_type=\"image-box.default\">\n\t\t\t\t<div class=\"elementor-widget-container\">\n\t\t\t\t\t<div class=\"elementor-image-box-wrapper\"><figure class=\"elementor-image-box-img\"><img decoding=\"async\" width=\"500\" height=\"500\" src=\"https:\/\/paragliding-luzern.ch\/wp-content\/uploads\/2022\/05\/Erni-Marius.jpg\" class=\"attachment-full size-full wp-image-32696\" alt=\"Portraitbild von Marius\" srcset=\"https:\/\/paragliding-luzern.ch\/wp-content\/uploads\/2022\/05\/Erni-Marius.jpg 500w, https:\/\/paragliding-luzern.ch\/wp-content\/uploads\/2022\/05\/Erni-Marius-300x300.jpg 300w, https:\/\/paragliding-luzern.ch\/wp-content\/uploads\/2022\/05\/Erni-Marius-100x100.jpg 100w, https:\/\/paragliding-luzern.ch\/wp-content\/uploads\/2022\/05\/Erni-Marius-150x150.jpg 150w\" sizes=\"(max-width: 500px) 100vw, 500px\" \/><\/figure><div class=\"elementor-image-box-content\"><h3 class=\"elementor-image-box-title\">Marius<\/h3><p class=\"elementor-image-box-description\">Biplacepilot<\/p><\/div><\/div>\t\t\t\t<\/div>\n\t\t\t\t<\/div>\n\t\t\t\t<div class=\"elementor-element elementor-element-123c17b elementor-widget elementor-widget-text-editor\" data-id=\"123c17b\" data-element_type=\"widget\" data-e-type=\"widget\" data-widget_type=\"text-editor.default\">\n\t\t\t\t<div class=\"elementor-widget-container\">\n\t\t\t\t\t\t\t\t\t<ul>\n<li>\u5355\u4eba\u6ed1\u7fd4\u4f1e\u98de\u884c\u5458<\/li>\n<li>\u5546\u4e1a\u6027\u7684Biplace\u8bd5\u70b9<\/li>\n<\/ul>\n\t\t\t\t\t\t\t\t<\/div>\n\t\t\t\t<\/div>\n\t\t\t\t\t<\/div>\n\t\t<\/div>\n\t\t\t\t<div class=\"elementor-column elementor-col-25 elementor-inner-column elementor-element elementor-element-fcb72ee\" data-id=\"fcb72ee\" data-element_type=\"column\" data-e-type=\"column\">\n\t\t\t<div class=\"elementor-widget-wrap elementor-element-populated\">\n\t\t\t\t\t\t<div class=\"elementor-element elementor-element-60e59a5 elementor-position-top elementor-widget elementor-widget-image-box\" data-id=\"60e59a5\" data-element_type=\"widget\" data-e-type=\"widget\" data-widget_type=\"image-box.default\">\n\t\t\t\t<div class=\"elementor-widget-container\">\n\t\t\t\t\t<div class=\"elementor-image-box-wrapper\"><figure class=\"elementor-image-box-img\"><img decoding=\"async\" width=\"500\" height=\"500\" src=\"https:\/\/paragliding-luzern.ch\/wp-content\/uploads\/2022\/05\/Othmar-Leuppi.jpg\" class=\"attachment-full size-full wp-image-32724\" alt=\"Ein l\u00e4chelnder Mann mit einem Helm und Gleitschirmseilen in der Hand.\" srcset=\"https:\/\/paragliding-luzern.ch\/wp-content\/uploads\/2022\/05\/Othmar-Leuppi.jpg 500w, https:\/\/paragliding-luzern.ch\/wp-content\/uploads\/2022\/05\/Othmar-Leuppi-300x300.jpg 300w, https:\/\/paragliding-luzern.ch\/wp-content\/uploads\/2022\/05\/Othmar-Leuppi-100x100.jpg 100w, https:\/\/paragliding-luzern.ch\/wp-content\/uploads\/2022\/05\/Othmar-Leuppi-150x150.jpg 150w\" sizes=\"(max-width: 500px) 100vw, 500px\" \/><\/figure><div class=\"elementor-image-box-content\"><h3 class=\"elementor-image-box-title\">Othmar<\/h3><p class=\"elementor-image-box-description\">Biplace\u98de\u884c\u5458\u548c\u98de\u884c\u6559\u5b98<\/p><\/div><\/div>\t\t\t\t<\/div>\n\t\t\t\t<\/div>\n\t\t\t\t<div class=\"elementor-element elementor-element-5cd2138 elementor-widget elementor-widget-text-editor\" data-id=\"5cd2138\" data-element_type=\"widget\" data-e-type=\"widget\" data-widget_type=\"text-editor.default\">\n\t\t\t\t<div class=\"elementor-widget-container\">\n\t\t\t\t\t\t\t\t\t<ul>\n<li>\u81ea1989\u5e74\u4ee5\u6765\uff0c\u4e00\u76f4\u4ece\u4e8b\u6ed1\u7fd4\u4f1e\u98de\u884c\u5458\u57f9\u8bad\u3002<\/li>\n<li>\u81ea1992\u5e74\u4ee5\u6765\uff0c\u6211\u4eec\u4e00\u76f4\u5728\u8fdb\u884c\u5546\u4e1a\u98de\u884c\u5668\u7684\u57f9\u8bad\u3002<\/li>\n<li>\u81ea2002\u5e74\u4ee5\u6765\u7684\u98de\u884c\u6559\u5458\u57f9\u8bad<\/li>\n<\/ul>\n\t\t\t\t\t\t\t\t<\/div>\n\t\t\t\t<\/div>\n\t\t\t\t\t<\/div>\n\t\t<\/div>\n\t\t\t\t<div class=\"elementor-column elementor-col-25 elementor-inner-column elementor-element elementor-element-188d3a4\" data-id=\"188d3a4\" data-element_type=\"column\" data-e-type=\"column\">\n\t\t\t<div class=\"elementor-widget-wrap elementor-element-populated\">\n\t\t\t\t\t\t<div class=\"elementor-element elementor-element-00f936f elementor-position-top elementor-widget elementor-widget-image-box\" data-id=\"00f936f\" data-element_type=\"widget\" data-e-type=\"widget\" data-widget_type=\"image-box.default\">\n\t\t\t\t<div class=\"elementor-widget-container\">\n\t\t\t\t\t<div class=\"elementor-image-box-wrapper\"><figure class=\"elementor-image-box-img\"><img loading=\"lazy\" decoding=\"async\" width=\"500\" height=\"500\" src=\"https:\/\/paragliding-luzern.ch\/wp-content\/uploads\/2022\/05\/Bruno.jpg\" class=\"attachment-full size-full wp-image-32688\" alt=\"Portraitbild von Bruno\" srcset=\"https:\/\/paragliding-luzern.ch\/wp-content\/uploads\/2022\/05\/Bruno.jpg 500w, https:\/\/paragliding-luzern.ch\/wp-content\/uploads\/2022\/05\/Bruno-300x300.jpg 300w, https:\/\/paragliding-luzern.ch\/wp-content\/uploads\/2022\/05\/Bruno-100x100.jpg 100w, https:\/\/paragliding-luzern.ch\/wp-content\/uploads\/2022\/05\/Bruno-150x150.jpg 150w\" sizes=\"(max-width: 500px) 100vw, 500px\" \/><\/figure><div class=\"elementor-image-box-content\"><h3 class=\"elementor-image-box-title\">Bruno<\/h3><p class=\"elementor-image-box-description\">Biplace\u98de\u884c\u5458\u6ed1\u7fd4\u4f1e\u548c\u4e09\u89d2\u6d32\u3002<\/p><\/div><\/div>\t\t\t\t<\/div>\n\t\t\t\t<\/div>\n\t\t\t\t<div class=\"elementor-element elementor-element-9214fc9 elementor-widget elementor-widget-text-editor\" data-id=\"9214fc9\" data-element_type=\"widget\" data-e-type=\"widget\" data-widget_type=\"text-editor.default\">\n\t\t\t\t<div class=\"elementor-widget-container\">\n\t\t\t\t\t\t\t\t\t<ul>\n<li>\u81ea1986\u5e74\u4ee5\u6765\uff0c\u4e00\u76f4\u4ece\u4e8b\u4e09\u89d2\u6d32\u98de\u884c\u5458\u7684\u5355\u72ec\u57f9\u8bad\u3002<\/li>\n<li>\u81ea1987\u5e74\u8d77\u62c5\u4efb\u6ed1\u7fd4\u4f1e\u5355\u4eba\u98de\u884c\u5458\u3002<\/li>\n<li>\u81ea1990\u5e74\u4ee5\u6765\u7684\u5546\u4e1a\u53cc\u7ffc\u98de\u884c\u5458\u57f9\u8bad<\/li>\n<\/ul>\n\t\t\t\t\t\t\t\t<\/div>\n\t\t\t\t<\/div>\n\t\t\t\t\t<\/div>\n\t\t<\/div>\n\t\t\t\t\t<\/div>\n\t\t<\/section>\n\t\t\t\t<section class=\"elementor-section elementor-inner-section elementor-element elementor-element-1b37ed5 elementor-section-boxed elementor-section-height-default elementor-section-height-default\" data-id=\"1b37ed5\" data-element_type=\"section\" data-e-type=\"section\">\n\t\t\t\t\t\t<div class=\"elementor-container elementor-column-gap-default\">\n\t\t\t\t\t<div class=\"elementor-column elementor-col-25 elementor-inner-column elementor-element elementor-element-6bed153\" data-id=\"6bed153\" data-element_type=\"column\" data-e-type=\"column\">\n\t\t\t<div class=\"elementor-widget-wrap elementor-element-populated\">\n\t\t\t\t\t\t<div class=\"elementor-element elementor-element-4fc69e7 elementor-position-top elementor-widget elementor-widget-image-box\" data-id=\"4fc69e7\" data-element_type=\"widget\" data-e-type=\"widget\" data-widget_type=\"image-box.default\">\n\t\t\t\t<div class=\"elementor-widget-container\">\n\t\t\t\t\t<div class=\"elementor-image-box-wrapper\"><figure class=\"elementor-image-box-img\"><img loading=\"lazy\" decoding=\"async\" width=\"500\" height=\"500\" src=\"https:\/\/paragliding-luzern.ch\/wp-content\/uploads\/2022\/05\/Moni.jpg\" class=\"attachment-full size-full wp-image-32716\" alt=\"Gleitschirmpiloten, die \u00fcber gr\u00fcne H\u00fcgel fliegen.\" srcset=\"https:\/\/paragliding-luzern.ch\/wp-content\/uploads\/2022\/05\/Moni.jpg 500w, https:\/\/paragliding-luzern.ch\/wp-content\/uploads\/2022\/05\/Moni-300x300.jpg 300w, https:\/\/paragliding-luzern.ch\/wp-content\/uploads\/2022\/05\/Moni-100x100.jpg 100w, https:\/\/paragliding-luzern.ch\/wp-content\/uploads\/2022\/05\/Moni-150x150.jpg 150w\" sizes=\"(max-width: 500px) 100vw, 500px\" \/><\/figure><div class=\"elementor-image-box-content\"><h3 class=\"elementor-image-box-title\">Moni<\/h3><p class=\"elementor-image-box-description\">\u53cc\u87ba\u65cb\u6868\u98de\u884c\u5458\u548c\u9ad8\u7a7a\u4f5c\u4e1a\u8005 <\/p><\/div><\/div>\t\t\t\t<\/div>\n\t\t\t\t<\/div>\n\t\t\t\t<div class=\"elementor-element elementor-element-f6b131a elementor-widget elementor-widget-text-editor\" data-id=\"f6b131a\" data-element_type=\"widget\" data-e-type=\"widget\" data-widget_type=\"text-editor.default\">\n\t\t\t\t<div class=\"elementor-widget-container\">\n\t\t\t\t\t\t\t\t\t<ul>\n<li>\u5355\u4eba\u6ed1\u7fd4\u4f1e\u98de\u884c\u5458<\/li>\n<li>\u5546\u4e1a\u6027\u7684Biplace\u8bd5\u70b9<\/li>\n<li>\u98de\u884c\u6559\u5b98\u548cFlugrausch\u98de\u884c\u5b66\u6821\u7684\u6240\u6709\u8005<\/li>\n<\/ul>\n\t\t\t\t\t\t\t\t<\/div>\n\t\t\t\t<\/div>\n\t\t\t\t\t<\/div>\n\t\t<\/div>\n\t\t\t\t<div class=\"elementor-column elementor-col-25 elementor-inner-column elementor-element elementor-element-5b3eba3\" data-id=\"5b3eba3\" data-element_type=\"column\" data-e-type=\"column\">\n\t\t\t<div class=\"elementor-widget-wrap elementor-element-populated\">\n\t\t\t\t\t\t<div class=\"elementor-element elementor-element-7c87f46 elementor-position-top elementor-widget elementor-widget-image-box\" data-id=\"7c87f46\" data-element_type=\"widget\" data-e-type=\"widget\" data-widget_type=\"image-box.default\">\n\t\t\t\t<div class=\"elementor-widget-container\">\n\t\t\t\t\t<div class=\"elementor-image-box-wrapper\"><figure class=\"elementor-image-box-img\"><img loading=\"lazy\" decoding=\"async\" width=\"480\" height=\"480\" src=\"https:\/\/paragliding-luzern.ch\/wp-content\/uploads\/2022\/05\/Nicolas-1.jpg\" class=\"attachment-full size-full wp-image-32720\" alt=\"Portraitbild von Nicolas\" srcset=\"https:\/\/paragliding-luzern.ch\/wp-content\/uploads\/2022\/05\/Nicolas-1.jpg 480w, https:\/\/paragliding-luzern.ch\/wp-content\/uploads\/2022\/05\/Nicolas-1-300x300.jpg 300w, https:\/\/paragliding-luzern.ch\/wp-content\/uploads\/2022\/05\/Nicolas-1-100x100.jpg 100w, https:\/\/paragliding-luzern.ch\/wp-content\/uploads\/2022\/05\/Nicolas-1-150x150.jpg 150w\" sizes=\"(max-width: 480px) 100vw, 480px\" \/><\/figure><div class=\"elementor-image-box-content\"><h3 class=\"elementor-image-box-title\">Nicolas<\/h3><p class=\"elementor-image-box-description\">Biplacepilot<\/p><\/div><\/div>\t\t\t\t<\/div>\n\t\t\t\t<\/div>\n\t\t\t\t<div class=\"elementor-element elementor-element-c472c9c elementor-widget elementor-widget-text-editor\" data-id=\"c472c9c\" data-element_type=\"widget\" data-e-type=\"widget\" data-widget_type=\"text-editor.default\">\n\t\t\t\t<div class=\"elementor-widget-container\">\n\t\t\t\t\t\t\t\t\t<ul>\n<li>\u5355\u4eba\u6ed1\u7fd4\u4f1e\u98de\u884c\u5458<\/li>\n<li>\u5546\u4e1a\u6027\u7684Biplace\u8bd5\u70b9<\/li>\n<\/ul>\n\t\t\t\t\t\t\t\t<\/div>\n\t\t\t\t<\/div>\n\t\t\t\t\t<\/div>\n\t\t<\/div>\n\t\t\t\t<div class=\"elementor-column elementor-col-25 elementor-inner-column elementor-element elementor-element-e940b86\" data-id=\"e940b86\" data-element_type=\"column\" data-e-type=\"column\">\n\t\t\t<div class=\"elementor-widget-wrap elementor-element-populated\">\n\t\t\t\t\t\t<div class=\"elementor-element elementor-element-e535f8a elementor-position-top elementor-widget elementor-widget-image-box\" data-id=\"e535f8a\" data-element_type=\"widget\" data-e-type=\"widget\" data-widget_type=\"image-box.default\">\n\t\t\t\t<div class=\"elementor-widget-container\">\n\t\t\t\t\t<div class=\"elementor-image-box-wrapper\"><figure class=\"elementor-image-box-img\"><img loading=\"lazy\" decoding=\"async\" width=\"500\" height=\"500\" src=\"https:\/\/paragliding-luzern.ch\/wp-content\/uploads\/2022\/05\/Florian-.jpg\" class=\"attachment-full size-full wp-image-32740\" alt=\"Ein l\u00e4chelnder Mann vor einerm Gew\u00e4sser.\" srcset=\"https:\/\/paragliding-luzern.ch\/wp-content\/uploads\/2022\/05\/Florian-.jpg 500w, https:\/\/paragliding-luzern.ch\/wp-content\/uploads\/2022\/05\/Florian--300x300.jpg 300w, https:\/\/paragliding-luzern.ch\/wp-content\/uploads\/2022\/05\/Florian--100x100.jpg 100w, https:\/\/paragliding-luzern.ch\/wp-content\/uploads\/2022\/05\/Florian--150x150.jpg 150w\" sizes=\"(max-width: 500px) 100vw, 500px\" \/><\/figure><div class=\"elementor-image-box-content\"><h3 class=\"elementor-image-box-title\">Florian<\/h3><p class=\"elementor-image-box-description\">Biplacepilot<\/p><\/div><\/div>\t\t\t\t<\/div>\n\t\t\t\t<\/div>\n\t\t\t\t<div class=\"elementor-element elementor-element-2162f45 elementor-widget elementor-widget-text-editor\" data-id=\"2162f45\" data-element_type=\"widget\" data-e-type=\"widget\" data-widget_type=\"text-editor.default\">\n\t\t\t\t<div class=\"elementor-widget-container\">\n\t\t\t\t\t\t\t\t\t<ul>\n<li>\u5355\u4eba\u6ed1\u7fd4\u4f1e\u98de\u884c\u5458<\/li>\n<li>\u5546\u4e1a\u6027\u7684Biplace\u8bd5\u70b9<\/li>\n<\/ul>\n\t\t\t\t\t\t\t\t<\/div>\n\t\t\t\t<\/div>\n\t\t\t\t\t<\/div>\n\t\t<\/div>\n\t\t\t\t<div class=\"elementor-column elementor-col-25 elementor-inner-column elementor-element elementor-element-784adba\" data-id=\"784adba\" data-element_type=\"column\" data-e-type=\"column\">\n\t\t\t<div class=\"elementor-widget-wrap elementor-element-populated\">\n\t\t\t\t\t\t<div class=\"elementor-element elementor-element-49bf843 elementor-position-top elementor-widget elementor-widget-image-box\" data-id=\"49bf843\" data-element_type=\"widget\" data-e-type=\"widget\" data-widget_type=\"image-box.default\">\n\t\t\t\t<div class=\"elementor-widget-container\">\n\t\t\t\t\t<div class=\"elementor-image-box-wrapper\"><figure class=\"elementor-image-box-img\"><img loading=\"lazy\" decoding=\"async\" width=\"500\" height=\"500\" src=\"https:\/\/paragliding-luzern.ch\/wp-content\/uploads\/2022\/05\/Michel.jpg\" class=\"attachment-full size-full wp-image-32712\" alt=\"Gleitschirmpiloten, die \u00fcber gr\u00fcne H\u00fcgel fliegen.\" srcset=\"https:\/\/paragliding-luzern.ch\/wp-content\/uploads\/2022\/05\/Michel.jpg 500w, https:\/\/paragliding-luzern.ch\/wp-content\/uploads\/2022\/05\/Michel-300x300.jpg 300w, https:\/\/paragliding-luzern.ch\/wp-content\/uploads\/2022\/05\/Michel-100x100.jpg 100w, https:\/\/paragliding-luzern.ch\/wp-content\/uploads\/2022\/05\/Michel-150x150.jpg 150w\" sizes=\"(max-width: 500px) 100vw, 500px\" \/><\/figure><div class=\"elementor-image-box-content\"><h3 class=\"elementor-image-box-title\">Michel<\/h3><p class=\"elementor-image-box-description\">Biplacepilot<\/p><\/div><\/div>\t\t\t\t<\/div>\n\t\t\t\t<\/div>\n\t\t\t\t<div class=\"elementor-element elementor-element-7430fa8 elementor-widget elementor-widget-text-editor\" data-id=\"7430fa8\" data-element_type=\"widget\" data-e-type=\"widget\" data-widget_type=\"text-editor.default\">\n\t\t\t\t<div class=\"elementor-widget-container\">\n\t\t\t\t\t\t\t\t\t<ul>\n<li>\u81ea2012\u5e74\u8d77\u62c5\u4efb\u6ed1\u7fd4\u4f1e\u5355\u4eba\u98de\u884c\u5458<\/li>\n<li>\u81ea2014\u5e74\u4ee5\u6765\u7684\u5546\u4e1abiplace\u8bd5\u70b9<\/li>\n<\/ul>\n\t\t\t\t\t\t\t\t<\/div>\n\t\t\t\t<\/div>\n\t\t\t\t\t<\/div>\n\t\t<\/div>\n\t\t\t\t\t<\/div>\n\t\t<\/section>\n\t\t\t\t<section class=\"elementor-section elementor-inner-section elementor-element elementor-element-45ea4bf elementor-section-boxed elementor-section-height-default elementor-section-height-default\" data-id=\"45ea4bf\" data-element_type=\"section\" data-e-type=\"section\">\n\t\t\t\t\t\t<div class=\"elementor-container elementor-column-gap-default\">\n\t\t\t\t\t<div class=\"elementor-column elementor-col-25 elementor-inner-column elementor-element elementor-element-cee79e0\" data-id=\"cee79e0\" data-element_type=\"column\" data-e-type=\"column\">\n\t\t\t<div class=\"elementor-widget-wrap elementor-element-populated\">\n\t\t\t\t\t\t<div class=\"elementor-element elementor-element-4209487 elementor-position-top elementor-widget elementor-widget-image-box\" data-id=\"4209487\" data-element_type=\"widget\" data-e-type=\"widget\" data-widget_type=\"image-box.default\">\n\t\t\t\t<div class=\"elementor-widget-container\">\n\t\t\t\t\t<div class=\"elementor-image-box-wrapper\"><figure class=\"elementor-image-box-img\"><img loading=\"lazy\" decoding=\"async\" width=\"500\" height=\"500\" src=\"https:\/\/paragliding-luzern.ch\/wp-content\/uploads\/2023\/04\/foto-matthias-1.jpg\" class=\"attachment-full size-full wp-image-41354\" alt=\"Ein Selfie mit einem Paragliding Piloten und einer weiteren Person\" srcset=\"https:\/\/paragliding-luzern.ch\/wp-content\/uploads\/2023\/04\/foto-matthias-1.jpg 500w, https:\/\/paragliding-luzern.ch\/wp-content\/uploads\/2023\/04\/foto-matthias-1-300x300.jpg 300w, https:\/\/paragliding-luzern.ch\/wp-content\/uploads\/2023\/04\/foto-matthias-1-150x150.jpg 150w, https:\/\/paragliding-luzern.ch\/wp-content\/uploads\/2023\/04\/foto-matthias-1-100x100.jpg 100w\" sizes=\"(max-width: 500px) 100vw, 500px\" \/><\/figure><div class=\"elementor-image-box-content\"><h3 class=\"elementor-image-box-title\">Matthias<\/h3><p class=\"elementor-image-box-description\">BIPLACE\u98de\u884c\u5458\u548c\u98de\u884c\u6559\u5b98<\/p><\/div><\/div>\t\t\t\t<\/div>\n\t\t\t\t<\/div>\n\t\t\t\t<div class=\"elementor-element elementor-element-ea6d8ac elementor-widget elementor-widget-text-editor\" data-id=\"ea6d8ac\" data-element_type=\"widget\" data-e-type=\"widget\" data-widget_type=\"text-editor.default\">\n\t\t\t\t<div class=\"elementor-widget-container\">\n\t\t\t\t\t\t\t\t\t<ul>\n<li>\u5355\u4eba\u6ed1\u7fd4\u4f1e\u98de\u884c\u5458<\/li>\n<li>\u5546\u4e1a\u6027\u7684Biplace\u8bd5\u70b9<\/li>\n<li>\u98de\u884c\u6559\u5b98<\/li>\n<\/ul>\n\t\t\t\t\t\t\t\t<\/div>\n\t\t\t\t<\/div>\n\t\t\t\t\t<\/div>\n\t\t<\/div>\n\t\t\t\t<div class=\"elementor-column elementor-col-25 elementor-inner-column elementor-element elementor-element-229a2f8\" data-id=\"229a2f8\" data-element_type=\"column\" data-e-type=\"column\">\n\t\t\t<div class=\"elementor-widget-wrap elementor-element-populated\">\n\t\t\t\t\t\t<div class=\"elementor-element elementor-element-4992df4 elementor-position-top elementor-widget elementor-widget-image-box\" data-id=\"4992df4\" data-element_type=\"widget\" data-e-type=\"widget\" data-widget_type=\"image-box.default\">\n\t\t\t\t<div class=\"elementor-widget-container\">\n\t\t\t\t\t<div class=\"elementor-image-box-wrapper\"><figure class=\"elementor-image-box-img\"><img decoding=\"async\" src=\"https:\/\/paragliding-luzern.ch\/wp-content\/uploads\/2022\/05\/Phillippe-1.jpg\" title=\"\" alt=\"\" loading=\"lazy\" \/><\/figure><div class=\"elementor-image-box-content\"><h3 class=\"elementor-image-box-title\">Philippe<\/h3><p class=\"elementor-image-box-description\">Biplace\u98de\u884c\u5458\u548c\u98de\u884c\u6559\u5b98<\/p><\/div><\/div>\t\t\t\t<\/div>\n\t\t\t\t<\/div>\n\t\t\t\t<div class=\"elementor-element elementor-element-968c29f elementor-widget elementor-widget-text-editor\" data-id=\"968c29f\" data-element_type=\"widget\" data-e-type=\"widget\" data-widget_type=\"text-editor.default\">\n\t\t\t\t<div class=\"elementor-widget-container\">\n\t\t\t\t\t\t\t\t\t<ul>\n<li>\u5355\u4eba\u6ed1\u7fd4\u4f1e\u98de\u884c\u5458<\/li>\n<li>\u5546\u4e1a\u6027\u7684Biplace\u8bd5\u70b9<\/li>\n<li>\u98de\u884c\u6559\u5b98<\/li>\n<\/ul>\n\t\t\t\t\t\t\t\t<\/div>\n\t\t\t\t<\/div>\n\t\t\t\t\t<\/div>\n\t\t<\/div>\n\t\t\t\t<div class=\"elementor-column elementor-col-25 elementor-inner-column elementor-element elementor-element-e72cb4b\" data-id=\"e72cb4b\" data-element_type=\"column\" data-e-type=\"column\">\n\t\t\t<div class=\"elementor-widget-wrap elementor-element-populated\">\n\t\t\t\t\t\t<div class=\"elementor-element elementor-element-f8584fd elementor-position-top elementor-widget elementor-widget-image-box\" data-id=\"f8584fd\" data-element_type=\"widget\" data-e-type=\"widget\" data-widget_type=\"image-box.default\">\n\t\t\t\t<div class=\"elementor-widget-container\">\n\t\t\t\t\t<div class=\"elementor-image-box-wrapper\"><figure class=\"elementor-image-box-img\"><img loading=\"lazy\" decoding=\"async\" width=\"417\" height=\"417\" src=\"https:\/\/paragliding-luzern.ch\/wp-content\/uploads\/2022\/05\/Gabor.jpg\" class=\"attachment-full size-full wp-image-32704\" alt=\"Ein Mann und eine Frau posieren f\u00fcr ein Foto vor einem Berg.\" srcset=\"https:\/\/paragliding-luzern.ch\/wp-content\/uploads\/2022\/05\/Gabor.jpg 417w, https:\/\/paragliding-luzern.ch\/wp-content\/uploads\/2022\/05\/Gabor-300x300.jpg 300w, https:\/\/paragliding-luzern.ch\/wp-content\/uploads\/2022\/05\/Gabor-100x100.jpg 100w, https:\/\/paragliding-luzern.ch\/wp-content\/uploads\/2022\/05\/Gabor-150x150.jpg 150w\" sizes=\"(max-width: 417px) 100vw, 417px\" \/><\/figure><div class=\"elementor-image-box-content\"><h3 class=\"elementor-image-box-title\">Gabor<\/h3><p class=\"elementor-image-box-description\">Biplace\u98de\u884c\u5458\u548c\u98de\u884c\u6559\u5b98<\/p><\/div><\/div>\t\t\t\t<\/div>\n\t\t\t\t<\/div>\n\t\t\t\t<div class=\"elementor-element elementor-element-13bcc21 elementor-widget elementor-widget-text-editor\" data-id=\"13bcc21\" data-element_type=\"widget\" data-e-type=\"widget\" data-widget_type=\"text-editor.default\">\n\t\t\t\t<div class=\"elementor-widget-container\">\n\t\t\t\t\t\t\t\t\t<ul>\n<li>\u81ea2002\u5e74\u8d77\u8fdb\u884c\u6ed1\u7fd4\u4f1e\u98de\u884c\u5458\u5355\u4eba\u57f9\u8bad<\/li>\n<li>\u5546\u4e1a\u6027\u7684Biplace\u8bd5\u70b9<\/li>\n<li>\u98de\u884c\u6559\u5458<\/li>\n<\/ul>\n\t\t\t\t\t\t\t\t<\/div>\n\t\t\t\t<\/div>\n\t\t\t\t\t<\/div>\n\t\t<\/div>\n\t\t\t\t<div class=\"elementor-column elementor-col-25 elementor-inner-column elementor-element elementor-element-76d12d1\" data-id=\"76d12d1\" data-element_type=\"column\" data-e-type=\"column\">\n\t\t\t<div class=\"elementor-widget-wrap elementor-element-populated\">\n\t\t\t\t\t\t<div class=\"elementor-element elementor-element-4e3558c elementor-position-top elementor-widget elementor-widget-image-box\" data-id=\"4e3558c\" data-element_type=\"widget\" data-e-type=\"widget\" data-widget_type=\"image-box.default\">\n\t\t\t\t<div class=\"elementor-widget-container\">\n\t\t\t\t\t<div class=\"elementor-image-box-wrapper\"><figure class=\"elementor-image-box-img\"><img loading=\"lazy\" decoding=\"async\" width=\"500\" height=\"500\" src=\"https:\/\/paragliding-luzern.ch\/wp-content\/uploads\/2022\/05\/Slavi.jpg\" class=\"attachment-full size-full wp-image-32732\" alt=\"Portraitfoto von Slavi.\" srcset=\"https:\/\/paragliding-luzern.ch\/wp-content\/uploads\/2022\/05\/Slavi.jpg 500w, https:\/\/paragliding-luzern.ch\/wp-content\/uploads\/2022\/05\/Slavi-300x300.jpg 300w, https:\/\/paragliding-luzern.ch\/wp-content\/uploads\/2022\/05\/Slavi-100x100.jpg 100w, https:\/\/paragliding-luzern.ch\/wp-content\/uploads\/2022\/05\/Slavi-150x150.jpg 150w\" sizes=\"(max-width: 500px) 100vw, 500px\" \/><\/figure><div class=\"elementor-image-box-content\"><h3 class=\"elementor-image-box-title\">Slavi<\/h3><p class=\"elementor-image-box-description\">BIPLACE\u98de\u884c\u5458\u548c\u98de\u884c\u6559\u5b98<\/p><\/div><\/div>\t\t\t\t<\/div>\n\t\t\t\t<\/div>\n\t\t\t\t<div class=\"elementor-element elementor-element-29a9b42 elementor-widget elementor-widget-text-editor\" data-id=\"29a9b42\" data-element_type=\"widget\" data-e-type=\"widget\" data-widget_type=\"text-editor.default\">\n\t\t\t\t<div class=\"elementor-widget-container\">\n\t\t\t\t\t\t\t\t\t<ul>\n<li>\u5355\u4eba\u6ed1\u7fd4\u4f1e\u98de\u884c\u5458<\/li>\n<li>\u5546\u4e1a\u6027\u7684Biplace\u8bd5\u70b9<\/li>\n<li>\u98de\u884c\u6559\u5b98<\/li>\n<\/ul>\n\t\t\t\t\t\t\t\t<\/div>\n\t\t\t\t<\/div>\n\t\t\t\t\t<\/div>\n\t\t<\/div>\n\t\t\t\t\t<\/div>\n\t\t<\/section>\n\t\t\t\t<section class=\"elementor-section elementor-inner-section elementor-element elementor-element-92eeb5c elementor-section-boxed elementor-section-height-default elementor-section-height-default\" data-id=\"92eeb5c\" data-element_type=\"section\" data-e-type=\"section\">\n\t\t\t\t\t\t<div class=\"elementor-container elementor-column-gap-default\">\n\t\t\t\t\t<div class=\"elementor-column elementor-col-25 elementor-inner-column elementor-element elementor-element-5b522d2\" data-id=\"5b522d2\" data-element_type=\"column\" data-e-type=\"column\">\n\t\t\t<div class=\"elementor-widget-wrap elementor-element-populated\">\n\t\t\t\t\t\t<div class=\"elementor-element elementor-element-5adf3eb elementor-position-top elementor-widget elementor-widget-image-box\" data-id=\"5adf3eb\" data-element_type=\"widget\" data-e-type=\"widget\" data-widget_type=\"image-box.default\">\n\t\t\t\t<div class=\"elementor-widget-container\">\n\t\t\t\t\t<div class=\"elementor-image-box-wrapper\"><figure class=\"elementor-image-box-img\"><img loading=\"lazy\" decoding=\"async\" width=\"500\" height=\"500\" src=\"https:\/\/paragliding-luzern.ch\/wp-content\/uploads\/2023\/04\/Emi-Topo-Coroa-1.jpg\" class=\"attachment-full size-full wp-image-41350\" alt=\"Ein Portraitfoto von Emi\" srcset=\"https:\/\/paragliding-luzern.ch\/wp-content\/uploads\/2023\/04\/Emi-Topo-Coroa-1.jpg 500w, https:\/\/paragliding-luzern.ch\/wp-content\/uploads\/2023\/04\/Emi-Topo-Coroa-1-300x300.jpg 300w, https:\/\/paragliding-luzern.ch\/wp-content\/uploads\/2023\/04\/Emi-Topo-Coroa-1-150x150.jpg 150w, https:\/\/paragliding-luzern.ch\/wp-content\/uploads\/2023\/04\/Emi-Topo-Coroa-1-100x100.jpg 100w\" sizes=\"(max-width: 500px) 100vw, 500px\" \/><\/figure><div class=\"elementor-image-box-content\"><h3 class=\"elementor-image-box-title\">Emi<\/h3><p class=\"elementor-image-box-description\">Biplacepilot und fluglehrer<\/p><\/div><\/div>\t\t\t\t<\/div>\n\t\t\t\t<\/div>\n\t\t\t\t<div class=\"elementor-element elementor-element-3e46027 elementor-widget elementor-widget-text-editor\" data-id=\"3e46027\" data-element_type=\"widget\" data-e-type=\"widget\" data-widget_type=\"text-editor.default\">\n\t\t\t\t<div class=\"elementor-widget-container\">\n\t\t\t\t\t\t\t\t\t<ul>\n<li>\u5355\u4eba\u6ed1\u7fd4\u4f1e\u98de\u884c\u5458\u3002<\/li>\n<li>\u5546\u4e1abiplace\u8bd5\u70b9\u3002<\/li>\n<li>\u98de\u884c\u6559\u5b98\u3002<\/li>\n<\/ul>\n\t\t\t\t\t\t\t\t<\/div>\n\t\t\t\t<\/div>\n\t\t\t\t\t<\/div>\n\t\t<\/div>\n\t\t\t\t<div class=\"elementor-column elementor-col-25 elementor-inner-column elementor-element elementor-element-a889b40\" data-id=\"a889b40\" data-element_type=\"column\" data-e-type=\"column\">\n\t\t\t<div class=\"elementor-widget-wrap elementor-element-populated\">\n\t\t\t\t\t\t<div class=\"elementor-element elementor-element-c67fb4f elementor-position-top elementor-widget elementor-widget-image-box\" data-id=\"c67fb4f\" data-element_type=\"widget\" data-e-type=\"widget\" data-widget_type=\"image-box.default\">\n\t\t\t\t<div class=\"elementor-widget-container\">\n\t\t\t\t\t<div class=\"elementor-image-box-wrapper\"><figure class=\"elementor-image-box-img\"><img loading=\"lazy\" decoding=\"async\" width=\"500\" height=\"500\" src=\"https:\/\/paragliding-luzern.ch\/wp-content\/uploads\/2023\/03\/Alexandros.jpg\" class=\"attachment-full size-full wp-image-40723\" alt=\"Ein Portraitfoto von Alexandros\" srcset=\"https:\/\/paragliding-luzern.ch\/wp-content\/uploads\/2023\/03\/Alexandros.jpg 500w, https:\/\/paragliding-luzern.ch\/wp-content\/uploads\/2023\/03\/Alexandros-300x300.jpg 300w, https:\/\/paragliding-luzern.ch\/wp-content\/uploads\/2023\/03\/Alexandros-150x150.jpg 150w, https:\/\/paragliding-luzern.ch\/wp-content\/uploads\/2023\/03\/Alexandros-100x100.jpg 100w\" sizes=\"(max-width: 500px) 100vw, 500px\" \/><\/figure><div class=\"elementor-image-box-content\"><h3 class=\"elementor-image-box-title\">Alexandros<\/h3><p class=\"elementor-image-box-description\">\u4e1a\u52a1\u63a7\u5236\/\u5ba2\u6237\u5173\u6000<\/p><\/div><\/div>\t\t\t\t<\/div>\n\t\t\t\t<\/div>\n\t\t\t\t<div class=\"elementor-element elementor-element-57d5f27 elementor-widget elementor-widget-text-editor\" data-id=\"57d5f27\" data-element_type=\"widget\" data-e-type=\"widget\" data-widget_type=\"text-editor.default\">\n\t\t\t\t<div class=\"elementor-widget-container\">\n\t\t\t\t\t\t\t\t\t<ul>\n<li>\u7ba1\u7406\u5458<\/li>\n<\/ul>\n\t\t\t\t\t\t\t\t<\/div>\n\t\t\t\t<\/div>\n\t\t\t\t\t<\/div>\n\t\t<\/div>\n\t\t\t\t<div class=\"elementor-column elementor-col-25 elementor-inner-column elementor-element elementor-element-b1f11c4\" data-id=\"b1f11c4\" data-element_type=\"column\" data-e-type=\"column\">\n\t\t\t<div class=\"elementor-widget-wrap elementor-element-populated\">\n\t\t\t\t\t\t<div class=\"elementor-element elementor-element-df776a7 elementor-position-top elementor-widget elementor-widget-image-box\" data-id=\"df776a7\" data-element_type=\"widget\" data-e-type=\"widget\" data-widget_type=\"image-box.default\">\n\t\t\t\t<div class=\"elementor-widget-container\">\n\t\t\t\t\t<div class=\"elementor-image-box-wrapper\"><figure class=\"elementor-image-box-img\"><img loading=\"lazy\" decoding=\"async\" width=\"500\" height=\"500\" src=\"https:\/\/paragliding-luzern.ch\/wp-content\/uploads\/2022\/05\/Vanessa-Konstandakis.jpg\" class=\"attachment-full size-full wp-image-32758\" alt=\"Eine Frau mit Helm und Schutzbrille steht vor einem Berg.\" srcset=\"https:\/\/paragliding-luzern.ch\/wp-content\/uploads\/2022\/05\/Vanessa-Konstandakis.jpg 500w, https:\/\/paragliding-luzern.ch\/wp-content\/uploads\/2022\/05\/Vanessa-Konstandakis-300x300.jpg 300w, https:\/\/paragliding-luzern.ch\/wp-content\/uploads\/2022\/05\/Vanessa-Konstandakis-100x100.jpg 100w, https:\/\/paragliding-luzern.ch\/wp-content\/uploads\/2022\/05\/Vanessa-Konstandakis-150x150.jpg 150w\" sizes=\"(max-width: 500px) 100vw, 500px\" \/><\/figure><div class=\"elementor-image-box-content\"><h3 class=\"elementor-image-box-title\">Vanessa<\/h3><p class=\"elementor-image-box-description\">\u7ba1\u7406\u5458\/\u517c\u804c\u5de5\u4f5c<\/p><\/div><\/div>\t\t\t\t<\/div>\n\t\t\t\t<\/div>\n\t\t\t\t<div class=\"elementor-element elementor-element-0a3bd8c elementor-widget elementor-widget-text-editor\" data-id=\"0a3bd8c\" data-element_type=\"widget\" data-e-type=\"widget\" data-widget_type=\"text-editor.default\">\n\t\t\t\t<div class=\"elementor-widget-container\">\n\t\t\t\t\t\t\t\t\t<ul>\n<li>\u7ba1\u7406\u5458\/\u517c\u804c\u5de5\u4f5c<\/li>\n<\/ul>\n\t\t\t\t\t\t\t\t<\/div>\n\t\t\t\t<\/div>\n\t\t\t\t\t<\/div>\n\t\t<\/div>\n\t\t\t\t<div class=\"elementor-column elementor-col-25 elementor-inner-column elementor-element elementor-element-c9794a3\" data-id=\"c9794a3\" data-element_type=\"column\" data-e-type=\"column\">\n\t\t\t<div class=\"elementor-widget-wrap elementor-element-populated\">\n\t\t\t\t\t\t<div class=\"elementor-element elementor-element-4340490 elementor-position-top elementor-widget elementor-widget-image-box\" data-id=\"4340490\" data-element_type=\"widget\" data-e-type=\"widget\" data-widget_type=\"image-box.default\">\n\t\t\t\t<div class=\"elementor-widget-container\">\n\t\t\t\t\t<div class=\"elementor-image-box-wrapper\"><figure class=\"elementor-image-box-img\"><img loading=\"lazy\" decoding=\"async\" width=\"500\" height=\"500\" src=\"https:\/\/paragliding-luzern.ch\/wp-content\/uploads\/2023\/05\/IMG_3562-6-e1726643755506.jpg\" class=\"attachment-full size-full wp-image-46082\" alt=\"Team Gleitschirm Fl\u00fcge Luzern \/ Paragliding Lucerne\" srcset=\"https:\/\/paragliding-luzern.ch\/wp-content\/uploads\/2023\/05\/IMG_3562-6-e1726643755506.jpg 500w, https:\/\/paragliding-luzern.ch\/wp-content\/uploads\/2023\/05\/IMG_3562-6-e1726643755506-300x300.jpg 300w, https:\/\/paragliding-luzern.ch\/wp-content\/uploads\/2023\/05\/IMG_3562-6-e1726643755506-150x150.jpg 150w, https:\/\/paragliding-luzern.ch\/wp-content\/uploads\/2023\/05\/elementor\/thumbs\/IMG_3562-6-e1726643755506-qua22pdrbcfreizapv5m9f9j0uol8gfsr8jabk9omg.jpg 100w, https:\/\/paragliding-luzern.ch\/wp-content\/uploads\/2023\/05\/elementor\/thumbs\/IMG_3562-6-e1726643755506-150x150.jpg 750w, https:\/\/paragliding-luzern.ch\/wp-content\/uploads\/2023\/05\/elementor\/thumbs\/IMG_3562-6-e1726643755506-150x150.jpg 1000w, https:\/\/paragliding-luzern.ch\/wp-content\/uploads\/2023\/05\/elementor\/thumbs\/IMG_3562-6-e1726643755506-qua22pdt54metj7wc8gdfjj2kv01839dkxf1jnzio4.jpg 250w\" sizes=\"(max-width: 500px) 100vw, 500px\" \/><\/figure><div class=\"elementor-image-box-content\"><h3 class=\"elementor-image-box-title\">Graziella<\/h3><p class=\"elementor-image-box-description\">\u529e\u516c\u5ba4\u7ba1\u7406\u5458\/\u517c\u804c\u5de5\u4f5c<\/p><\/div><\/div>\t\t\t\t<\/div>\n\t\t\t\t<\/div>\n\t\t\t\t<div class=\"elementor-element elementor-element-a12f6a5 elementor-widget elementor-widget-text-editor\" data-id=\"a12f6a5\" data-element_type=\"widget\" data-e-type=\"widget\" data-widget_type=\"text-editor.default\">\n\t\t\t\t<div class=\"elementor-widget-container\">\n\t\t\t\t\t\t\t\t\t<ul>\n<li>\u7ba1\u7406\u5458\/\u517c\u804c\u5de5\u4f5c<\/li>\n<\/ul>\n\t\t\t\t\t\t\t\t<\/div>\n\t\t\t\t<\/div>\n\t\t\t\t\t<\/div>\n\t\t<\/div>\n\t\t\t\t\t<\/div>\n\t\t<\/section>\n\t\t\t\t\t<\/div>\n\t\t<\/div>\n\t\t\t\t\t<\/div>\n\t\t<\/section>\n\t\t\t\t<\/div>\n\t\t","protected":false},"excerpt":{"rendered":"<p>\u6211\u4eec\u7684\u56e2\u961f \u5728\u5362\u585e\u6069\u6ed1\u7fd4\u4f1e\u4ff1\u4e50\u90e8\uff0c\u4f60\u53ea\u80fd\u548c\u4e13\u4e1a\u4eba\u58eb\u4e00\u8d77\u98de\u884c\u3002\u6211\u4eec\u7684\u56e2\u961f\u7531\u5168\u804c\u53c2\u4e0e\u6ed1\u7fd4\u4f1e\u8fd0\u52a8\u7684\u4e13\u4e1a\u98de\u884c\u5458\u7ec4\u6210\u3002\u6240\u6709\u4e32\u8054\u98de\u884c\u5458\u90fd\u6709\u745e\u58eb\u8054\u90a6\u6c11\u822a\u5c40\uff08BAZL\uff09\u7684\u5fc5\u8981\u57f9\u8bad\u548c\u8fdb\u4fee\u3002 Zacharias \u5362\u585e\u6069\u6ed1\u7fd4\u4f1e\u7684\u6240\u6709\u8005\u548c\u521b\u59cb\u4eba\u3002\u53cc\u4eba\u98de\u884c\u5458&#8211;\u98de\u884c\u6559\u7ec3 \u81ea1988\u5e74\u4ee5\u6765\u7684\u6ed1\u7fd4\u4f1e\u98de\u884c\u5458\u5355\u98de\u57f9\u8bad \u81ea1994\u5e74\u4ee5\u6765\u7684\u5546\u4e1a\u53cc\u8231\u98de\u884c\u5458\u57f9\u8bad \u81ea1994\u5e74\u4ee5\u6765\u7684\u98de\u884c\u6559\u5458\u57f9\u8bad Marius Biplacepilot \u5355\u4eba\u6ed1\u7fd4\u4f1e\u98de\u884c\u5458 \u5546\u4e1a\u6027\u7684Biplace\u8bd5\u70b9 Othmar Biplace\u98de\u884c\u5458\u548c\u98de\u884c\u6559\u5b98 \u81ea1989\u5e74\u4ee5\u6765\uff0c\u4e00\u76f4\u4ece\u4e8b\u6ed1\u7fd4\u4f1e\u98de\u884c\u5458\u57f9\u8bad\u3002 \u81ea1992\u5e74\u4ee5\u6765\uff0c\u6211\u4eec\u4e00\u76f4\u5728\u8fdb\u884c\u5546\u4e1a\u98de\u884c\u5668\u7684\u57f9\u8bad\u3002 \u81ea2002\u5e74\u4ee5\u6765\u7684\u98de\u884c\u6559\u5458\u57f9\u8bad Bruno Biplace\u98de\u884c\u5458\u6ed1\u7fd4\u4f1e\u548c\u4e09\u89d2\u6d32\u3002 \u81ea1986\u5e74\u4ee5\u6765\uff0c\u4e00\u76f4\u4ece\u4e8b\u4e09\u89d2\u6d32\u98de\u884c\u5458\u7684\u5355\u72ec\u57f9\u8bad\u3002 \u81ea1987\u5e74\u8d77\u62c5\u4efb\u6ed1\u7fd4\u4f1e\u5355\u4eba\u98de\u884c\u5458\u3002 [&hellip;]<\/p>\n","protected":false},"author":3,"featured_media":0,"parent":0,"menu_order":0,"comment_status":"closed","ping_status":"closed","template":"","meta":{"_uag_custom_page_level_css":"","site-sidebar-layout":"no-sidebar","site-content-layout":"page-builder","ast-site-content-layout":"default","site-content-style":"default","site-sidebar-style":"default","ast-global-header-display":"","ast-banner-title-visibility":"","ast-main-header-display":"","ast-hfb-above-header-display":"","ast-hfb-below-header-display":"","ast-hfb-mobile-header-display":"","site-post-title":"disabled","ast-breadcrumbs-content":"","ast-featured-img":"disabled","footer-sml-layout":"","theme-transparent-header-meta":"","adv-header-id-meta":"","stick-header-meta":"","header-above-stick-meta":"","header-main-stick-meta":"","header-below-stick-meta":"","astra-migrate-meta-layouts":"default","ast-page-background-enabled":"default","ast-page-background-meta":{"desktop":{"background-color":"var(--ast-global-color-4)","background-image":"","background-repeat":"repeat","background-position":"center center","background-size":"auto","background-attachment":"scroll","background-type":"","background-media":"","overlay-type":"","overlay-color":"","overlay-opacity":"","overlay-gradient":""},"tablet":{"background-color":"","background-image":"","background-repeat":"repeat","background-position":"center center","background-size":"auto","background-attachment":"scroll","background-type":"","background-media":"","overlay-type":"","overlay-color":"","overlay-opacity":"","overlay-gradient":""},"mobile":{"background-color":"","background-image":"","background-repeat":"repeat","background-position":"center center","background-size":"auto","background-attachment":"scroll","background-type":"","background-media":"","overlay-type":"","overlay-color":"","overlay-opacity":"","overlay-gradient":""}},"ast-content-background-meta":{"desktop":{"background-color":"var(--ast-global-color-5)","background-image":"","background-repeat":"repeat","background-position":"center center","background-size":"auto","background-attachment":"scroll","background-type":"","background-media":"","overlay-type":"","overlay-color":"","overlay-opacity":"","overlay-gradient":""},"tablet":{"background-color":"var(--ast-global-color-5)","background-image":"","background-repeat":"repeat","background-position":"center center","background-size":"auto","background-attachment":"scroll","background-type":"","background-media":"","overlay-type":"","overlay-color":"","overlay-opacity":"","overlay-gradient":""},"mobile":{"background-color":"var(--ast-global-color-5)","background-image":"","background-repeat":"repeat","background-position":"center center","background-size":"auto","background-attachment":"scroll","background-type":"","background-media":"","overlay-type":"","overlay-color":"","overlay-opacity":"","overlay-gradient":""}},"footnotes":""},"class_list":["post-36466","page","type-page","status-publish","hentry"],"yoast_head":"<!-- This site is optimized with the Yoast SEO plugin v27.0 - https:\/\/yoast.com\/product\/yoast-seo-wordpress\/ -->\n<title>\u6211\u4eec\u7684\u56e2\u961f - Paragliding Luzern<\/title>\n<meta name=\"description\" content=\"\u5362\u585e\u6069\u7684\u6ed1\u7fd4\u4f1e\u56e2\u961f\u7531\u62e5\u6709\u591a\u5e74\u7ecf\u9a8c\u7684\u4e13\u4e1a\u98de\u884c\u5458\u7ec4\u6210\u3002\u6211\u4eec\u6bcf\u4e2a\u4eba\u90fd\u5206\u4eab\u7740\u5bf9\u98de\u884c\u7684\u70ed\u60c5\u3002\" \/>\n<meta name=\"robots\" content=\"index, follow, max-snippet:-1, max-image-preview:large, max-video-preview:-1\" \/>\n<link rel=\"canonical\" href=\"https:\/\/paragliding-luzern.ch\/zh-hans\/%e6%88%91%e4%bb%ac%e7%9a%84%e5%9b%a2%e9%98%9f\/\" \/>\n<meta property=\"og:locale\" content=\"en_US\" \/>\n<meta property=\"og:type\" content=\"article\" \/>\n<meta property=\"og:title\" content=\"\u6211\u4eec\u7684\u56e2\u961f - Paragliding Luzern\" \/>\n<meta property=\"og:description\" content=\"\u5362\u585e\u6069\u7684\u6ed1\u7fd4\u4f1e\u56e2\u961f\u7531\u62e5\u6709\u591a\u5e74\u7ecf\u9a8c\u7684\u4e13\u4e1a\u98de\u884c\u5458\u7ec4\u6210\u3002\u6211\u4eec\u6bcf\u4e2a\u4eba\u90fd\u5206\u4eab\u7740\u5bf9\u98de\u884c\u7684\u70ed\u60c5\u3002\" \/>\n<meta property=\"og:url\" content=\"https:\/\/paragliding-luzern.ch\/zh-hans\/%e6%88%91%e4%bb%ac%e7%9a%84%e5%9b%a2%e9%98%9f\/\" \/>\n<meta property=\"og:site_name\" content=\"Paragliding Luzern\" \/>\n<meta property=\"article:publisher\" content=\"https:\/\/www.facebook.com\/paragliding.lucerne\" \/>\n<meta property=\"article:modified_time\" content=\"2023-08-24T04:37:08+00:00\" \/>\n<meta property=\"og:image\" content=\"https:\/\/paragliding-luzern.ch\/wp-content\/uploads\/2022\/05\/Zacharias-Konstandakis-1.jpg\" \/>\n<meta name=\"twitter:card\" content=\"summary_large_image\" \/>\n<meta name=\"twitter:label1\" content=\"Est. reading time\" \/>\n\t<meta name=\"twitter:data1\" content=\"4 minutes\" \/>\n<script type=\"application\/ld+json\" class=\"yoast-schema-graph\">{\"@context\":\"https:\/\/schema.org\",\"@graph\":[{\"@type\":\"WebPage\",\"@id\":\"https:\/\/paragliding-luzern.ch\/zh-hans\/%e6%88%91%e4%bb%ac%e7%9a%84%e5%9b%a2%e9%98%9f\/\",\"url\":\"https:\/\/paragliding-luzern.ch\/zh-hans\/%e6%88%91%e4%bb%ac%e7%9a%84%e5%9b%a2%e9%98%9f\/\",\"name\":\"\u6211\u4eec\u7684\u56e2\u961f - Paragliding Luzern\",\"isPartOf\":{\"@id\":\"https:\/\/paragliding-luzern.ch\/zh-hans\/#website\"},\"primaryImageOfPage\":{\"@id\":\"https:\/\/paragliding-luzern.ch\/zh-hans\/%e6%88%91%e4%bb%ac%e7%9a%84%e5%9b%a2%e9%98%9f\/#primaryimage\"},\"image\":{\"@id\":\"https:\/\/paragliding-luzern.ch\/zh-hans\/%e6%88%91%e4%bb%ac%e7%9a%84%e5%9b%a2%e9%98%9f\/#primaryimage\"},\"thumbnailUrl\":\"https:\/\/paragliding-luzern.ch\/wp-content\/uploads\/2022\/05\/Zacharias-Konstandakis-1.jpg\",\"datePublished\":\"2022-04-07T08:34:10+00:00\",\"dateModified\":\"2023-08-24T04:37:08+00:00\",\"description\":\"\u5362\u585e\u6069\u7684\u6ed1\u7fd4\u4f1e\u56e2\u961f\u7531\u62e5\u6709\u591a\u5e74\u7ecf\u9a8c\u7684\u4e13\u4e1a\u98de\u884c\u5458\u7ec4\u6210\u3002\u6211\u4eec\u6bcf\u4e2a\u4eba\u90fd\u5206\u4eab\u7740\u5bf9\u98de\u884c\u7684\u70ed\u60c5\u3002\",\"breadcrumb\":{\"@id\":\"https:\/\/paragliding-luzern.ch\/zh-hans\/%e6%88%91%e4%bb%ac%e7%9a%84%e5%9b%a2%e9%98%9f\/#breadcrumb\"},\"inLanguage\":\"zh-CN-\",\"potentialAction\":[{\"@type\":\"ReadAction\",\"target\":[\"https:\/\/paragliding-luzern.ch\/zh-hans\/%e6%88%91%e4%bb%ac%e7%9a%84%e5%9b%a2%e9%98%9f\/\"]}]},{\"@type\":\"ImageObject\",\"inLanguage\":\"zh-CN-\",\"@id\":\"https:\/\/paragliding-luzern.ch\/zh-hans\/%e6%88%91%e4%bb%ac%e7%9a%84%e5%9b%a2%e9%98%9f\/#primaryimage\",\"url\":\"https:\/\/paragliding-luzern.ch\/wp-content\/uploads\/2022\/05\/Zacharias-Konstandakis-1.jpg\",\"contentUrl\":\"https:\/\/paragliding-luzern.ch\/wp-content\/uploads\/2022\/05\/Zacharias-Konstandakis-1.jpg\"},{\"@type\":\"BreadcrumbList\",\"@id\":\"https:\/\/paragliding-luzern.ch\/zh-hans\/%e6%88%91%e4%bb%ac%e7%9a%84%e5%9b%a2%e9%98%9f\/#breadcrumb\",\"itemListElement\":[{\"@type\":\"ListItem\",\"position\":1,\"name\":\"\u5bb6\",\"item\":\"https:\/\/paragliding-luzern.ch\/zh-hans\/\"},{\"@type\":\"ListItem\",\"position\":2,\"name\":\"\u6211\u4eec\u7684\u56e2\u961f\"}]},{\"@type\":\"WebSite\",\"@id\":\"https:\/\/paragliding-luzern.ch\/zh-hans\/#website\",\"url\":\"https:\/\/paragliding-luzern.ch\/zh-hans\/\",\"name\":\"Paragliding Luzern\",\"description\":\"Gleitschirm Tandemfl\u00fcge in der Zentralschweiz\",\"publisher\":{\"@id\":\"https:\/\/paragliding-luzern.ch\/zh-hans\/#organization\"},\"potentialAction\":[{\"@type\":\"SearchAction\",\"target\":{\"@type\":\"EntryPoint\",\"urlTemplate\":\"https:\/\/paragliding-luzern.ch\/zh-hans\/?s={search_term_string}\"},\"query-input\":{\"@type\":\"PropertyValueSpecification\",\"valueRequired\":true,\"valueName\":\"search_term_string\"}}],\"inLanguage\":\"zh-CN-\"},{\"@type\":\"Organization\",\"@id\":\"https:\/\/paragliding-luzern.ch\/zh-hans\/#organization\",\"name\":\"Paragliding Luzern\",\"url\":\"https:\/\/paragliding-luzern.ch\/zh-hans\/\",\"logo\":{\"@type\":\"ImageObject\",\"inLanguage\":\"zh-CN-\",\"@id\":\"https:\/\/paragliding-luzern.ch\/zh-hans\/#\/schema\/logo\/image\/\",\"url\":\"https:\/\/paragliding-luzern.ch\/wp-content\/uploads\/2024\/06\/Logo-Paragliding-Luzern-scaled.png\",\"contentUrl\":\"https:\/\/paragliding-luzern.ch\/wp-content\/uploads\/2024\/06\/Logo-Paragliding-Luzern-scaled.png\",\"width\":3593,\"height\":1803,\"caption\":\"Paragliding Luzern\"},\"image\":{\"@id\":\"https:\/\/paragliding-luzern.ch\/zh-hans\/#\/schema\/logo\/image\/\"},\"sameAs\":[\"https:\/\/www.facebook.com\/paragliding.lucerne\",\"https:\/\/www.instagram.com\/paraglidinglucerne\/\",\"https:\/\/www.tripadvisor.de\/Attraction_Review-g1124758-d2150976-Reviews-Paragliding_Luzern-Kriens_Lucerne.html\",\"https:\/\/www.youtube.com\/channel\/UChN0JGy7XLbp1nczp5ZV9qQ\"]}]}<\/script>\n<!-- \/ Yoast SEO plugin. -->","yoast_head_json":{"title":"\u6211\u4eec\u7684\u56e2\u961f - Paragliding Luzern","description":"\u5362\u585e\u6069\u7684\u6ed1\u7fd4\u4f1e\u56e2\u961f\u7531\u62e5\u6709\u591a\u5e74\u7ecf\u9a8c\u7684\u4e13\u4e1a\u98de\u884c\u5458\u7ec4\u6210\u3002\u6211\u4eec\u6bcf\u4e2a\u4eba\u90fd\u5206\u4eab\u7740\u5bf9\u98de\u884c\u7684\u70ed\u60c5\u3002","robots":{"index":"index","follow":"follow","max-snippet":"max-snippet:-1","max-image-preview":"max-image-preview:large","max-video-preview":"max-video-preview:-1"},"canonical":"https:\/\/paragliding-luzern.ch\/zh-hans\/%e6%88%91%e4%bb%ac%e7%9a%84%e5%9b%a2%e9%98%9f\/","og_locale":"en_US","og_type":"article","og_title":"\u6211\u4eec\u7684\u56e2\u961f - Paragliding Luzern","og_description":"\u5362\u585e\u6069\u7684\u6ed1\u7fd4\u4f1e\u56e2\u961f\u7531\u62e5\u6709\u591a\u5e74\u7ecf\u9a8c\u7684\u4e13\u4e1a\u98de\u884c\u5458\u7ec4\u6210\u3002\u6211\u4eec\u6bcf\u4e2a\u4eba\u90fd\u5206\u4eab\u7740\u5bf9\u98de\u884c\u7684\u70ed\u60c5\u3002","og_url":"https:\/\/paragliding-luzern.ch\/zh-hans\/%e6%88%91%e4%bb%ac%e7%9a%84%e5%9b%a2%e9%98%9f\/","og_site_name":"Paragliding Luzern","article_publisher":"https:\/\/www.facebook.com\/paragliding.lucerne","article_modified_time":"2023-08-24T04:37:08+00:00","og_image":[{"url":"https:\/\/paragliding-luzern.ch\/wp-content\/uploads\/2022\/05\/Zacharias-Konstandakis-1.jpg","type":"","width":"","height":""}],"twitter_card":"summary_large_image","twitter_misc":{"Est. reading time":"4 minutes"},"schema":{"@context":"https:\/\/schema.org","@graph":[{"@type":"WebPage","@id":"https:\/\/paragliding-luzern.ch\/zh-hans\/%e6%88%91%e4%bb%ac%e7%9a%84%e5%9b%a2%e9%98%9f\/","url":"https:\/\/paragliding-luzern.ch\/zh-hans\/%e6%88%91%e4%bb%ac%e7%9a%84%e5%9b%a2%e9%98%9f\/","name":"\u6211\u4eec\u7684\u56e2\u961f - Paragliding Luzern","isPartOf":{"@id":"https:\/\/paragliding-luzern.ch\/zh-hans\/#website"},"primaryImageOfPage":{"@id":"https:\/\/paragliding-luzern.ch\/zh-hans\/%e6%88%91%e4%bb%ac%e7%9a%84%e5%9b%a2%e9%98%9f\/#primaryimage"},"image":{"@id":"https:\/\/paragliding-luzern.ch\/zh-hans\/%e6%88%91%e4%bb%ac%e7%9a%84%e5%9b%a2%e9%98%9f\/#primaryimage"},"thumbnailUrl":"https:\/\/paragliding-luzern.ch\/wp-content\/uploads\/2022\/05\/Zacharias-Konstandakis-1.jpg","datePublished":"2022-04-07T08:34:10+00:00","dateModified":"2023-08-24T04:37:08+00:00","description":"\u5362\u585e\u6069\u7684\u6ed1\u7fd4\u4f1e\u56e2\u961f\u7531\u62e5\u6709\u591a\u5e74\u7ecf\u9a8c\u7684\u4e13\u4e1a\u98de\u884c\u5458\u7ec4\u6210\u3002\u6211\u4eec\u6bcf\u4e2a\u4eba\u90fd\u5206\u4eab\u7740\u5bf9\u98de\u884c\u7684\u70ed\u60c5\u3002","breadcrumb":{"@id":"https:\/\/paragliding-luzern.ch\/zh-hans\/%e6%88%91%e4%bb%ac%e7%9a%84%e5%9b%a2%e9%98%9f\/#breadcrumb"},"inLanguage":"zh-CN-","potentialAction":[{"@type":"ReadAction","target":["https:\/\/paragliding-luzern.ch\/zh-hans\/%e6%88%91%e4%bb%ac%e7%9a%84%e5%9b%a2%e9%98%9f\/"]}]},{"@type":"ImageObject","inLanguage":"zh-CN-","@id":"https:\/\/paragliding-luzern.ch\/zh-hans\/%e6%88%91%e4%bb%ac%e7%9a%84%e5%9b%a2%e9%98%9f\/#primaryimage","url":"https:\/\/paragliding-luzern.ch\/wp-content\/uploads\/2022\/05\/Zacharias-Konstandakis-1.jpg","contentUrl":"https:\/\/paragliding-luzern.ch\/wp-content\/uploads\/2022\/05\/Zacharias-Konstandakis-1.jpg"},{"@type":"BreadcrumbList","@id":"https:\/\/paragliding-luzern.ch\/zh-hans\/%e6%88%91%e4%bb%ac%e7%9a%84%e5%9b%a2%e9%98%9f\/#breadcrumb","itemListElement":[{"@type":"ListItem","position":1,"name":"\u5bb6","item":"https:\/\/paragliding-luzern.ch\/zh-hans\/"},{"@type":"ListItem","position":2,"name":"\u6211\u4eec\u7684\u56e2\u961f"}]},{"@type":"WebSite","@id":"https:\/\/paragliding-luzern.ch\/zh-hans\/#website","url":"https:\/\/paragliding-luzern.ch\/zh-hans\/","name":"Paragliding Luzern","description":"Gleitschirm Tandemfl\u00fcge in der Zentralschweiz","publisher":{"@id":"https:\/\/paragliding-luzern.ch\/zh-hans\/#organization"},"potentialAction":[{"@type":"SearchAction","target":{"@type":"EntryPoint","urlTemplate":"https:\/\/paragliding-luzern.ch\/zh-hans\/?s={search_term_string}"},"query-input":{"@type":"PropertyValueSpecification","valueRequired":true,"valueName":"search_term_string"}}],"inLanguage":"zh-CN-"},{"@type":"Organization","@id":"https:\/\/paragliding-luzern.ch\/zh-hans\/#organization","name":"Paragliding Luzern","url":"https:\/\/paragliding-luzern.ch\/zh-hans\/","logo":{"@type":"ImageObject","inLanguage":"zh-CN-","@id":"https:\/\/paragliding-luzern.ch\/zh-hans\/#\/schema\/logo\/image\/","url":"https:\/\/paragliding-luzern.ch\/wp-content\/uploads\/2024\/06\/Logo-Paragliding-Luzern-scaled.png","contentUrl":"https:\/\/paragliding-luzern.ch\/wp-content\/uploads\/2024\/06\/Logo-Paragliding-Luzern-scaled.png","width":3593,"height":1803,"caption":"Paragliding Luzern"},"image":{"@id":"https:\/\/paragliding-luzern.ch\/zh-hans\/#\/schema\/logo\/image\/"},"sameAs":["https:\/\/www.facebook.com\/paragliding.lucerne","https:\/\/www.instagram.com\/paraglidinglucerne\/","https:\/\/www.tripadvisor.de\/Attraction_Review-g1124758-d2150976-Reviews-Paragliding_Luzern-Kriens_Lucerne.html","https:\/\/www.youtube.com\/channel\/UChN0JGy7XLbp1nczp5ZV9qQ"]}]}},"uagb_featured_image_src":{"full":false,"thumbnail":false,"medium":false,"medium_large":false,"large":false,"1536x1536":false,"2048x2048":false,"woocommerce_thumbnail":false,"woocommerce_single":false,"woocommerce_gallery_thumbnail":false},"uagb_author_info":{"display_name":"Zacharias Konstandakis","author_link":"https:\/\/paragliding-luzern.ch\/zh-hans\/author\/zacharias\/"},"uagb_comment_info":0,"uagb_excerpt":"\u6211\u4eec\u7684\u56e2\u961f \u5728\u5362\u585e\u6069\u6ed1\u7fd4\u4f1e\u4ff1\u4e50\u90e8\uff0c\u4f60\u53ea\u80fd\u548c\u4e13\u4e1a\u4eba\u58eb\u4e00\u8d77\u98de\u884c\u3002\u6211\u4eec\u7684\u56e2\u961f\u7531\u5168\u804c\u53c2\u4e0e\u6ed1\u7fd4\u4f1e\u8fd0\u52a8\u7684\u4e13\u4e1a\u98de\u884c\u5458\u7ec4\u6210\u3002\u6240\u6709\u4e32\u8054\u98de\u884c\u5458\u90fd\u6709\u745e\u58eb\u8054\u90a6\u6c11\u822a\u5c40\uff08BAZL\uff09\u7684\u5fc5\u8981\u57f9\u8bad\u548c\u8fdb\u4fee\u3002 Zacharias \u5362\u585e\u6069\u6ed1\u7fd4\u4f1e\u7684\u6240\u6709\u8005\u548c\u521b\u59cb\u4eba\u3002\u53cc\u4eba\u98de\u884c\u5458&#8211;\u98de\u884c\u6559\u7ec3 \u81ea1988\u5e74\u4ee5\u6765\u7684\u6ed1\u7fd4\u4f1e\u98de\u884c\u5458\u5355\u98de\u57f9\u8bad \u81ea1994\u5e74\u4ee5\u6765\u7684\u5546\u4e1a\u53cc\u8231\u98de\u884c\u5458\u57f9\u8bad \u81ea1994\u5e74\u4ee5\u6765\u7684\u98de\u884c\u6559\u5458\u57f9\u8bad Marius Biplacepilot \u5355\u4eba\u6ed1\u7fd4\u4f1e\u98de\u884c\u5458 \u5546\u4e1a\u6027\u7684Biplace\u8bd5\u70b9 Othmar Biplace\u98de\u884c\u5458\u548c\u98de\u884c\u6559\u5b98 \u81ea1989\u5e74\u4ee5\u6765\uff0c\u4e00\u76f4\u4ece\u4e8b\u6ed1\u7fd4\u4f1e\u98de\u884c\u5458\u57f9\u8bad\u3002 \u81ea1992\u5e74\u4ee5\u6765\uff0c\u6211\u4eec\u4e00\u76f4\u5728\u8fdb\u884c\u5546\u4e1a\u98de\u884c\u5668\u7684\u57f9\u8bad\u3002 \u81ea2002\u5e74\u4ee5\u6765\u7684\u98de\u884c\u6559\u5458\u57f9\u8bad Bruno Biplace\u98de\u884c\u5458\u6ed1\u7fd4\u4f1e\u548c\u4e09\u89d2\u6d32\u3002 \u81ea1986\u5e74\u4ee5\u6765\uff0c\u4e00\u76f4\u4ece\u4e8b\u4e09\u89d2\u6d32\u98de\u884c\u5458\u7684\u5355\u72ec\u57f9\u8bad\u3002 \u81ea1987\u5e74\u8d77\u62c5\u4efb\u6ed1\u7fd4\u4f1e\u5355\u4eba\u98de\u884c\u5458\u3002 [&hellip;]","_links":{"self":[{"href":"https:\/\/paragliding-luzern.ch\/zh-hans\/wp-json\/wp\/v2\/pages\/36466","targetHints":{"allow":["GET"]}}],"collection":[{"href":"https:\/\/paragliding-luzern.ch\/zh-hans\/wp-json\/wp\/v2\/pages"}],"about":[{"href":"https:\/\/paragliding-luzern.ch\/zh-hans\/wp-json\/wp\/v2\/types\/page"}],"author":[{"embeddable":true,"href":"https:\/\/paragliding-luzern.ch\/zh-hans\/wp-json\/wp\/v2\/users\/3"}],"replies":[{"embeddable":true,"href":"https:\/\/paragliding-luzern.ch\/zh-hans\/wp-json\/wp\/v2\/comments?post=36466"}],"version-history":[{"count":0,"href":"https:\/\/paragliding-luzern.ch\/zh-hans\/wp-json\/wp\/v2\/pages\/36466\/revisions"}],"wp:attachment":[{"href":"https:\/\/paragliding-luzern.ch\/zh-hans\/wp-json\/wp\/v2\/media?parent=36466"}],"curies":[{"name":"wp","href":"https:\/\/api.w.org\/{rel}","templated":true}]}}