{"id":36435,"date":"2022-04-07T11:02:04","date_gmt":"2022-04-07T11:02:04","guid":{"rendered":"https:\/\/paragliding-luzern.ch\/bueelen-engelbergertal\/"},"modified":"2023-10-25T14:44:35","modified_gmt":"2023-10-25T14:44:35","slug":"bueelen-engelbergertal","status":"publish","type":"page","link":"https:\/\/paragliding-luzern.ch\/zh-hans\/bueelen-engelbergertal\/","title":{"rendered":"B\u00fcelen &#8211; Engelbergertal"},"content":{"rendered":"\t\t<div data-elementor-type=\"wp-page\" data-elementor-id=\"36435\" class=\"elementor elementor-36435 elementor-30266\" data-elementor-post-type=\"page\">\n\t\t\t\t\t\t<section class=\"elementor-section elementor-top-section elementor-element elementor-element-29947d53 elementor-section-height-min-height elementor-section-boxed elementor-section-height-default elementor-section-items-middle\" data-id=\"29947d53\" data-element_type=\"section\" data-e-type=\"section\">\n\t\t\t\t\t\t<div class=\"elementor-container elementor-column-gap-default\">\n\t\t\t\t\t<div class=\"elementor-column elementor-col-100 elementor-top-column elementor-element elementor-element-1c66d2c4\" data-id=\"1c66d2c4\" data-element_type=\"column\" data-e-type=\"column\">\n\t\t\t<div class=\"elementor-widget-wrap elementor-element-populated\">\n\t\t\t\t\t\t<section class=\"elementor-section elementor-inner-section elementor-element elementor-element-508788de elementor-section-boxed elementor-section-height-default elementor-section-height-default\" data-id=\"508788de\" data-element_type=\"section\" data-e-type=\"section\">\n\t\t\t\t\t\t<div class=\"elementor-container elementor-column-gap-default\">\n\t\t\t\t\t<div class=\"elementor-column elementor-col-50 elementor-inner-column elementor-element elementor-element-53c2efcf\" data-id=\"53c2efcf\" data-element_type=\"column\" data-e-type=\"column\">\n\t\t\t<div class=\"elementor-widget-wrap elementor-element-populated\">\n\t\t\t\t\t\t<div class=\"elementor-element elementor-element-14108a99 elementor-widget elementor-widget-heading\" data-id=\"14108a99\" data-element_type=\"widget\" data-e-type=\"widget\" data-widget_type=\"heading.default\">\n\t\t\t\t<div class=\"elementor-widget-container\">\n\t\t\t\t\t<h6 class=\"elementor-heading-title elementor-size-default\">\u98de\u884c\u533a<\/h6>\t\t\t\t<\/div>\n\t\t\t\t<\/div>\n\t\t\t\t<div class=\"elementor-element elementor-element-79e7d782 elementor-widget elementor-widget-heading\" data-id=\"79e7d782\" data-element_type=\"widget\" data-e-type=\"widget\" data-widget_type=\"heading.default\">\n\t\t\t\t<div class=\"elementor-widget-container\">\n\t\t\t\t\t<h6 class=\"elementor-heading-title elementor-size-default\">B\u00fcelen - Grafenort<\/h6>\t\t\t\t<\/div>\n\t\t\t\t<\/div>\n\t\t\t\t<div class=\"elementor-element elementor-element-3d61ad63 elementor-widget elementor-widget-text-editor\" data-id=\"3d61ad63\" data-element_type=\"widget\" data-e-type=\"widget\" data-widget_type=\"text-editor.default\">\n\t\t\t\t<div class=\"elementor-widget-container\">\n\t\t\t\t\t\t\t\t\t<p>\u6c83\u5c14\u82ac\u65af\u57fa\u68ee\u9644\u8fd1\u7684\u5e03\u4f9d\u4f26\u4f4d\u4e8e\u6069\u683c\u5c14\u8d1d\u683c\u5c71\u8c37\u7684\u4e2d\u95f4\uff0c\u6709\u5f88\u597d\u7684\u9632\u98ce\u4fdd\u62a4\u3002\u8fd9\u5c31\u662f\u4e3a\u4ec0\u4e48\u5f53\u798f\u6069\u5728\u5176\u4ed6\u5730\u533a\u65e9\u5df2\u65e0\u6cd5\u98de\u884c\u65f6\uff0c\u8fd9\u91cc\u4ecd\u7136\u53ef\u4ee5\u98de\u884c\u3002\u7279\u522b\u503c\u5f97\u4e00\u63d0\u7684\u662f\uff0c\u767b\u9646\u70b9\u7684\u57fa\u7840\u8bbe\u65bd\u975e\u5e38\u597d\uff0c\u6709\u6298\u53e0\u533a\u3001\u5ea7\u4f4d\u533a\u548c\u5404\u79cd\u4e09\u660e\u6cbb\u3001\u51b0\u6fc0\u51cc\u548c\u996e\u6599\u3002<\/p>\n\t\t\t\t\t\t\t\t<\/div>\n\t\t\t\t<\/div>\n\t\t\t\t<div class=\"elementor-element elementor-element-c4442d5 elementor-widget elementor-widget-text-editor\" data-id=\"c4442d5\" data-element_type=\"widget\" data-e-type=\"widget\" data-widget_type=\"text-editor.default\">\n\t\t\t\t<div class=\"elementor-widget-container\">\n\t\t\t\t\t\t\t\t\t<p>\u96c6\u5408\u5730\u70b9\u662f<strong>Grafenort<\/strong>\u7684<strong>B\u00fcelen<\/strong>\u7f06\u8f66\u5c71\u8c37\u7ad9\u6216<strong>Grafenort<\/strong>\u7684<strong>Wirtschaft<\/strong> &amp; <strong>Herrenhaus<\/strong>\u9910\u5385\u7684\u505c\u8f66\u573a\uff0c\u60a8\u53ef\u4ee5\u901a\u8fc7\u4ee5\u4e0b\u5730\u56fe\u8ba1\u5212\u60a8\u7684\u8def\u7ebf\u3002<\/p>\n\t\t\t\t\t\t\t\t<\/div>\n\t\t\t\t<\/div>\n\t\t\t\t<div class=\"elementor-element elementor-element-e2de7d8 elementor-align-center elementor-widget elementor-widget-button\" data-id=\"e2de7d8\" data-element_type=\"widget\" data-e-type=\"widget\" data-widget_type=\"button.default\">\n\t\t\t\t<div class=\"elementor-widget-container\">\n\t\t\t\t\t\t\t\t\t<div class=\"elementor-button-wrapper\">\n\t\t\t\t\t<a class=\"elementor-button elementor-button-link elementor-size-sm\" href=\"https:\/\/paragliding-luzern.ch\/zh-hans\/%e9%a3%9e%e8%a1%8c%e5%8c%ba%e5%9f%9f\/\">\n\t\t\t\t\t\t<span class=\"elementor-button-content-wrapper\">\n\t\t\t\t\t\t\t\t\t<span class=\"elementor-button-text\">\u5bf9\u6240\u6709\u98de\u884c\u533a<\/span>\n\t\t\t\t\t<\/span>\n\t\t\t\t\t<\/a>\n\t\t\t\t<\/div>\n\t\t\t\t\t\t\t\t<\/div>\n\t\t\t\t<\/div>\n\t\t\t\t<div class=\"elementor-element elementor-element-e1524da elementor-align-center elementor-widget elementor-widget-button\" data-id=\"e1524da\" data-element_type=\"widget\" data-e-type=\"widget\" data-widget_type=\"button.default\">\n\t\t\t\t<div class=\"elementor-widget-container\">\n\t\t\t\t\t\t\t\t\t<div class=\"elementor-button-wrapper\">\n\t\t\t\t\t<a class=\"elementor-button elementor-button-link elementor-size-sm\" href=\"https:\/\/paragliding-luzern.ch\/zh-hans\/%e4%b8%b2%e8%81%94%e9%a3%9e%e8%a1%8c\/\">\n\t\t\t\t\t\t<span class=\"elementor-button-content-wrapper\">\n\t\t\t\t\t\t\t\t\t<span class=\"elementor-button-text\">\u5728\u7ebf\u9884\u8ba2<\/span>\n\t\t\t\t\t<\/span>\n\t\t\t\t\t<\/a>\n\t\t\t\t<\/div>\n\t\t\t\t\t\t\t\t<\/div>\n\t\t\t\t<\/div>\n\t\t\t\t\t<\/div>\n\t\t<\/div>\n\t\t\t\t<div class=\"elementor-column elementor-col-50 elementor-inner-column elementor-element elementor-element-516e2bba\" data-id=\"516e2bba\" data-element_type=\"column\" data-e-type=\"column\">\n\t\t\t<div class=\"elementor-widget-wrap elementor-element-populated\">\n\t\t\t\t\t\t<div class=\"elementor-element elementor-element-59c231c3 elementor-widget elementor-widget-image\" data-id=\"59c231c3\" data-element_type=\"widget\" data-e-type=\"widget\" data-widget_type=\"image.default\">\n\t\t\t\t<div class=\"elementor-widget-container\">\n\t\t\t\t\t\t\t\t\t\t\t\t\t\t\t<img fetchpriority=\"high\" decoding=\"async\" width=\"500\" height=\"500\" src=\"https:\/\/paragliding-luzern.ch\/wp-content\/uploads\/2022\/05\/Moni.jpg\" class=\"attachment-full size-full wp-image-36217\" alt=\"Gleitschirmpiloten, die \u00fcber gr\u00fcne H\u00fcgel fliegen.\" srcset=\"https:\/\/paragliding-luzern.ch\/wp-content\/uploads\/2022\/05\/Moni.jpg 500w, https:\/\/paragliding-luzern.ch\/wp-content\/uploads\/2022\/05\/Moni-300x300.jpg 300w, https:\/\/paragliding-luzern.ch\/wp-content\/uploads\/2022\/05\/Moni-100x100.jpg 100w, https:\/\/paragliding-luzern.ch\/wp-content\/uploads\/2022\/05\/Moni-150x150.jpg 150w\" sizes=\"(max-width: 500px) 100vw, 500px\" \/>\t\t\t\t\t\t\t\t\t\t\t\t\t\t\t<\/div>\n\t\t\t\t<\/div>\n\t\t\t\t\t<\/div>\n\t\t<\/div>\n\t\t\t\t\t<\/div>\n\t\t<\/section>\n\t\t\t\t\t<\/div>\n\t\t<\/div>\n\t\t\t\t\t<\/div>\n\t\t<\/section>\n\t\t\t\t<section class=\"elementor-section elementor-top-section elementor-element elementor-element-448f4513 elementor-section-height-min-height elementor-section-boxed elementor-section-height-default elementor-section-items-middle\" data-id=\"448f4513\" data-element_type=\"section\" data-e-type=\"section\">\n\t\t\t\t\t\t<div class=\"elementor-container elementor-column-gap-default\">\n\t\t\t\t\t<div class=\"elementor-column elementor-col-100 elementor-top-column elementor-element elementor-element-6ea96f2f\" data-id=\"6ea96f2f\" data-element_type=\"column\" data-e-type=\"column\">\n\t\t\t<div class=\"elementor-widget-wrap elementor-element-populated\">\n\t\t\t\t\t\t<div class=\"elementor-element elementor-element-294a0e6 elementor-widget elementor-widget-google_maps\" data-id=\"294a0e6\" data-element_type=\"widget\" data-e-type=\"widget\" data-widget_type=\"google_maps.default\">\n\t\t\t\t<div class=\"elementor-widget-container\">\n\t\t\t\t\t\t\t<div class=\"elementor-custom-embed\">\n\t\t\t<iframe loading=\"lazy\"\n\t\t\t\t\tsrc=\"https:\/\/maps.google.com\/maps?q=Luftseilbahn%20Bielen%20Geissmattli&#038;t=m&#038;z=8&#038;output=embed&#038;iwloc=near\"\n\t\t\t\t\ttitle=\"Luftseilbahn Bielen Geissmattli\"\n\t\t\t\t\taria-label=\"Luftseilbahn Bielen Geissmattli\"\n\t\t\t><\/iframe>\n\t\t<\/div>\n\t\t\t\t\t\t<\/div>\n\t\t\t\t<\/div>\n\t\t\t\t\t<\/div>\n\t\t<\/div>\n\t\t\t\t\t<\/div>\n\t\t<\/section>\n\t\t\t\t<\/div>\n\t\t","protected":false},"excerpt":{"rendered":"<p>\u98de\u884c\u533a B\u00fcelen &#8211; Grafenort \u6c83\u5c14\u82ac\u65af\u57fa\u68ee\u9644\u8fd1\u7684\u5e03\u4f9d\u4f26\u4f4d\u4e8e\u6069\u683c\u5c14\u8d1d\u683c\u5c71\u8c37\u7684\u4e2d\u95f4\uff0c\u6709\u5f88\u597d\u7684\u9632\u98ce\u4fdd\u62a4\u3002\u8fd9\u5c31\u662f\u4e3a\u4ec0\u4e48\u5f53\u798f\u6069\u5728\u5176\u4ed6\u5730\u533a\u65e9\u5df2\u65e0\u6cd5\u98de\u884c\u65f6\uff0c\u8fd9\u91cc\u4ecd\u7136\u53ef\u4ee5\u98de\u884c\u3002\u7279\u522b\u503c\u5f97\u4e00\u63d0\u7684\u662f\uff0c\u767b\u9646\u70b9\u7684\u57fa\u7840\u8bbe\u65bd\u975e\u5e38\u597d\uff0c\u6709\u6298\u53e0\u533a\u3001\u5ea7\u4f4d\u533a\u548c\u5404\u79cd\u4e09\u660e\u6cbb\u3001\u51b0\u6fc0\u51cc\u548c\u996e\u6599\u3002 \u96c6\u5408\u5730\u70b9\u662fGrafenort\u7684B\u00fcelen\u7f06\u8f66\u5c71\u8c37\u7ad9\u6216Grafenort\u7684Wirtschaft &amp; Herrenhaus\u9910\u5385\u7684\u505c\u8f66\u573a\uff0c\u60a8\u53ef\u4ee5\u901a\u8fc7\u4ee5\u4e0b\u5730\u56fe\u8ba1\u5212\u60a8\u7684\u8def\u7ebf\u3002 \u5bf9\u6240\u6709\u98de\u884c\u533a \u5728\u7ebf\u9884\u8ba2<\/p>\n","protected":false},"author":3,"featured_media":0,"parent":0,"menu_order":0,"comment_status":"closed","ping_status":"closed","template":"","meta":{"_uag_custom_page_level_css":"","site-sidebar-layout":"no-sidebar","site-content-layout":"page-builder","ast-site-content-layout":"default","site-content-style":"default","site-sidebar-style":"default","ast-global-header-display":"","ast-banner-title-visibility":"","ast-main-header-display":"","ast-hfb-above-header-display":"","ast-hfb-below-header-display":"","ast-hfb-mobile-header-display":"","site-post-title":"disabled","ast-breadcrumbs-content":"","ast-featured-img":"disabled","footer-sml-layout":"","theme-transparent-header-meta":"","adv-header-id-meta":"","stick-header-meta":"","header-above-stick-meta":"","header-main-stick-meta":"","header-below-stick-meta":"","astra-migrate-meta-layouts":"default","ast-page-background-enabled":"default","ast-page-background-meta":{"desktop":{"background-color":"var(--ast-global-color-4)","background-image":"","background-repeat":"repeat","background-position":"center center","background-size":"auto","background-attachment":"scroll","background-type":"","background-media":"","overlay-type":"","overlay-color":"","overlay-opacity":"","overlay-gradient":""},"tablet":{"background-color":"","background-image":"","background-repeat":"repeat","background-position":"center center","background-size":"auto","background-attachment":"scroll","background-type":"","background-media":"","overlay-type":"","overlay-color":"","overlay-opacity":"","overlay-gradient":""},"mobile":{"background-color":"","background-image":"","background-repeat":"repeat","background-position":"center center","background-size":"auto","background-attachment":"scroll","background-type":"","background-media":"","overlay-type":"","overlay-color":"","overlay-opacity":"","overlay-gradient":""}},"ast-content-background-meta":{"desktop":{"background-color":"var(--ast-global-color-5)","background-image":"","background-repeat":"repeat","background-position":"center center","background-size":"auto","background-attachment":"scroll","background-type":"","background-media":"","overlay-type":"","overlay-color":"","overlay-opacity":"","overlay-gradient":""},"tablet":{"background-color":"var(--ast-global-color-5)","background-image":"","background-repeat":"repeat","background-position":"center center","background-size":"auto","background-attachment":"scroll","background-type":"","background-media":"","overlay-type":"","overlay-color":"","overlay-opacity":"","overlay-gradient":""},"mobile":{"background-color":"var(--ast-global-color-5)","background-image":"","background-repeat":"repeat","background-position":"center center","background-size":"auto","background-attachment":"scroll","background-type":"","background-media":"","overlay-type":"","overlay-color":"","overlay-opacity":"","overlay-gradient":""}},"footnotes":""},"class_list":["post-36435","page","type-page","status-publish","hentry"],"yoast_head":"<!-- This site is optimized with the Yoast SEO plugin v27.0 - https:\/\/yoast.com\/product\/yoast-seo-wordpress\/ -->\n<title>B\u00fcelen - Engelbergertal - Paragliding Luzern<\/title>\n<meta name=\"description\" content=\"\u5728\u6069\u683c\u5c14\u8d1d\u683c\u5c71\u8c37\u7684B\u00fcelen\u98de\u884c\u533a\u83b7\u5f97\u68a6\u5e7b\u822c\u7684\u5370\u8c61\u3002\u5728\u8fd9\u91cc\u4f60\u53ef\u4ee5\u627e\u5230\u96c6\u5408\u70b9\u548c\u8def\u7ebf\u89c4\u5212\u5668\u3002\" \/>\n<meta name=\"robots\" content=\"index, follow, max-snippet:-1, max-image-preview:large, max-video-preview:-1\" \/>\n<link rel=\"canonical\" href=\"https:\/\/paragliding-luzern.ch\/zh-hans\/bueelen-engelbergertal\/\" \/>\n<meta property=\"og:locale\" content=\"en_US\" \/>\n<meta property=\"og:type\" content=\"article\" \/>\n<meta property=\"og:title\" content=\"B\u00fcelen - Engelbergertal - Paragliding Luzern\" \/>\n<meta property=\"og:description\" content=\"\u5728\u6069\u683c\u5c14\u8d1d\u683c\u5c71\u8c37\u7684B\u00fcelen\u98de\u884c\u533a\u83b7\u5f97\u68a6\u5e7b\u822c\u7684\u5370\u8c61\u3002\u5728\u8fd9\u91cc\u4f60\u53ef\u4ee5\u627e\u5230\u96c6\u5408\u70b9\u548c\u8def\u7ebf\u89c4\u5212\u5668\u3002\" \/>\n<meta property=\"og:url\" content=\"https:\/\/paragliding-luzern.ch\/zh-hans\/bueelen-engelbergertal\/\" \/>\n<meta property=\"og:site_name\" content=\"Paragliding Luzern\" \/>\n<meta property=\"article:publisher\" content=\"https:\/\/www.facebook.com\/paragliding.lucerne\" \/>\n<meta property=\"article:modified_time\" content=\"2023-10-25T14:44:35+00:00\" \/>\n<meta property=\"og:image\" content=\"https:\/\/paragliding-luzern.ch\/wp-content\/uploads\/2022\/05\/Moni.jpg\" \/>\n<meta name=\"twitter:card\" content=\"summary_large_image\" \/>\n<script type=\"application\/ld+json\" class=\"yoast-schema-graph\">{\"@context\":\"https:\/\/schema.org\",\"@graph\":[{\"@type\":\"WebPage\",\"@id\":\"https:\/\/paragliding-luzern.ch\/zh-hans\/bueelen-engelbergertal\/\",\"url\":\"https:\/\/paragliding-luzern.ch\/zh-hans\/bueelen-engelbergertal\/\",\"name\":\"B\u00fcelen - Engelbergertal - Paragliding Luzern\",\"isPartOf\":{\"@id\":\"https:\/\/paragliding-luzern.ch\/zh-hans\/#website\"},\"primaryImageOfPage\":{\"@id\":\"https:\/\/paragliding-luzern.ch\/zh-hans\/bueelen-engelbergertal\/#primaryimage\"},\"image\":{\"@id\":\"https:\/\/paragliding-luzern.ch\/zh-hans\/bueelen-engelbergertal\/#primaryimage\"},\"thumbnailUrl\":\"https:\/\/paragliding-luzern.ch\/wp-content\/uploads\/2022\/05\/Moni.jpg\",\"datePublished\":\"2022-04-07T11:02:04+00:00\",\"dateModified\":\"2023-10-25T14:44:35+00:00\",\"description\":\"\u5728\u6069\u683c\u5c14\u8d1d\u683c\u5c71\u8c37\u7684B\u00fcelen\u98de\u884c\u533a\u83b7\u5f97\u68a6\u5e7b\u822c\u7684\u5370\u8c61\u3002\u5728\u8fd9\u91cc\u4f60\u53ef\u4ee5\u627e\u5230\u96c6\u5408\u70b9\u548c\u8def\u7ebf\u89c4\u5212\u5668\u3002\",\"breadcrumb\":{\"@id\":\"https:\/\/paragliding-luzern.ch\/zh-hans\/bueelen-engelbergertal\/#breadcrumb\"},\"inLanguage\":\"zh-CN-\",\"potentialAction\":[{\"@type\":\"ReadAction\",\"target\":[\"https:\/\/paragliding-luzern.ch\/zh-hans\/bueelen-engelbergertal\/\"]}]},{\"@type\":\"ImageObject\",\"inLanguage\":\"zh-CN-\",\"@id\":\"https:\/\/paragliding-luzern.ch\/zh-hans\/bueelen-engelbergertal\/#primaryimage\",\"url\":\"https:\/\/paragliding-luzern.ch\/wp-content\/uploads\/2022\/05\/Moni.jpg\",\"contentUrl\":\"https:\/\/paragliding-luzern.ch\/wp-content\/uploads\/2022\/05\/Moni.jpg\"},{\"@type\":\"BreadcrumbList\",\"@id\":\"https:\/\/paragliding-luzern.ch\/zh-hans\/bueelen-engelbergertal\/#breadcrumb\",\"itemListElement\":[{\"@type\":\"ListItem\",\"position\":1,\"name\":\"\u5bb6\",\"item\":\"https:\/\/paragliding-luzern.ch\/zh-hans\/\"},{\"@type\":\"ListItem\",\"position\":2,\"name\":\"B\u00fcelen &#8211; Engelbergertal\"}]},{\"@type\":\"WebSite\",\"@id\":\"https:\/\/paragliding-luzern.ch\/zh-hans\/#website\",\"url\":\"https:\/\/paragliding-luzern.ch\/zh-hans\/\",\"name\":\"Paragliding Luzern\",\"description\":\"Gleitschirm Tandemfl\u00fcge in der Zentralschweiz\",\"publisher\":{\"@id\":\"https:\/\/paragliding-luzern.ch\/zh-hans\/#organization\"},\"potentialAction\":[{\"@type\":\"SearchAction\",\"target\":{\"@type\":\"EntryPoint\",\"urlTemplate\":\"https:\/\/paragliding-luzern.ch\/zh-hans\/?s={search_term_string}\"},\"query-input\":{\"@type\":\"PropertyValueSpecification\",\"valueRequired\":true,\"valueName\":\"search_term_string\"}}],\"inLanguage\":\"zh-CN-\"},{\"@type\":\"Organization\",\"@id\":\"https:\/\/paragliding-luzern.ch\/zh-hans\/#organization\",\"name\":\"Paragliding Luzern\",\"url\":\"https:\/\/paragliding-luzern.ch\/zh-hans\/\",\"logo\":{\"@type\":\"ImageObject\",\"inLanguage\":\"zh-CN-\",\"@id\":\"https:\/\/paragliding-luzern.ch\/zh-hans\/#\/schema\/logo\/image\/\",\"url\":\"https:\/\/paragliding-luzern.ch\/wp-content\/uploads\/2024\/06\/Logo-Paragliding-Luzern-scaled.png\",\"contentUrl\":\"https:\/\/paragliding-luzern.ch\/wp-content\/uploads\/2024\/06\/Logo-Paragliding-Luzern-scaled.png\",\"width\":3593,\"height\":1803,\"caption\":\"Paragliding Luzern\"},\"image\":{\"@id\":\"https:\/\/paragliding-luzern.ch\/zh-hans\/#\/schema\/logo\/image\/\"},\"sameAs\":[\"https:\/\/www.facebook.com\/paragliding.lucerne\",\"https:\/\/www.instagram.com\/paraglidinglucerne\/\",\"https:\/\/www.tripadvisor.de\/Attraction_Review-g1124758-d2150976-Reviews-Paragliding_Luzern-Kriens_Lucerne.html\",\"https:\/\/www.youtube.com\/channel\/UChN0JGy7XLbp1nczp5ZV9qQ\"]}]}<\/script>\n<!-- \/ Yoast SEO plugin. -->","yoast_head_json":{"title":"B\u00fcelen - Engelbergertal - Paragliding Luzern","description":"\u5728\u6069\u683c\u5c14\u8d1d\u683c\u5c71\u8c37\u7684B\u00fcelen\u98de\u884c\u533a\u83b7\u5f97\u68a6\u5e7b\u822c\u7684\u5370\u8c61\u3002\u5728\u8fd9\u91cc\u4f60\u53ef\u4ee5\u627e\u5230\u96c6\u5408\u70b9\u548c\u8def\u7ebf\u89c4\u5212\u5668\u3002","robots":{"index":"index","follow":"follow","max-snippet":"max-snippet:-1","max-image-preview":"max-image-preview:large","max-video-preview":"max-video-preview:-1"},"canonical":"https:\/\/paragliding-luzern.ch\/zh-hans\/bueelen-engelbergertal\/","og_locale":"en_US","og_type":"article","og_title":"B\u00fcelen - Engelbergertal - Paragliding Luzern","og_description":"\u5728\u6069\u683c\u5c14\u8d1d\u683c\u5c71\u8c37\u7684B\u00fcelen\u98de\u884c\u533a\u83b7\u5f97\u68a6\u5e7b\u822c\u7684\u5370\u8c61\u3002\u5728\u8fd9\u91cc\u4f60\u53ef\u4ee5\u627e\u5230\u96c6\u5408\u70b9\u548c\u8def\u7ebf\u89c4\u5212\u5668\u3002","og_url":"https:\/\/paragliding-luzern.ch\/zh-hans\/bueelen-engelbergertal\/","og_site_name":"Paragliding Luzern","article_publisher":"https:\/\/www.facebook.com\/paragliding.lucerne","article_modified_time":"2023-10-25T14:44:35+00:00","og_image":[{"url":"https:\/\/paragliding-luzern.ch\/wp-content\/uploads\/2022\/05\/Moni.jpg","type":"","width":"","height":""}],"twitter_card":"summary_large_image","schema":{"@context":"https:\/\/schema.org","@graph":[{"@type":"WebPage","@id":"https:\/\/paragliding-luzern.ch\/zh-hans\/bueelen-engelbergertal\/","url":"https:\/\/paragliding-luzern.ch\/zh-hans\/bueelen-engelbergertal\/","name":"B\u00fcelen - Engelbergertal - Paragliding Luzern","isPartOf":{"@id":"https:\/\/paragliding-luzern.ch\/zh-hans\/#website"},"primaryImageOfPage":{"@id":"https:\/\/paragliding-luzern.ch\/zh-hans\/bueelen-engelbergertal\/#primaryimage"},"image":{"@id":"https:\/\/paragliding-luzern.ch\/zh-hans\/bueelen-engelbergertal\/#primaryimage"},"thumbnailUrl":"https:\/\/paragliding-luzern.ch\/wp-content\/uploads\/2022\/05\/Moni.jpg","datePublished":"2022-04-07T11:02:04+00:00","dateModified":"2023-10-25T14:44:35+00:00","description":"\u5728\u6069\u683c\u5c14\u8d1d\u683c\u5c71\u8c37\u7684B\u00fcelen\u98de\u884c\u533a\u83b7\u5f97\u68a6\u5e7b\u822c\u7684\u5370\u8c61\u3002\u5728\u8fd9\u91cc\u4f60\u53ef\u4ee5\u627e\u5230\u96c6\u5408\u70b9\u548c\u8def\u7ebf\u89c4\u5212\u5668\u3002","breadcrumb":{"@id":"https:\/\/paragliding-luzern.ch\/zh-hans\/bueelen-engelbergertal\/#breadcrumb"},"inLanguage":"zh-CN-","potentialAction":[{"@type":"ReadAction","target":["https:\/\/paragliding-luzern.ch\/zh-hans\/bueelen-engelbergertal\/"]}]},{"@type":"ImageObject","inLanguage":"zh-CN-","@id":"https:\/\/paragliding-luzern.ch\/zh-hans\/bueelen-engelbergertal\/#primaryimage","url":"https:\/\/paragliding-luzern.ch\/wp-content\/uploads\/2022\/05\/Moni.jpg","contentUrl":"https:\/\/paragliding-luzern.ch\/wp-content\/uploads\/2022\/05\/Moni.jpg"},{"@type":"BreadcrumbList","@id":"https:\/\/paragliding-luzern.ch\/zh-hans\/bueelen-engelbergertal\/#breadcrumb","itemListElement":[{"@type":"ListItem","position":1,"name":"\u5bb6","item":"https:\/\/paragliding-luzern.ch\/zh-hans\/"},{"@type":"ListItem","position":2,"name":"B\u00fcelen &#8211; Engelbergertal"}]},{"@type":"WebSite","@id":"https:\/\/paragliding-luzern.ch\/zh-hans\/#website","url":"https:\/\/paragliding-luzern.ch\/zh-hans\/","name":"Paragliding Luzern","description":"Gleitschirm Tandemfl\u00fcge in der Zentralschweiz","publisher":{"@id":"https:\/\/paragliding-luzern.ch\/zh-hans\/#organization"},"potentialAction":[{"@type":"SearchAction","target":{"@type":"EntryPoint","urlTemplate":"https:\/\/paragliding-luzern.ch\/zh-hans\/?s={search_term_string}"},"query-input":{"@type":"PropertyValueSpecification","valueRequired":true,"valueName":"search_term_string"}}],"inLanguage":"zh-CN-"},{"@type":"Organization","@id":"https:\/\/paragliding-luzern.ch\/zh-hans\/#organization","name":"Paragliding Luzern","url":"https:\/\/paragliding-luzern.ch\/zh-hans\/","logo":{"@type":"ImageObject","inLanguage":"zh-CN-","@id":"https:\/\/paragliding-luzern.ch\/zh-hans\/#\/schema\/logo\/image\/","url":"https:\/\/paragliding-luzern.ch\/wp-content\/uploads\/2024\/06\/Logo-Paragliding-Luzern-scaled.png","contentUrl":"https:\/\/paragliding-luzern.ch\/wp-content\/uploads\/2024\/06\/Logo-Paragliding-Luzern-scaled.png","width":3593,"height":1803,"caption":"Paragliding Luzern"},"image":{"@id":"https:\/\/paragliding-luzern.ch\/zh-hans\/#\/schema\/logo\/image\/"},"sameAs":["https:\/\/www.facebook.com\/paragliding.lucerne","https:\/\/www.instagram.com\/paraglidinglucerne\/","https:\/\/www.tripadvisor.de\/Attraction_Review-g1124758-d2150976-Reviews-Paragliding_Luzern-Kriens_Lucerne.html","https:\/\/www.youtube.com\/channel\/UChN0JGy7XLbp1nczp5ZV9qQ"]}]}},"uagb_featured_image_src":{"full":false,"thumbnail":false,"medium":false,"medium_large":false,"large":false,"1536x1536":false,"2048x2048":false,"woocommerce_thumbnail":false,"woocommerce_single":false,"woocommerce_gallery_thumbnail":false},"uagb_author_info":{"display_name":"Zacharias Konstandakis","author_link":"https:\/\/paragliding-luzern.ch\/zh-hans\/author\/zacharias\/"},"uagb_comment_info":0,"uagb_excerpt":"\u98de\u884c\u533a B\u00fcelen &#8211; Grafenort \u6c83\u5c14\u82ac\u65af\u57fa\u68ee\u9644\u8fd1\u7684\u5e03\u4f9d\u4f26\u4f4d\u4e8e\u6069\u683c\u5c14\u8d1d\u683c\u5c71\u8c37\u7684\u4e2d\u95f4\uff0c\u6709\u5f88\u597d\u7684\u9632\u98ce\u4fdd\u62a4\u3002\u8fd9\u5c31\u662f\u4e3a\u4ec0\u4e48\u5f53\u798f\u6069\u5728\u5176\u4ed6\u5730\u533a\u65e9\u5df2\u65e0\u6cd5\u98de\u884c\u65f6\uff0c\u8fd9\u91cc\u4ecd\u7136\u53ef\u4ee5\u98de\u884c\u3002\u7279\u522b\u503c\u5f97\u4e00\u63d0\u7684\u662f\uff0c\u767b\u9646\u70b9\u7684\u57fa\u7840\u8bbe\u65bd\u975e\u5e38\u597d\uff0c\u6709\u6298\u53e0\u533a\u3001\u5ea7\u4f4d\u533a\u548c\u5404\u79cd\u4e09\u660e\u6cbb\u3001\u51b0\u6fc0\u51cc\u548c\u996e\u6599\u3002 \u96c6\u5408\u5730\u70b9\u662fGrafenort\u7684B\u00fcelen\u7f06\u8f66\u5c71\u8c37\u7ad9\u6216Grafenort\u7684Wirtschaft &amp; Herrenhaus\u9910\u5385\u7684\u505c\u8f66\u573a\uff0c\u60a8\u53ef\u4ee5\u901a\u8fc7\u4ee5\u4e0b\u5730\u56fe\u8ba1\u5212\u60a8\u7684\u8def\u7ebf\u3002 \u5bf9\u6240\u6709\u98de\u884c\u533a \u5728\u7ebf\u9884\u8ba2","_links":{"self":[{"href":"https:\/\/paragliding-luzern.ch\/zh-hans\/wp-json\/wp\/v2\/pages\/36435","targetHints":{"allow":["GET"]}}],"collection":[{"href":"https:\/\/paragliding-luzern.ch\/zh-hans\/wp-json\/wp\/v2\/pages"}],"about":[{"href":"https:\/\/paragliding-luzern.ch\/zh-hans\/wp-json\/wp\/v2\/types\/page"}],"author":[{"embeddable":true,"href":"https:\/\/paragliding-luzern.ch\/zh-hans\/wp-json\/wp\/v2\/users\/3"}],"replies":[{"embeddable":true,"href":"https:\/\/paragliding-luzern.ch\/zh-hans\/wp-json\/wp\/v2\/comments?post=36435"}],"version-history":[{"count":0,"href":"https:\/\/paragliding-luzern.ch\/zh-hans\/wp-json\/wp\/v2\/pages\/36435\/revisions"}],"wp:attachment":[{"href":"https:\/\/paragliding-luzern.ch\/zh-hans\/wp-json\/wp\/v2\/media?parent=36435"}],"curies":[{"name":"wp","href":"https:\/\/api.w.org\/{rel}","templated":true}]}}