{"id":38612,"date":"2022-04-07T08:34:10","date_gmt":"2022-04-07T08:34:10","guid":{"rendered":"https:\/\/paragliding-luzern.ch\/%ec%9a%b0%eb%a6%ac-%ed%8c%80\/"},"modified":"2023-08-24T04:36:10","modified_gmt":"2023-08-24T04:36:10","slug":"%ec%9a%b0%eb%a6%ac-%ed%8c%80","status":"publish","type":"page","link":"https:\/\/paragliding-luzern.ch\/ko\/%ec%9a%b0%eb%a6%ac-%ed%8c%80\/","title":{"rendered":"\uc6b0\ub9ac \ud300"},"content":{"rendered":"\t\t<div data-elementor-type=\"wp-page\" data-elementor-id=\"38612\" class=\"elementor elementor-38612 elementor-30139\" data-elementor-post-type=\"page\">\n\t\t\t\t\t\t<section class=\"elementor-section elementor-top-section elementor-element elementor-element-90a933d elementor-section-height-min-height elementor-section-boxed elementor-section-height-default elementor-section-items-middle\" data-id=\"90a933d\" data-element_type=\"section\" data-e-type=\"section\">\n\t\t\t\t\t\t<div class=\"elementor-container elementor-column-gap-default\">\n\t\t\t\t\t<div class=\"elementor-column elementor-col-100 elementor-top-column elementor-element elementor-element-91bb6bd\" data-id=\"91bb6bd\" data-element_type=\"column\" data-e-type=\"column\">\n\t\t\t<div class=\"elementor-widget-wrap elementor-element-populated\">\n\t\t\t\t\t\t<div class=\"elementor-element elementor-element-4d997b10 elementor-widget elementor-widget-heading\" data-id=\"4d997b10\" data-element_type=\"widget\" data-e-type=\"widget\" data-widget_type=\"heading.default\">\n\t\t\t\t<div class=\"elementor-widget-container\">\n\t\t\t\t\t<h4 class=\"elementor-heading-title elementor-size-default\">\uc6b0\ub9ac \ud300<\/h4>\t\t\t\t<\/div>\n\t\t\t\t<\/div>\n\t\t\t\t<div class=\"elementor-element elementor-element-a3ff6b7 elementor-widget elementor-widget-text-editor\" data-id=\"a3ff6b7\" data-element_type=\"widget\" data-e-type=\"widget\" data-widget_type=\"text-editor.default\">\n\t\t\t\t<div class=\"elementor-widget-container\">\n\t\t\t\t\t\t\t\t\t<p><span class=\"Y2IQFc\" lang=\"ko\">\ud328\ub7ec\uae00\ub77c\uc774\ub529 \ub8e8\uccb4\ub978\uc5d0\uc11c\ub294 \uc624\uc9c1 \uc804\ubb38\uac00\uc640 \ud568\uaed8 \ube44\ud589\ud569\ub2c8\ub2e4. \uc6b0\ub9ac \ud300\uc740 \ud328\ub7ec\uae00\ub77c\uc774\ub529\uacfc \uad00\ub828\ub41c \uc815\uaddc\uc9c1 \uc804\ubb38 \uc870\uc885\uc0ac\ub85c \uad6c\uc131\ub418\uc5b4 \uc788\uc2b5\ub2c8\ub2e4. \ubaa8\ub4e0 \ud0e0\ub364 \uc870\uc885\uc0ac\ub294 \uc2a4\uc704\uc2a4 \uc5f0\ubc29 \ubbfc\uac04 \ud56d\uacf5\uad6d(BAZL)\uc5d0\uc11c \ud544\uc694\ud55c \ud6c8\ub828\uacfc \ucd94\uac00 \uad50\uc721\uc744 \ubc1b\uc2b5\ub2c8\ub2e4.<\/span><\/p>\n\t\t\t\t\t\t\t\t<\/div>\n\t\t\t\t<\/div>\n\t\t\t\t\t<\/div>\n\t\t<\/div>\n\t\t\t\t\t<\/div>\n\t\t<\/section>\n\t\t\t\t<section class=\"elementor-section elementor-top-section elementor-element elementor-element-1775b092 elementor-section-content-middle elementor-section-height-min-height elementor-section-boxed elementor-section-height-default elementor-section-items-middle\" data-id=\"1775b092\" data-element_type=\"section\" data-e-type=\"section\" data-settings=\"{&quot;background_background&quot;:&quot;classic&quot;}\">\n\t\t\t\t\t\t<div class=\"elementor-container elementor-column-gap-no\">\n\t\t\t\t\t<div class=\"elementor-column elementor-col-100 elementor-top-column elementor-element elementor-element-1df5639b\" data-id=\"1df5639b\" data-element_type=\"column\" data-e-type=\"column\">\n\t\t\t<div class=\"elementor-widget-wrap elementor-element-populated\">\n\t\t\t\t\t\t<section class=\"elementor-section elementor-inner-section elementor-element elementor-element-3fc63bd6 elementor-section-boxed elementor-section-height-default elementor-section-height-default\" data-id=\"3fc63bd6\" data-element_type=\"section\" data-e-type=\"section\">\n\t\t\t\t\t\t<div class=\"elementor-container elementor-column-gap-default\">\n\t\t\t\t\t<div class=\"elementor-column elementor-col-25 elementor-inner-column elementor-element elementor-element-114f93a1\" data-id=\"114f93a1\" data-element_type=\"column\" data-e-type=\"column\">\n\t\t\t<div class=\"elementor-widget-wrap elementor-element-populated\">\n\t\t\t\t\t\t<div class=\"elementor-element elementor-element-12d966e4 elementor-position-top elementor-widget elementor-widget-image-box\" data-id=\"12d966e4\" data-element_type=\"widget\" data-e-type=\"widget\" data-widget_type=\"image-box.default\">\n\t\t\t\t<div class=\"elementor-widget-container\">\n\t\t\t\t\t<div class=\"elementor-image-box-wrapper\"><figure class=\"elementor-image-box-img\"><img fetchpriority=\"high\" decoding=\"async\" width=\"500\" height=\"500\" src=\"https:\/\/paragliding-luzern.ch\/wp-content\/uploads\/2022\/05\/Zacharias-Konstandakis-1.jpg\" class=\"attachment-full size-full wp-image-32751\" alt=\"Ein l\u00e4chelnder Mann vor einer Palme.\" srcset=\"https:\/\/paragliding-luzern.ch\/wp-content\/uploads\/2022\/05\/Zacharias-Konstandakis-1.jpg 500w, https:\/\/paragliding-luzern.ch\/wp-content\/uploads\/2022\/05\/Zacharias-Konstandakis-1-300x300.jpg 300w, https:\/\/paragliding-luzern.ch\/wp-content\/uploads\/2022\/05\/Zacharias-Konstandakis-1-100x100.jpg 100w, https:\/\/paragliding-luzern.ch\/wp-content\/uploads\/2022\/05\/Zacharias-Konstandakis-1-150x150.jpg 150w\" sizes=\"(max-width: 500px) 100vw, 500px\" \/><\/figure><div class=\"elementor-image-box-content\"><h3 class=\"elementor-image-box-title\">Zacharias<\/h3><p class=\"elementor-image-box-description\">\ud328\ub7ec\uae00\ub77c\uc774\ub529 \ub8e8\uccb4\ub978\uc758 \uc18c\uc720\uc8fc\uc774\uc790 \uc124\ub9bd\uc790. \ud0e0\ub364 \ud30c\uc77c\ub7ff - \ube44\ud589 \uad50\uad00<\/p><\/div><\/div>\t\t\t\t<\/div>\n\t\t\t\t<\/div>\n\t\t\t\t<div class=\"elementor-element elementor-element-4aaf6490 elementor-widget elementor-widget-text-editor\" data-id=\"4aaf6490\" data-element_type=\"widget\" data-e-type=\"widget\" data-widget_type=\"text-editor.default\">\n\t\t\t\t<div class=\"elementor-widget-container\">\n\t\t\t\t\t\t\t\t\t<ul>\n<li><span class=\"Y2IQFc\" lang=\"ko\">1988\ub144\ubd80\ud130 \uc194\ub85c \ud328\ub7ec\uae00\ub77c\uc774\ub529 \uc870\uc885\uc0ac \ud6c8\ub828<br \/>\n<\/span><\/li>\n<li><span class=\"Y2IQFc\" lang=\"ko\">1994\ub144\ubd80\ud130 \uc0c1\uc5c5\uc6a9 \ubc14\uc774\ud50c\ub808\uc774\uc2a4 \ud30c\uc77c\ub7ff \uad50\uc721<br \/>\n<\/span><\/li>\n<li><span class=\"Y2IQFc\" lang=\"ko\">1994\ub144\ubd80\ud130 \ube44\ud589\uad50\uad00 \uc591\uc131<\/span><\/li>\n<\/ul>\n\t\t\t\t\t\t\t\t<\/div>\n\t\t\t\t<\/div>\n\t\t\t\t\t<\/div>\n\t\t<\/div>\n\t\t\t\t<div class=\"elementor-column elementor-col-25 elementor-inner-column elementor-element elementor-element-06f5306\" data-id=\"06f5306\" data-element_type=\"column\" data-e-type=\"column\">\n\t\t\t<div class=\"elementor-widget-wrap elementor-element-populated\">\n\t\t\t\t\t\t<div class=\"elementor-element elementor-element-c8ed256 elementor-position-top elementor-widget elementor-widget-image-box\" data-id=\"c8ed256\" data-element_type=\"widget\" data-e-type=\"widget\" data-widget_type=\"image-box.default\">\n\t\t\t\t<div class=\"elementor-widget-container\">\n\t\t\t\t\t<div class=\"elementor-image-box-wrapper\"><figure class=\"elementor-image-box-img\"><img decoding=\"async\" width=\"500\" height=\"500\" src=\"https:\/\/paragliding-luzern.ch\/wp-content\/uploads\/2022\/05\/Erni-Marius.jpg\" class=\"attachment-full size-full wp-image-32696\" alt=\"Portraitbild von Marius\" srcset=\"https:\/\/paragliding-luzern.ch\/wp-content\/uploads\/2022\/05\/Erni-Marius.jpg 500w, https:\/\/paragliding-luzern.ch\/wp-content\/uploads\/2022\/05\/Erni-Marius-300x300.jpg 300w, https:\/\/paragliding-luzern.ch\/wp-content\/uploads\/2022\/05\/Erni-Marius-100x100.jpg 100w, https:\/\/paragliding-luzern.ch\/wp-content\/uploads\/2022\/05\/Erni-Marius-150x150.jpg 150w\" sizes=\"(max-width: 500px) 100vw, 500px\" \/><\/figure><div class=\"elementor-image-box-content\"><h3 class=\"elementor-image-box-title\">Marius<\/h3><p class=\"elementor-image-box-description\">Biplacepilot<\/p><\/div><\/div>\t\t\t\t<\/div>\n\t\t\t\t<\/div>\n\t\t\t\t<div class=\"elementor-element elementor-element-123c17b elementor-widget elementor-widget-text-editor\" data-id=\"123c17b\" data-element_type=\"widget\" data-e-type=\"widget\" data-widget_type=\"text-editor.default\">\n\t\t\t\t<div class=\"elementor-widget-container\">\n\t\t\t\t\t\t\t\t\t<ul>\n<li>\uc194\ub85c \ud328\ub7ec\uae00\ub77c\uc774\ub354 \uc870\uc885\uc0ac<\/li>\n<li>\uc0c1\uc5c5\uc6a9 \ubc14\uc774\ud50c\ub808\uc774\uc2a4 \ud30c\uc77c\ub7ff<\/li>\n<\/ul>\n\t\t\t\t\t\t\t\t<\/div>\n\t\t\t\t<\/div>\n\t\t\t\t\t<\/div>\n\t\t<\/div>\n\t\t\t\t<div class=\"elementor-column elementor-col-25 elementor-inner-column elementor-element elementor-element-fcb72ee\" data-id=\"fcb72ee\" data-element_type=\"column\" data-e-type=\"column\">\n\t\t\t<div class=\"elementor-widget-wrap elementor-element-populated\">\n\t\t\t\t\t\t<div class=\"elementor-element elementor-element-60e59a5 elementor-position-top elementor-widget elementor-widget-image-box\" data-id=\"60e59a5\" data-element_type=\"widget\" data-e-type=\"widget\" data-widget_type=\"image-box.default\">\n\t\t\t\t<div class=\"elementor-widget-container\">\n\t\t\t\t\t<div class=\"elementor-image-box-wrapper\"><figure class=\"elementor-image-box-img\"><img decoding=\"async\" width=\"500\" height=\"500\" src=\"https:\/\/paragliding-luzern.ch\/wp-content\/uploads\/2022\/05\/Othmar-Leuppi.jpg\" class=\"attachment-full size-full wp-image-32724\" alt=\"Ein l\u00e4chelnder Mann mit einem Helm und Gleitschirmseilen in der Hand.\" srcset=\"https:\/\/paragliding-luzern.ch\/wp-content\/uploads\/2022\/05\/Othmar-Leuppi.jpg 500w, https:\/\/paragliding-luzern.ch\/wp-content\/uploads\/2022\/05\/Othmar-Leuppi-300x300.jpg 300w, https:\/\/paragliding-luzern.ch\/wp-content\/uploads\/2022\/05\/Othmar-Leuppi-100x100.jpg 100w, https:\/\/paragliding-luzern.ch\/wp-content\/uploads\/2022\/05\/Othmar-Leuppi-150x150.jpg 150w\" sizes=\"(max-width: 500px) 100vw, 500px\" \/><\/figure><div class=\"elementor-image-box-content\"><h3 class=\"elementor-image-box-title\">Othmar<\/h3><p class=\"elementor-image-box-description\">Biplacepilot \ube44\ud589 \uac15\uc0ac<\/p><\/div><\/div>\t\t\t\t<\/div>\n\t\t\t\t<\/div>\n\t\t\t\t<div class=\"elementor-element elementor-element-5cd2138 elementor-widget elementor-widget-text-editor\" data-id=\"5cd2138\" data-element_type=\"widget\" data-e-type=\"widget\" data-widget_type=\"text-editor.default\">\n\t\t\t\t<div class=\"elementor-widget-container\">\n\t\t\t\t\t\t\t\t\t<ul>\n<li><span class=\"Y2IQFc\" lang=\"ko\">1989\ub144\ubd80\ud130 \uc194\ub85c \ud328\ub7ec\uae00\ub77c\uc774\ub529 \uc870\uc885\uc0ac \uad50\uc721\uc744 \ubc1b\uc558\uc2b5\ub2c8\ub2e4.<br \/>\n<\/span><\/li>\n<li><span class=\"Y2IQFc\" lang=\"ko\">1992\ub144\ubd80\ud130 \uc0c1\uc5c5\uc6a9 \ubc14\uc774\ud50c\ub808\uc774\uc2a4 \ud30c\uc77c\ub7ff \uad50\uc721<br \/>\n<\/span><\/li>\n<li><span class=\"Y2IQFc\" lang=\"ko\">2002\ub144\ubd80\ud130 \ube44\ud589\uad50\uad00 \uc591\uc131<\/span><\/li>\n<\/ul>\n\t\t\t\t\t\t\t\t<\/div>\n\t\t\t\t<\/div>\n\t\t\t\t\t<\/div>\n\t\t<\/div>\n\t\t\t\t<div class=\"elementor-column elementor-col-25 elementor-inner-column elementor-element elementor-element-188d3a4\" data-id=\"188d3a4\" data-element_type=\"column\" data-e-type=\"column\">\n\t\t\t<div class=\"elementor-widget-wrap elementor-element-populated\">\n\t\t\t\t\t\t<div class=\"elementor-element elementor-element-00f936f elementor-position-top elementor-widget elementor-widget-image-box\" data-id=\"00f936f\" data-element_type=\"widget\" data-e-type=\"widget\" data-widget_type=\"image-box.default\">\n\t\t\t\t<div class=\"elementor-widget-container\">\n\t\t\t\t\t<div class=\"elementor-image-box-wrapper\"><figure class=\"elementor-image-box-img\"><img loading=\"lazy\" decoding=\"async\" width=\"500\" height=\"500\" src=\"https:\/\/paragliding-luzern.ch\/wp-content\/uploads\/2022\/05\/Bruno.jpg\" class=\"attachment-full size-full wp-image-32688\" alt=\"Portraitbild von Bruno\" srcset=\"https:\/\/paragliding-luzern.ch\/wp-content\/uploads\/2022\/05\/Bruno.jpg 500w, https:\/\/paragliding-luzern.ch\/wp-content\/uploads\/2022\/05\/Bruno-300x300.jpg 300w, https:\/\/paragliding-luzern.ch\/wp-content\/uploads\/2022\/05\/Bruno-100x100.jpg 100w, https:\/\/paragliding-luzern.ch\/wp-content\/uploads\/2022\/05\/Bruno-150x150.jpg 150w\" sizes=\"(max-width: 500px) 100vw, 500px\" \/><\/figure><div class=\"elementor-image-box-content\"><h3 class=\"elementor-image-box-title\">Bruno<\/h3><p class=\"elementor-image-box-description\">Biplacepilot \ud328\ub7ec\uae00\ub77c\uc774\ub529\uacfc \ub378\ud0c0.<\/p><\/div><\/div>\t\t\t\t<\/div>\n\t\t\t\t<\/div>\n\t\t\t\t<div class=\"elementor-element elementor-element-9214fc9 elementor-widget elementor-widget-text-editor\" data-id=\"9214fc9\" data-element_type=\"widget\" data-e-type=\"widget\" data-widget_type=\"text-editor.default\">\n\t\t\t\t<div class=\"elementor-widget-container\">\n\t\t\t\t\t\t\t\t\t<ul>\n<li><span class=\"Y2IQFc\" lang=\"ko\">1986\ub144\ubd80\ud130 \uc194\ub85c \ub378\ud0c0 \uc870\uc885\uc0ac \ud6c8\ub828.<br \/>\n<\/span><\/li>\n<li><span class=\"Y2IQFc\" lang=\"ko\">1987\ub144\ubd80\ud130 \uc194\ub85c \ud328\ub7ec\uae00\ub77c\uc774\ub354 \uc870\uc885\uc0ac<br \/>\n<\/span><\/li>\n<li><span class=\"Y2IQFc\" lang=\"ko\">1990\ub144\ubd80\ud130 \uc0c1\uc6a9 \ubc14\uc774\ud50c\ub808\uc774\uc2a4 \ud30c\uc77c\ub7ff \uad50\uc721<\/span><\/li>\n<\/ul>\n\t\t\t\t\t\t\t\t<\/div>\n\t\t\t\t<\/div>\n\t\t\t\t\t<\/div>\n\t\t<\/div>\n\t\t\t\t\t<\/div>\n\t\t<\/section>\n\t\t\t\t<section class=\"elementor-section elementor-inner-section elementor-element elementor-element-1b37ed5 elementor-section-boxed elementor-section-height-default elementor-section-height-default\" data-id=\"1b37ed5\" data-element_type=\"section\" data-e-type=\"section\">\n\t\t\t\t\t\t<div class=\"elementor-container elementor-column-gap-default\">\n\t\t\t\t\t<div class=\"elementor-column elementor-col-25 elementor-inner-column elementor-element elementor-element-6bed153\" data-id=\"6bed153\" data-element_type=\"column\" data-e-type=\"column\">\n\t\t\t<div class=\"elementor-widget-wrap elementor-element-populated\">\n\t\t\t\t\t\t<div class=\"elementor-element elementor-element-4fc69e7 elementor-position-top elementor-widget elementor-widget-image-box\" data-id=\"4fc69e7\" data-element_type=\"widget\" data-e-type=\"widget\" data-widget_type=\"image-box.default\">\n\t\t\t\t<div class=\"elementor-widget-container\">\n\t\t\t\t\t<div class=\"elementor-image-box-wrapper\"><figure class=\"elementor-image-box-img\"><img loading=\"lazy\" decoding=\"async\" width=\"500\" height=\"500\" src=\"https:\/\/paragliding-luzern.ch\/wp-content\/uploads\/2022\/05\/Moni.jpg\" class=\"attachment-full size-full wp-image-32716\" alt=\"Gleitschirmpiloten, die \u00fcber gr\u00fcne H\u00fcgel fliegen.\" srcset=\"https:\/\/paragliding-luzern.ch\/wp-content\/uploads\/2022\/05\/Moni.jpg 500w, https:\/\/paragliding-luzern.ch\/wp-content\/uploads\/2022\/05\/Moni-300x300.jpg 300w, https:\/\/paragliding-luzern.ch\/wp-content\/uploads\/2022\/05\/Moni-100x100.jpg 100w, https:\/\/paragliding-luzern.ch\/wp-content\/uploads\/2022\/05\/Moni-150x150.jpg 150w\" sizes=\"(max-width: 500px) 100vw, 500px\" \/><\/figure><div class=\"elementor-image-box-content\"><h3 class=\"elementor-image-box-title\">Moni<\/h3><p class=\"elementor-image-box-description\">Biplasepilotin \ube44\ud589 \uac15\uc0ac<\/p><\/div><\/div>\t\t\t\t<\/div>\n\t\t\t\t<\/div>\n\t\t\t\t<div class=\"elementor-element elementor-element-f6b131a elementor-widget elementor-widget-text-editor\" data-id=\"f6b131a\" data-element_type=\"widget\" data-e-type=\"widget\" data-widget_type=\"text-editor.default\">\n\t\t\t\t<div class=\"elementor-widget-container\">\n\t\t\t\t\t\t\t\t\t<ul>\n<li>\uc194\ub85c \ud328\ub7ec\uae00\ub77c\uc774\ub354 \uc870\uc885\uc0ac<\/li>\n<li>\uc0c1\uc5c5\uc6a9 \ubc14\uc774\ud50c\ub808\uc774\uc2a4 \ud30c\uc77c\ub7ff<\/li>\n<li>\ube44\ud589 \uad50\uad00 \ubc0f Flugrausch \ube44\ud589 \ud559\uad50 \uc18c\uc720\uc8fc<\/li>\n<\/ul>\n\t\t\t\t\t\t\t\t<\/div>\n\t\t\t\t<\/div>\n\t\t\t\t\t<\/div>\n\t\t<\/div>\n\t\t\t\t<div class=\"elementor-column elementor-col-25 elementor-inner-column elementor-element elementor-element-5b3eba3\" data-id=\"5b3eba3\" data-element_type=\"column\" data-e-type=\"column\">\n\t\t\t<div class=\"elementor-widget-wrap elementor-element-populated\">\n\t\t\t\t\t\t<div class=\"elementor-element elementor-element-7c87f46 elementor-position-top elementor-widget elementor-widget-image-box\" data-id=\"7c87f46\" data-element_type=\"widget\" data-e-type=\"widget\" data-widget_type=\"image-box.default\">\n\t\t\t\t<div class=\"elementor-widget-container\">\n\t\t\t\t\t<div class=\"elementor-image-box-wrapper\"><figure class=\"elementor-image-box-img\"><img loading=\"lazy\" decoding=\"async\" width=\"480\" height=\"480\" src=\"https:\/\/paragliding-luzern.ch\/wp-content\/uploads\/2022\/05\/Nicolas-1.jpg\" class=\"attachment-full size-full wp-image-32720\" alt=\"Portraitbild von Nicolas\" srcset=\"https:\/\/paragliding-luzern.ch\/wp-content\/uploads\/2022\/05\/Nicolas-1.jpg 480w, https:\/\/paragliding-luzern.ch\/wp-content\/uploads\/2022\/05\/Nicolas-1-300x300.jpg 300w, https:\/\/paragliding-luzern.ch\/wp-content\/uploads\/2022\/05\/Nicolas-1-100x100.jpg 100w, https:\/\/paragliding-luzern.ch\/wp-content\/uploads\/2022\/05\/Nicolas-1-150x150.jpg 150w\" sizes=\"(max-width: 480px) 100vw, 480px\" \/><\/figure><div class=\"elementor-image-box-content\"><h3 class=\"elementor-image-box-title\">Nicolas<\/h3><p class=\"elementor-image-box-description\">Biplasepilot<\/p><\/div><\/div>\t\t\t\t<\/div>\n\t\t\t\t<\/div>\n\t\t\t\t<div class=\"elementor-element elementor-element-c472c9c elementor-widget elementor-widget-text-editor\" data-id=\"c472c9c\" data-element_type=\"widget\" data-e-type=\"widget\" data-widget_type=\"text-editor.default\">\n\t\t\t\t<div class=\"elementor-widget-container\">\n\t\t\t\t\t\t\t\t\t<ul>\n<li><span class=\"Y2IQFc\" lang=\"ko\">\uc194\ub85c \ud328\ub7ec\uae00\ub77c\uc774\ub354 \uc870\uc885\uc0ac<br \/>\n<\/span><\/li>\n<li><span class=\"Y2IQFc\" lang=\"ko\">\uc0c1\uc5c5\uc6a9 \ubc14\uc774\ud50c\ub808\uc774\uc2a4 \ud30c\uc77c\ub7ff<\/span><\/li>\n<\/ul>\n\t\t\t\t\t\t\t\t<\/div>\n\t\t\t\t<\/div>\n\t\t\t\t\t<\/div>\n\t\t<\/div>\n\t\t\t\t<div class=\"elementor-column elementor-col-25 elementor-inner-column elementor-element elementor-element-e940b86\" data-id=\"e940b86\" data-element_type=\"column\" data-e-type=\"column\">\n\t\t\t<div class=\"elementor-widget-wrap elementor-element-populated\">\n\t\t\t\t\t\t<div class=\"elementor-element elementor-element-e535f8a elementor-position-top elementor-widget elementor-widget-image-box\" data-id=\"e535f8a\" data-element_type=\"widget\" data-e-type=\"widget\" data-widget_type=\"image-box.default\">\n\t\t\t\t<div class=\"elementor-widget-container\">\n\t\t\t\t\t<div class=\"elementor-image-box-wrapper\"><figure class=\"elementor-image-box-img\"><img loading=\"lazy\" decoding=\"async\" width=\"500\" height=\"500\" src=\"https:\/\/paragliding-luzern.ch\/wp-content\/uploads\/2022\/05\/Florian-.jpg\" class=\"attachment-full size-full wp-image-32740\" alt=\"Ein l\u00e4chelnder Mann vor einerm Gew\u00e4sser.\" srcset=\"https:\/\/paragliding-luzern.ch\/wp-content\/uploads\/2022\/05\/Florian-.jpg 500w, https:\/\/paragliding-luzern.ch\/wp-content\/uploads\/2022\/05\/Florian--300x300.jpg 300w, https:\/\/paragliding-luzern.ch\/wp-content\/uploads\/2022\/05\/Florian--100x100.jpg 100w, https:\/\/paragliding-luzern.ch\/wp-content\/uploads\/2022\/05\/Florian--150x150.jpg 150w\" sizes=\"(max-width: 500px) 100vw, 500px\" \/><\/figure><div class=\"elementor-image-box-content\"><h3 class=\"elementor-image-box-title\">Florian<\/h3><p class=\"elementor-image-box-description\">Biplacepilot<\/p><\/div><\/div>\t\t\t\t<\/div>\n\t\t\t\t<\/div>\n\t\t\t\t<div class=\"elementor-element elementor-element-2162f45 elementor-widget elementor-widget-text-editor\" data-id=\"2162f45\" data-element_type=\"widget\" data-e-type=\"widget\" data-widget_type=\"text-editor.default\">\n\t\t\t\t<div class=\"elementor-widget-container\">\n\t\t\t\t\t\t\t\t\t<ul>\n<li>\uc194\ub85c \ud328\ub7ec\uae00\ub77c\uc774\ub354 \uc870\uc885\uc0ac<\/li>\n<li>\uc0c1\uc5c5\uc6a9 \ubc14\uc774\ud50c\ub808\uc774\uc2a4 \ud30c\uc77c\ub7ff<\/li>\n<\/ul>\n\t\t\t\t\t\t\t\t<\/div>\n\t\t\t\t<\/div>\n\t\t\t\t\t<\/div>\n\t\t<\/div>\n\t\t\t\t<div class=\"elementor-column elementor-col-25 elementor-inner-column elementor-element elementor-element-784adba\" data-id=\"784adba\" data-element_type=\"column\" data-e-type=\"column\">\n\t\t\t<div class=\"elementor-widget-wrap elementor-element-populated\">\n\t\t\t\t\t\t<div class=\"elementor-element elementor-element-49bf843 elementor-position-top elementor-widget elementor-widget-image-box\" data-id=\"49bf843\" data-element_type=\"widget\" data-e-type=\"widget\" data-widget_type=\"image-box.default\">\n\t\t\t\t<div class=\"elementor-widget-container\">\n\t\t\t\t\t<div class=\"elementor-image-box-wrapper\"><figure class=\"elementor-image-box-img\"><img loading=\"lazy\" decoding=\"async\" width=\"500\" height=\"500\" src=\"https:\/\/paragliding-luzern.ch\/wp-content\/uploads\/2022\/05\/Michel.jpg\" class=\"attachment-full size-full wp-image-32712\" alt=\"Gleitschirmpiloten, die \u00fcber gr\u00fcne H\u00fcgel fliegen.\" srcset=\"https:\/\/paragliding-luzern.ch\/wp-content\/uploads\/2022\/05\/Michel.jpg 500w, https:\/\/paragliding-luzern.ch\/wp-content\/uploads\/2022\/05\/Michel-300x300.jpg 300w, https:\/\/paragliding-luzern.ch\/wp-content\/uploads\/2022\/05\/Michel-100x100.jpg 100w, https:\/\/paragliding-luzern.ch\/wp-content\/uploads\/2022\/05\/Michel-150x150.jpg 150w\" sizes=\"(max-width: 500px) 100vw, 500px\" \/><\/figure><div class=\"elementor-image-box-content\"><h3 class=\"elementor-image-box-title\">Michel<\/h3><p class=\"elementor-image-box-description\">Biplacepilot<\/p><\/div><\/div>\t\t\t\t<\/div>\n\t\t\t\t<\/div>\n\t\t\t\t<div class=\"elementor-element elementor-element-7430fa8 elementor-widget elementor-widget-text-editor\" data-id=\"7430fa8\" data-element_type=\"widget\" data-e-type=\"widget\" data-widget_type=\"text-editor.default\">\n\t\t\t\t<div class=\"elementor-widget-container\">\n\t\t\t\t\t\t\t\t\t<ul>\n<li>2012\ub144\ubd80\ud130 \uc194\ub85c \ud328\ub7ec\uae00\ub77c\uc774\ub354 \uc870\uc885\uc0ac<\/li>\n<li>2014\ub144\ubd80\ud130 \uc0c1\uc5c5\uc6a9 \ubc14\uc774\ud50c\ub808\uc774\uc2a4 \ud30c\uc77c\ub7ff<\/li>\n<\/ul>\n\t\t\t\t\t\t\t\t<\/div>\n\t\t\t\t<\/div>\n\t\t\t\t\t<\/div>\n\t\t<\/div>\n\t\t\t\t\t<\/div>\n\t\t<\/section>\n\t\t\t\t<section class=\"elementor-section elementor-inner-section elementor-element elementor-element-45ea4bf elementor-section-boxed elementor-section-height-default elementor-section-height-default\" data-id=\"45ea4bf\" data-element_type=\"section\" data-e-type=\"section\">\n\t\t\t\t\t\t<div class=\"elementor-container elementor-column-gap-default\">\n\t\t\t\t\t<div class=\"elementor-column elementor-col-25 elementor-inner-column elementor-element elementor-element-cee79e0\" data-id=\"cee79e0\" data-element_type=\"column\" data-e-type=\"column\">\n\t\t\t<div class=\"elementor-widget-wrap elementor-element-populated\">\n\t\t\t\t\t\t<div class=\"elementor-element elementor-element-4209487 elementor-position-top elementor-widget elementor-widget-image-box\" data-id=\"4209487\" data-element_type=\"widget\" data-e-type=\"widget\" data-widget_type=\"image-box.default\">\n\t\t\t\t<div class=\"elementor-widget-container\">\n\t\t\t\t\t<div class=\"elementor-image-box-wrapper\"><figure class=\"elementor-image-box-img\"><img loading=\"lazy\" decoding=\"async\" width=\"500\" height=\"500\" src=\"https:\/\/paragliding-luzern.ch\/wp-content\/uploads\/2023\/04\/foto-matthias-1.jpg\" class=\"attachment-full size-full wp-image-41354\" alt=\"Ein Selfie mit einem Paragliding Piloten und einer weiteren Person\" srcset=\"https:\/\/paragliding-luzern.ch\/wp-content\/uploads\/2023\/04\/foto-matthias-1.jpg 500w, https:\/\/paragliding-luzern.ch\/wp-content\/uploads\/2023\/04\/foto-matthias-1-300x300.jpg 300w, https:\/\/paragliding-luzern.ch\/wp-content\/uploads\/2023\/04\/foto-matthias-1-150x150.jpg 150w, https:\/\/paragliding-luzern.ch\/wp-content\/uploads\/2023\/04\/foto-matthias-1-100x100.jpg 100w\" sizes=\"(max-width: 500px) 100vw, 500px\" \/><\/figure><div class=\"elementor-image-box-content\"><h3 class=\"elementor-image-box-title\">Matthias<\/h3><p class=\"elementor-image-box-description\">Biplacepilot  \ube44\ud589 \uac15\uc0ac<\/p><\/div><\/div>\t\t\t\t<\/div>\n\t\t\t\t<\/div>\n\t\t\t\t<div class=\"elementor-element elementor-element-ea6d8ac elementor-widget elementor-widget-text-editor\" data-id=\"ea6d8ac\" data-element_type=\"widget\" data-e-type=\"widget\" data-widget_type=\"text-editor.default\">\n\t\t\t\t<div class=\"elementor-widget-container\">\n\t\t\t\t\t\t\t\t\t<ul>\n<li>\uc194\ub85c \ud328\ub7ec\uae00\ub77c\uc774\ub354 \uc870\uc885\uc0ac<\/li>\n<li>\uc0c1\uc5c5\uc6a9 \ubc14\uc774\ud50c\ub808\uc774\uc2a4 \ud30c\uc77c\ub7ff<\/li>\n<li>\ube44\ud589 \uac15\uc0ac<\/li>\n<\/ul>\n\t\t\t\t\t\t\t\t<\/div>\n\t\t\t\t<\/div>\n\t\t\t\t\t<\/div>\n\t\t<\/div>\n\t\t\t\t<div class=\"elementor-column elementor-col-25 elementor-inner-column elementor-element elementor-element-229a2f8\" data-id=\"229a2f8\" data-element_type=\"column\" data-e-type=\"column\">\n\t\t\t<div class=\"elementor-widget-wrap elementor-element-populated\">\n\t\t\t\t\t\t<div class=\"elementor-element elementor-element-4992df4 elementor-position-top elementor-widget elementor-widget-image-box\" data-id=\"4992df4\" data-element_type=\"widget\" data-e-type=\"widget\" data-widget_type=\"image-box.default\">\n\t\t\t\t<div class=\"elementor-widget-container\">\n\t\t\t\t\t<div class=\"elementor-image-box-wrapper\"><figure class=\"elementor-image-box-img\"><img decoding=\"async\" src=\"https:\/\/paragliding-luzern.ch\/wp-content\/uploads\/2022\/05\/Phillippe-1.jpg\" title=\"\" alt=\"\" loading=\"lazy\" \/><\/figure><div class=\"elementor-image-box-content\"><h3 class=\"elementor-image-box-title\">Philippe<\/h3><p class=\"elementor-image-box-description\">Biplacepilot  \ube44\ud589 \uac15\uc0ac<\/p><\/div><\/div>\t\t\t\t<\/div>\n\t\t\t\t<\/div>\n\t\t\t\t<div class=\"elementor-element elementor-element-968c29f elementor-widget elementor-widget-text-editor\" data-id=\"968c29f\" data-element_type=\"widget\" data-e-type=\"widget\" data-widget_type=\"text-editor.default\">\n\t\t\t\t<div class=\"elementor-widget-container\">\n\t\t\t\t\t\t\t\t\t<ul>\n<li><span class=\"Y2IQFc\" lang=\"ko\">\uc194\ub85c \ud328\ub7ec\uae00\ub77c\uc774\ub354 \uc870\uc885\uc0ac<br \/>\n<\/span><\/li>\n<li><span class=\"Y2IQFc\" lang=\"ko\">\uc0c1\uc5c5\uc6a9 \ubc14\uc774\ud50c\ub808\uc774\uc2a4 \ud30c\uc77c\ub7ff<br \/>\n<\/span><\/li>\n<li><span class=\"Y2IQFc\" lang=\"ko\">\ube44\ud589 \uac15\uc0ac<\/span><\/li>\n<\/ul>\n\t\t\t\t\t\t\t\t<\/div>\n\t\t\t\t<\/div>\n\t\t\t\t\t<\/div>\n\t\t<\/div>\n\t\t\t\t<div class=\"elementor-column elementor-col-25 elementor-inner-column elementor-element elementor-element-e72cb4b\" data-id=\"e72cb4b\" data-element_type=\"column\" data-e-type=\"column\">\n\t\t\t<div class=\"elementor-widget-wrap elementor-element-populated\">\n\t\t\t\t\t\t<div class=\"elementor-element elementor-element-f8584fd elementor-position-top elementor-widget elementor-widget-image-box\" data-id=\"f8584fd\" data-element_type=\"widget\" data-e-type=\"widget\" data-widget_type=\"image-box.default\">\n\t\t\t\t<div class=\"elementor-widget-container\">\n\t\t\t\t\t<div class=\"elementor-image-box-wrapper\"><figure class=\"elementor-image-box-img\"><img loading=\"lazy\" decoding=\"async\" width=\"417\" height=\"417\" src=\"https:\/\/paragliding-luzern.ch\/wp-content\/uploads\/2022\/05\/Gabor.jpg\" class=\"attachment-full size-full wp-image-32704\" alt=\"Ein Mann und eine Frau posieren f\u00fcr ein Foto vor einem Berg.\" srcset=\"https:\/\/paragliding-luzern.ch\/wp-content\/uploads\/2022\/05\/Gabor.jpg 417w, https:\/\/paragliding-luzern.ch\/wp-content\/uploads\/2022\/05\/Gabor-300x300.jpg 300w, https:\/\/paragliding-luzern.ch\/wp-content\/uploads\/2022\/05\/Gabor-100x100.jpg 100w, https:\/\/paragliding-luzern.ch\/wp-content\/uploads\/2022\/05\/Gabor-150x150.jpg 150w\" sizes=\"(max-width: 417px) 100vw, 417px\" \/><\/figure><div class=\"elementor-image-box-content\"><h3 class=\"elementor-image-box-title\">Gabor<\/h3><p class=\"elementor-image-box-description\">Biplacepilot  \ube44\ud589 \uac15\uc0ac<\/p><\/div><\/div>\t\t\t\t<\/div>\n\t\t\t\t<\/div>\n\t\t\t\t<div class=\"elementor-element elementor-element-13bcc21 elementor-widget elementor-widget-text-editor\" data-id=\"13bcc21\" data-element_type=\"widget\" data-e-type=\"widget\" data-widget_type=\"text-editor.default\">\n\t\t\t\t<div class=\"elementor-widget-container\">\n\t\t\t\t\t\t\t\t\t<ul>\n<li>2002\ub144\ubd80\ud130 \uc194\ub85c \ud328\ub7ec\uae00\ub77c\uc774\ub529 \uc870\uc885\uc0ac \ud6c8\ub828<\/li>\n<li>\uc0c1\uc5c5\uc6a9 \ubc14\uc774\ud50c\ub808\uc774\uc2a4 \ud30c\uc77c\ub7ff<\/li>\n<li>\ube44\ud589 \uac15\uc0ac<\/li>\n<\/ul>\n\t\t\t\t\t\t\t\t<\/div>\n\t\t\t\t<\/div>\n\t\t\t\t\t<\/div>\n\t\t<\/div>\n\t\t\t\t<div class=\"elementor-column elementor-col-25 elementor-inner-column elementor-element elementor-element-76d12d1\" data-id=\"76d12d1\" data-element_type=\"column\" data-e-type=\"column\">\n\t\t\t<div class=\"elementor-widget-wrap elementor-element-populated\">\n\t\t\t\t\t\t<div class=\"elementor-element elementor-element-4e3558c elementor-position-top elementor-widget elementor-widget-image-box\" data-id=\"4e3558c\" data-element_type=\"widget\" data-e-type=\"widget\" data-widget_type=\"image-box.default\">\n\t\t\t\t<div class=\"elementor-widget-container\">\n\t\t\t\t\t<div class=\"elementor-image-box-wrapper\"><figure class=\"elementor-image-box-img\"><img loading=\"lazy\" decoding=\"async\" width=\"500\" height=\"500\" src=\"https:\/\/paragliding-luzern.ch\/wp-content\/uploads\/2022\/05\/Slavi.jpg\" class=\"attachment-full size-full wp-image-32732\" alt=\"Portraitfoto von Slavi.\" srcset=\"https:\/\/paragliding-luzern.ch\/wp-content\/uploads\/2022\/05\/Slavi.jpg 500w, https:\/\/paragliding-luzern.ch\/wp-content\/uploads\/2022\/05\/Slavi-300x300.jpg 300w, https:\/\/paragliding-luzern.ch\/wp-content\/uploads\/2022\/05\/Slavi-100x100.jpg 100w, https:\/\/paragliding-luzern.ch\/wp-content\/uploads\/2022\/05\/Slavi-150x150.jpg 150w\" sizes=\"(max-width: 500px) 100vw, 500px\" \/><\/figure><div class=\"elementor-image-box-content\"><h3 class=\"elementor-image-box-title\">Slavi<\/h3><p class=\"elementor-image-box-description\">Biplacepilot  \ube44\ud589 \uac15\uc0ac<\/p><\/div><\/div>\t\t\t\t<\/div>\n\t\t\t\t<\/div>\n\t\t\t\t<div class=\"elementor-element elementor-element-29a9b42 elementor-widget elementor-widget-text-editor\" data-id=\"29a9b42\" data-element_type=\"widget\" data-e-type=\"widget\" data-widget_type=\"text-editor.default\">\n\t\t\t\t<div class=\"elementor-widget-container\">\n\t\t\t\t\t\t\t\t\t<ul>\n<li>\uc194\ub85c \ud328\ub7ec\uae00\ub77c\uc774\ub354 \uc870\uc885\uc0ac<\/li>\n<li>\uc0c1\uc5c5\uc6a9 \ubc14\uc774\ud50c\ub808\uc774\uc2a4 \ud30c\uc77c\ub7ff<\/li>\n<li>\ube44\ud589 \uac15\uc0ac<\/li>\n<\/ul>\n\t\t\t\t\t\t\t\t<\/div>\n\t\t\t\t<\/div>\n\t\t\t\t\t<\/div>\n\t\t<\/div>\n\t\t\t\t\t<\/div>\n\t\t<\/section>\n\t\t\t\t<section class=\"elementor-section elementor-inner-section elementor-element elementor-element-92eeb5c elementor-section-boxed elementor-section-height-default elementor-section-height-default\" data-id=\"92eeb5c\" data-element_type=\"section\" data-e-type=\"section\">\n\t\t\t\t\t\t<div class=\"elementor-container elementor-column-gap-default\">\n\t\t\t\t\t<div class=\"elementor-column elementor-col-25 elementor-inner-column elementor-element elementor-element-5b522d2\" data-id=\"5b522d2\" data-element_type=\"column\" data-e-type=\"column\">\n\t\t\t<div class=\"elementor-widget-wrap elementor-element-populated\">\n\t\t\t\t\t\t<div class=\"elementor-element elementor-element-5adf3eb elementor-position-top elementor-widget elementor-widget-image-box\" data-id=\"5adf3eb\" data-element_type=\"widget\" data-e-type=\"widget\" data-widget_type=\"image-box.default\">\n\t\t\t\t<div class=\"elementor-widget-container\">\n\t\t\t\t\t<div class=\"elementor-image-box-wrapper\"><figure class=\"elementor-image-box-img\"><img loading=\"lazy\" decoding=\"async\" width=\"500\" height=\"500\" src=\"https:\/\/paragliding-luzern.ch\/wp-content\/uploads\/2023\/04\/Emi-Topo-Coroa-1.jpg\" class=\"attachment-full size-full wp-image-41350\" alt=\"Ein Portraitfoto von Emi\" srcset=\"https:\/\/paragliding-luzern.ch\/wp-content\/uploads\/2023\/04\/Emi-Topo-Coroa-1.jpg 500w, https:\/\/paragliding-luzern.ch\/wp-content\/uploads\/2023\/04\/Emi-Topo-Coroa-1-300x300.jpg 300w, https:\/\/paragliding-luzern.ch\/wp-content\/uploads\/2023\/04\/Emi-Topo-Coroa-1-150x150.jpg 150w, https:\/\/paragliding-luzern.ch\/wp-content\/uploads\/2023\/04\/Emi-Topo-Coroa-1-100x100.jpg 100w\" sizes=\"(max-width: 500px) 100vw, 500px\" \/><\/figure><div class=\"elementor-image-box-content\"><h3 class=\"elementor-image-box-title\">Emi<\/h3><p class=\"elementor-image-box-description\">Biplacepilot  \ube44\ud589 \uac15\uc0ac<\/p><\/div><\/div>\t\t\t\t<\/div>\n\t\t\t\t<\/div>\n\t\t\t\t<div class=\"elementor-element elementor-element-3e46027 elementor-widget elementor-widget-text-editor\" data-id=\"3e46027\" data-element_type=\"widget\" data-e-type=\"widget\" data-widget_type=\"text-editor.default\">\n\t\t\t\t<div class=\"elementor-widget-container\">\n\t\t\t\t\t\t\t\t\t<ul>\n<li>\uc194\ub85c \ud328\ub7ec\uae00\ub77c\uc774\ub354 \uc870\uc885\uc0ac<\/li>\n<li>\uc0c1\uc5c5\uc6a9 \ubc14\uc774\ud50c\ub808\uc774\uc2a4 \ud30c\uc77c\ub7ff<\/li>\n<li>\ube44\ud589 \uac15\uc0ac<\/li>\n<\/ul>\n\t\t\t\t\t\t\t\t<\/div>\n\t\t\t\t<\/div>\n\t\t\t\t\t<\/div>\n\t\t<\/div>\n\t\t\t\t<div class=\"elementor-column elementor-col-25 elementor-inner-column elementor-element elementor-element-a889b40\" data-id=\"a889b40\" data-element_type=\"column\" data-e-type=\"column\">\n\t\t\t<div class=\"elementor-widget-wrap elementor-element-populated\">\n\t\t\t\t\t\t<div class=\"elementor-element elementor-element-c67fb4f elementor-position-top elementor-widget elementor-widget-image-box\" data-id=\"c67fb4f\" data-element_type=\"widget\" data-e-type=\"widget\" data-widget_type=\"image-box.default\">\n\t\t\t\t<div class=\"elementor-widget-container\">\n\t\t\t\t\t<div class=\"elementor-image-box-wrapper\"><figure class=\"elementor-image-box-img\"><img loading=\"lazy\" decoding=\"async\" width=\"500\" height=\"500\" src=\"https:\/\/paragliding-luzern.ch\/wp-content\/uploads\/2023\/03\/Alexandros.jpg\" class=\"attachment-full size-full wp-image-40723\" alt=\"Ein Portraitfoto von Alexandros\" srcset=\"https:\/\/paragliding-luzern.ch\/wp-content\/uploads\/2023\/03\/Alexandros.jpg 500w, https:\/\/paragliding-luzern.ch\/wp-content\/uploads\/2023\/03\/Alexandros-300x300.jpg 300w, https:\/\/paragliding-luzern.ch\/wp-content\/uploads\/2023\/03\/Alexandros-150x150.jpg 150w, https:\/\/paragliding-luzern.ch\/wp-content\/uploads\/2023\/03\/Alexandros-100x100.jpg 100w\" sizes=\"(max-width: 500px) 100vw, 500px\" \/><\/figure><div class=\"elementor-image-box-content\"><h3 class=\"elementor-image-box-title\">Alexandros<\/h3><p class=\"elementor-image-box-description\">\uc6b4\uc601 \uc81c\uc5b4\/\uace0\uac1d \uc9c0\uc6d0<\/p><\/div><\/div>\t\t\t\t<\/div>\n\t\t\t\t<\/div>\n\t\t\t\t<div class=\"elementor-element elementor-element-57d5f27 elementor-widget elementor-widget-text-editor\" data-id=\"57d5f27\" data-element_type=\"widget\" data-e-type=\"widget\" data-widget_type=\"text-editor.default\">\n\t\t\t\t<div class=\"elementor-widget-container\">\n\t\t\t\t\t\t\t\t\t<ul>\n<li><span class=\"Y2IQFc\" lang=\"ko\">\uad00\ub9ac\uc790<\/span><\/li>\n<\/ul>\n\t\t\t\t\t\t\t\t<\/div>\n\t\t\t\t<\/div>\n\t\t\t\t\t<\/div>\n\t\t<\/div>\n\t\t\t\t<div class=\"elementor-column elementor-col-25 elementor-inner-column elementor-element elementor-element-b1f11c4\" data-id=\"b1f11c4\" data-element_type=\"column\" data-e-type=\"column\">\n\t\t\t<div class=\"elementor-widget-wrap elementor-element-populated\">\n\t\t\t\t\t\t<div class=\"elementor-element elementor-element-df776a7 elementor-position-top elementor-widget elementor-widget-image-box\" data-id=\"df776a7\" data-element_type=\"widget\" data-e-type=\"widget\" data-widget_type=\"image-box.default\">\n\t\t\t\t<div class=\"elementor-widget-container\">\n\t\t\t\t\t<div class=\"elementor-image-box-wrapper\"><figure class=\"elementor-image-box-img\"><img loading=\"lazy\" decoding=\"async\" width=\"500\" height=\"500\" src=\"https:\/\/paragliding-luzern.ch\/wp-content\/uploads\/2022\/05\/Vanessa-Konstandakis.jpg\" class=\"attachment-full size-full wp-image-32758\" alt=\"Eine Frau mit Helm und Schutzbrille steht vor einem Berg.\" srcset=\"https:\/\/paragliding-luzern.ch\/wp-content\/uploads\/2022\/05\/Vanessa-Konstandakis.jpg 500w, https:\/\/paragliding-luzern.ch\/wp-content\/uploads\/2022\/05\/Vanessa-Konstandakis-300x300.jpg 300w, https:\/\/paragliding-luzern.ch\/wp-content\/uploads\/2022\/05\/Vanessa-Konstandakis-100x100.jpg 100w, https:\/\/paragliding-luzern.ch\/wp-content\/uploads\/2022\/05\/Vanessa-Konstandakis-150x150.jpg 150w\" sizes=\"(max-width: 500px) 100vw, 500px\" \/><\/figure><div class=\"elementor-image-box-content\"><h3 class=\"elementor-image-box-title\">Vanessa<\/h3><p class=\"elementor-image-box-description\">\uad00\ub9ac\uc790 \/ \uc544\ub974\ubc14\uc774\ud2b8<\/p><\/div><\/div>\t\t\t\t<\/div>\n\t\t\t\t<\/div>\n\t\t\t\t<div class=\"elementor-element elementor-element-0a3bd8c elementor-widget elementor-widget-text-editor\" data-id=\"0a3bd8c\" data-element_type=\"widget\" data-e-type=\"widget\" data-widget_type=\"text-editor.default\">\n\t\t\t\t<div class=\"elementor-widget-container\">\n\t\t\t\t\t\t\t\t\t<ul>\n<li>\uad00\ub9ac\uc790 \/ \uc544\ub974\ubc14\uc774\ud2b8<\/li>\n<\/ul>\n\t\t\t\t\t\t\t\t<\/div>\n\t\t\t\t<\/div>\n\t\t\t\t\t<\/div>\n\t\t<\/div>\n\t\t\t\t<div class=\"elementor-column elementor-col-25 elementor-inner-column elementor-element elementor-element-c9794a3\" data-id=\"c9794a3\" data-element_type=\"column\" data-e-type=\"column\">\n\t\t\t<div class=\"elementor-widget-wrap elementor-element-populated\">\n\t\t\t\t\t\t<div class=\"elementor-element elementor-element-4340490 elementor-position-top elementor-widget elementor-widget-image-box\" data-id=\"4340490\" data-element_type=\"widget\" data-e-type=\"widget\" data-widget_type=\"image-box.default\">\n\t\t\t\t<div class=\"elementor-widget-container\">\n\t\t\t\t\t<div class=\"elementor-image-box-wrapper\"><figure class=\"elementor-image-box-img\"><img loading=\"lazy\" decoding=\"async\" width=\"500\" height=\"500\" src=\"https:\/\/paragliding-luzern.ch\/wp-content\/uploads\/2023\/05\/IMG_3562-6-e1726643755506.jpg\" class=\"attachment-full size-full wp-image-46082\" alt=\"Team Gleitschirm Fl\u00fcge Luzern \/ Paragliding Lucerne\" srcset=\"https:\/\/paragliding-luzern.ch\/wp-content\/uploads\/2023\/05\/IMG_3562-6-e1726643755506.jpg 500w, https:\/\/paragliding-luzern.ch\/wp-content\/uploads\/2023\/05\/IMG_3562-6-e1726643755506-300x300.jpg 300w, https:\/\/paragliding-luzern.ch\/wp-content\/uploads\/2023\/05\/IMG_3562-6-e1726643755506-150x150.jpg 150w, https:\/\/paragliding-luzern.ch\/wp-content\/uploads\/2023\/05\/elementor\/thumbs\/IMG_3562-6-e1726643755506-qua22pdrbcfreizapv5m9f9j0uol8gfsr8jabk9omg.jpg 100w, https:\/\/paragliding-luzern.ch\/wp-content\/uploads\/2023\/05\/elementor\/thumbs\/IMG_3562-6-e1726643755506-150x150.jpg 750w, https:\/\/paragliding-luzern.ch\/wp-content\/uploads\/2023\/05\/elementor\/thumbs\/IMG_3562-6-e1726643755506-150x150.jpg 1000w, https:\/\/paragliding-luzern.ch\/wp-content\/uploads\/2023\/05\/elementor\/thumbs\/IMG_3562-6-e1726643755506-qua22pdt54metj7wc8gdfjj2kv01839dkxf1jnzio4.jpg 250w\" sizes=\"(max-width: 500px) 100vw, 500px\" \/><\/figure><div class=\"elementor-image-box-content\"><h3 class=\"elementor-image-box-title\">Graziella<\/h3><p class=\"elementor-image-box-description\">\ud589\uc815\uc0ac\ubb34\uc2e4 \/ \uc544\ub974\ubc14\uc774\ud2b8<\/p><\/div><\/div>\t\t\t\t<\/div>\n\t\t\t\t<\/div>\n\t\t\t\t<div class=\"elementor-element elementor-element-a12f6a5 elementor-widget elementor-widget-text-editor\" data-id=\"a12f6a5\" data-element_type=\"widget\" data-e-type=\"widget\" data-widget_type=\"text-editor.default\">\n\t\t\t\t<div class=\"elementor-widget-container\">\n\t\t\t\t\t\t\t\t\t<ul>\n<li><span class=\"Y2IQFc\" lang=\"ko\">\uad00\ub9ac\uc790 \/ \uc544\ub974\ubc14\uc774\ud2b8<\/span><\/li>\n<\/ul>\n\t\t\t\t\t\t\t\t<\/div>\n\t\t\t\t<\/div>\n\t\t\t\t\t<\/div>\n\t\t<\/div>\n\t\t\t\t\t<\/div>\n\t\t<\/section>\n\t\t\t\t\t<\/div>\n\t\t<\/div>\n\t\t\t\t\t<\/div>\n\t\t<\/section>\n\t\t\t\t<\/div>\n\t\t","protected":false},"excerpt":{"rendered":"<p>\uc6b0\ub9ac \ud300 \ud328\ub7ec\uae00\ub77c\uc774\ub529 \ub8e8\uccb4\ub978\uc5d0\uc11c\ub294 \uc624\uc9c1 \uc804\ubb38\uac00\uc640 \ud568\uaed8 \ube44\ud589\ud569\ub2c8\ub2e4. \uc6b0\ub9ac \ud300\uc740 \ud328\ub7ec\uae00\ub77c\uc774\ub529\uacfc \uad00\ub828\ub41c \uc815\uaddc\uc9c1 \uc804\ubb38 \uc870\uc885\uc0ac\ub85c \uad6c\uc131\ub418\uc5b4 \uc788\uc2b5\ub2c8\ub2e4. \ubaa8\ub4e0 \ud0e0\ub364 \uc870\uc885\uc0ac\ub294 [&hellip;]<\/p>\n","protected":false},"author":3,"featured_media":0,"parent":0,"menu_order":0,"comment_status":"closed","ping_status":"closed","template":"","meta":{"_uag_custom_page_level_css":"","site-sidebar-layout":"no-sidebar","site-content-layout":"page-builder","ast-site-content-layout":"default","site-content-style":"default","site-sidebar-style":"default","ast-global-header-display":"","ast-banner-title-visibility":"","ast-main-header-display":"","ast-hfb-above-header-display":"","ast-hfb-below-header-display":"","ast-hfb-mobile-header-display":"","site-post-title":"disabled","ast-breadcrumbs-content":"","ast-featured-img":"disabled","footer-sml-layout":"","theme-transparent-header-meta":"","adv-header-id-meta":"","stick-header-meta":"","header-above-stick-meta":"","header-main-stick-meta":"","header-below-stick-meta":"","astra-migrate-meta-layouts":"default","ast-page-background-enabled":"default","ast-page-background-meta":{"desktop":{"background-color":"var(--ast-global-color-4)","background-image":"","background-repeat":"repeat","background-position":"center center","background-size":"auto","background-attachment":"scroll","background-type":"","background-media":"","overlay-type":"","overlay-color":"","overlay-opacity":"","overlay-gradient":""},"tablet":{"background-color":"","background-image":"","background-repeat":"repeat","background-position":"center center","background-size":"auto","background-attachment":"scroll","background-type":"","background-media":"","overlay-type":"","overlay-color":"","overlay-opacity":"","overlay-gradient":""},"mobile":{"background-color":"","background-image":"","background-repeat":"repeat","background-position":"center center","background-size":"auto","background-attachment":"scroll","background-type":"","background-media":"","overlay-type":"","overlay-color":"","overlay-opacity":"","overlay-gradient":""}},"ast-content-background-meta":{"desktop":{"background-color":"var(--ast-global-color-5)","background-image":"","background-repeat":"repeat","background-position":"center center","background-size":"auto","background-attachment":"scroll","background-type":"","background-media":"","overlay-type":"","overlay-color":"","overlay-opacity":"","overlay-gradient":""},"tablet":{"background-color":"var(--ast-global-color-5)","background-image":"","background-repeat":"repeat","background-position":"center center","background-size":"auto","background-attachment":"scroll","background-type":"","background-media":"","overlay-type":"","overlay-color":"","overlay-opacity":"","overlay-gradient":""},"mobile":{"background-color":"var(--ast-global-color-5)","background-image":"","background-repeat":"repeat","background-position":"center center","background-size":"auto","background-attachment":"scroll","background-type":"","background-media":"","overlay-type":"","overlay-color":"","overlay-opacity":"","overlay-gradient":""}},"footnotes":""},"class_list":["post-38612","page","type-page","status-publish","hentry"],"yoast_head":"<!-- This site is optimized with the Yoast SEO plugin v27.0 - https:\/\/yoast.com\/product\/yoast-seo-wordpress\/ -->\n<title>\uc6b0\ub9ac \ud300 - Paragliding Luzern<\/title>\n<meta name=\"description\" content=\"\ud328\ub7ec\uae00\ub77c\uc774\ub529 \ub8e8\uccb4\ub978 \ud300\uc740 \ub2e4\ub144\uac04\uc758 \uacbd\ud5d8\uc744 \uac00\uc9c4 \uacf5\uc778\ub41c \uc804\ubb38 \ud30c\uc77c\ub7ff\uc73c\ub85c \uad6c\uc131\ub418\uc5b4 \uc788\uc2b5\ub2c8\ub2e4. \uc6b0\ub9ac \ubaa8\ub450\ub294 \ube44\ud589\uc5d0 \ub300\ud55c \uc5f4\uc815\uc744 \uacf5\uc720\ud569\ub2c8\ub2e4.\" \/>\n<meta name=\"robots\" content=\"index, follow, max-snippet:-1, max-image-preview:large, max-video-preview:-1\" \/>\n<link rel=\"canonical\" href=\"https:\/\/paragliding-luzern.ch\/ko\/%ec%9a%b0%eb%a6%ac-%ed%8c%80\/\" \/>\n<meta property=\"og:locale\" content=\"ko_KR\" \/>\n<meta property=\"og:type\" content=\"article\" \/>\n<meta property=\"og:title\" content=\"\uc6b0\ub9ac \ud300 - Paragliding Luzern\" \/>\n<meta property=\"og:description\" content=\"\ud328\ub7ec\uae00\ub77c\uc774\ub529 \ub8e8\uccb4\ub978 \ud300\uc740 \ub2e4\ub144\uac04\uc758 \uacbd\ud5d8\uc744 \uac00\uc9c4 \uacf5\uc778\ub41c \uc804\ubb38 \ud30c\uc77c\ub7ff\uc73c\ub85c \uad6c\uc131\ub418\uc5b4 \uc788\uc2b5\ub2c8\ub2e4. \uc6b0\ub9ac \ubaa8\ub450\ub294 \ube44\ud589\uc5d0 \ub300\ud55c \uc5f4\uc815\uc744 \uacf5\uc720\ud569\ub2c8\ub2e4.\" \/>\n<meta property=\"og:url\" content=\"https:\/\/paragliding-luzern.ch\/ko\/%ec%9a%b0%eb%a6%ac-%ed%8c%80\/\" \/>\n<meta property=\"og:site_name\" content=\"Paragliding Luzern\" \/>\n<meta property=\"article:publisher\" content=\"https:\/\/www.facebook.com\/paragliding.lucerne\" \/>\n<meta property=\"article:modified_time\" content=\"2023-08-24T04:36:10+00:00\" \/>\n<meta property=\"og:image\" content=\"https:\/\/paragliding-luzern.ch\/wp-content\/uploads\/2022\/05\/Zacharias-Konstandakis-1.jpg\" \/>\n<meta name=\"twitter:card\" content=\"summary_large_image\" \/>\n<meta name=\"twitter:label1\" content=\"\uc608\uc0c1 \ub418\ub294 \ud310\ub3c5 \uc2dc\uac04\" \/>\n\t<meta name=\"twitter:data1\" content=\"5\ubd84\" \/>\n<script type=\"application\/ld+json\" class=\"yoast-schema-graph\">{\"@context\":\"https:\/\/schema.org\",\"@graph\":[{\"@type\":\"WebPage\",\"@id\":\"https:\/\/paragliding-luzern.ch\/ko\/%ec%9a%b0%eb%a6%ac-%ed%8c%80\/\",\"url\":\"https:\/\/paragliding-luzern.ch\/ko\/%ec%9a%b0%eb%a6%ac-%ed%8c%80\/\",\"name\":\"\uc6b0\ub9ac \ud300 - Paragliding Luzern\",\"isPartOf\":{\"@id\":\"https:\/\/paragliding-luzern.ch\/ko\/#website\"},\"primaryImageOfPage\":{\"@id\":\"https:\/\/paragliding-luzern.ch\/ko\/%ec%9a%b0%eb%a6%ac-%ed%8c%80\/#primaryimage\"},\"image\":{\"@id\":\"https:\/\/paragliding-luzern.ch\/ko\/%ec%9a%b0%eb%a6%ac-%ed%8c%80\/#primaryimage\"},\"thumbnailUrl\":\"https:\/\/paragliding-luzern.ch\/wp-content\/uploads\/2022\/05\/Zacharias-Konstandakis-1.jpg\",\"datePublished\":\"2022-04-07T08:34:10+00:00\",\"dateModified\":\"2023-08-24T04:36:10+00:00\",\"description\":\"\ud328\ub7ec\uae00\ub77c\uc774\ub529 \ub8e8\uccb4\ub978 \ud300\uc740 \ub2e4\ub144\uac04\uc758 \uacbd\ud5d8\uc744 \uac00\uc9c4 \uacf5\uc778\ub41c \uc804\ubb38 \ud30c\uc77c\ub7ff\uc73c\ub85c \uad6c\uc131\ub418\uc5b4 \uc788\uc2b5\ub2c8\ub2e4. \uc6b0\ub9ac \ubaa8\ub450\ub294 \ube44\ud589\uc5d0 \ub300\ud55c \uc5f4\uc815\uc744 \uacf5\uc720\ud569\ub2c8\ub2e4.\",\"breadcrumb\":{\"@id\":\"https:\/\/paragliding-luzern.ch\/ko\/%ec%9a%b0%eb%a6%ac-%ed%8c%80\/#breadcrumb\"},\"inLanguage\":\"ko-KR\",\"potentialAction\":[{\"@type\":\"ReadAction\",\"target\":[\"https:\/\/paragliding-luzern.ch\/ko\/%ec%9a%b0%eb%a6%ac-%ed%8c%80\/\"]}]},{\"@type\":\"ImageObject\",\"inLanguage\":\"ko-KR\",\"@id\":\"https:\/\/paragliding-luzern.ch\/ko\/%ec%9a%b0%eb%a6%ac-%ed%8c%80\/#primaryimage\",\"url\":\"https:\/\/paragliding-luzern.ch\/wp-content\/uploads\/2022\/05\/Zacharias-Konstandakis-1.jpg\",\"contentUrl\":\"https:\/\/paragliding-luzern.ch\/wp-content\/uploads\/2022\/05\/Zacharias-Konstandakis-1.jpg\"},{\"@type\":\"BreadcrumbList\",\"@id\":\"https:\/\/paragliding-luzern.ch\/ko\/%ec%9a%b0%eb%a6%ac-%ed%8c%80\/#breadcrumb\",\"itemListElement\":[{\"@type\":\"ListItem\",\"position\":1,\"name\":\"\ud648\ud398\uc774\uc9c0\",\"item\":\"https:\/\/paragliding-luzern.ch\/ko\/\"},{\"@type\":\"ListItem\",\"position\":2,\"name\":\"\uc6b0\ub9ac \ud300\"}]},{\"@type\":\"WebSite\",\"@id\":\"https:\/\/paragliding-luzern.ch\/ko\/#website\",\"url\":\"https:\/\/paragliding-luzern.ch\/ko\/\",\"name\":\"Paragliding Luzern\",\"description\":\"Gleitschirm Tandemfl\u00fcge in der Zentralschweiz\",\"publisher\":{\"@id\":\"https:\/\/paragliding-luzern.ch\/ko\/#organization\"},\"potentialAction\":[{\"@type\":\"SearchAction\",\"target\":{\"@type\":\"EntryPoint\",\"urlTemplate\":\"https:\/\/paragliding-luzern.ch\/ko\/?s={search_term_string}\"},\"query-input\":{\"@type\":\"PropertyValueSpecification\",\"valueRequired\":true,\"valueName\":\"search_term_string\"}}],\"inLanguage\":\"ko-KR\"},{\"@type\":\"Organization\",\"@id\":\"https:\/\/paragliding-luzern.ch\/ko\/#organization\",\"name\":\"Paragliding Luzern\",\"url\":\"https:\/\/paragliding-luzern.ch\/ko\/\",\"logo\":{\"@type\":\"ImageObject\",\"inLanguage\":\"ko-KR\",\"@id\":\"https:\/\/paragliding-luzern.ch\/ko\/#\/schema\/logo\/image\/\",\"url\":\"https:\/\/paragliding-luzern.ch\/wp-content\/uploads\/2024\/06\/Logo-Paragliding-Luzern-scaled.png\",\"contentUrl\":\"https:\/\/paragliding-luzern.ch\/wp-content\/uploads\/2024\/06\/Logo-Paragliding-Luzern-scaled.png\",\"width\":3593,\"height\":1803,\"caption\":\"Paragliding Luzern\"},\"image\":{\"@id\":\"https:\/\/paragliding-luzern.ch\/ko\/#\/schema\/logo\/image\/\"},\"sameAs\":[\"https:\/\/www.facebook.com\/paragliding.lucerne\",\"https:\/\/www.instagram.com\/paraglidinglucerne\/\",\"https:\/\/www.tripadvisor.de\/Attraction_Review-g1124758-d2150976-Reviews-Paragliding_Luzern-Kriens_Lucerne.html\",\"https:\/\/www.youtube.com\/channel\/UChN0JGy7XLbp1nczp5ZV9qQ\"]}]}<\/script>\n<!-- \/ Yoast SEO plugin. -->","yoast_head_json":{"title":"\uc6b0\ub9ac \ud300 - Paragliding Luzern","description":"\ud328\ub7ec\uae00\ub77c\uc774\ub529 \ub8e8\uccb4\ub978 \ud300\uc740 \ub2e4\ub144\uac04\uc758 \uacbd\ud5d8\uc744 \uac00\uc9c4 \uacf5\uc778\ub41c \uc804\ubb38 \ud30c\uc77c\ub7ff\uc73c\ub85c \uad6c\uc131\ub418\uc5b4 \uc788\uc2b5\ub2c8\ub2e4. \uc6b0\ub9ac \ubaa8\ub450\ub294 \ube44\ud589\uc5d0 \ub300\ud55c \uc5f4\uc815\uc744 \uacf5\uc720\ud569\ub2c8\ub2e4.","robots":{"index":"index","follow":"follow","max-snippet":"max-snippet:-1","max-image-preview":"max-image-preview:large","max-video-preview":"max-video-preview:-1"},"canonical":"https:\/\/paragliding-luzern.ch\/ko\/%ec%9a%b0%eb%a6%ac-%ed%8c%80\/","og_locale":"ko_KR","og_type":"article","og_title":"\uc6b0\ub9ac \ud300 - Paragliding Luzern","og_description":"\ud328\ub7ec\uae00\ub77c\uc774\ub529 \ub8e8\uccb4\ub978 \ud300\uc740 \ub2e4\ub144\uac04\uc758 \uacbd\ud5d8\uc744 \uac00\uc9c4 \uacf5\uc778\ub41c \uc804\ubb38 \ud30c\uc77c\ub7ff\uc73c\ub85c \uad6c\uc131\ub418\uc5b4 \uc788\uc2b5\ub2c8\ub2e4. \uc6b0\ub9ac \ubaa8\ub450\ub294 \ube44\ud589\uc5d0 \ub300\ud55c \uc5f4\uc815\uc744 \uacf5\uc720\ud569\ub2c8\ub2e4.","og_url":"https:\/\/paragliding-luzern.ch\/ko\/%ec%9a%b0%eb%a6%ac-%ed%8c%80\/","og_site_name":"Paragliding Luzern","article_publisher":"https:\/\/www.facebook.com\/paragliding.lucerne","article_modified_time":"2023-08-24T04:36:10+00:00","og_image":[{"url":"https:\/\/paragliding-luzern.ch\/wp-content\/uploads\/2022\/05\/Zacharias-Konstandakis-1.jpg","type":"","width":"","height":""}],"twitter_card":"summary_large_image","twitter_misc":{"\uc608\uc0c1 \ub418\ub294 \ud310\ub3c5 \uc2dc\uac04":"5\ubd84"},"schema":{"@context":"https:\/\/schema.org","@graph":[{"@type":"WebPage","@id":"https:\/\/paragliding-luzern.ch\/ko\/%ec%9a%b0%eb%a6%ac-%ed%8c%80\/","url":"https:\/\/paragliding-luzern.ch\/ko\/%ec%9a%b0%eb%a6%ac-%ed%8c%80\/","name":"\uc6b0\ub9ac \ud300 - Paragliding Luzern","isPartOf":{"@id":"https:\/\/paragliding-luzern.ch\/ko\/#website"},"primaryImageOfPage":{"@id":"https:\/\/paragliding-luzern.ch\/ko\/%ec%9a%b0%eb%a6%ac-%ed%8c%80\/#primaryimage"},"image":{"@id":"https:\/\/paragliding-luzern.ch\/ko\/%ec%9a%b0%eb%a6%ac-%ed%8c%80\/#primaryimage"},"thumbnailUrl":"https:\/\/paragliding-luzern.ch\/wp-content\/uploads\/2022\/05\/Zacharias-Konstandakis-1.jpg","datePublished":"2022-04-07T08:34:10+00:00","dateModified":"2023-08-24T04:36:10+00:00","description":"\ud328\ub7ec\uae00\ub77c\uc774\ub529 \ub8e8\uccb4\ub978 \ud300\uc740 \ub2e4\ub144\uac04\uc758 \uacbd\ud5d8\uc744 \uac00\uc9c4 \uacf5\uc778\ub41c \uc804\ubb38 \ud30c\uc77c\ub7ff\uc73c\ub85c \uad6c\uc131\ub418\uc5b4 \uc788\uc2b5\ub2c8\ub2e4. \uc6b0\ub9ac \ubaa8\ub450\ub294 \ube44\ud589\uc5d0 \ub300\ud55c \uc5f4\uc815\uc744 \uacf5\uc720\ud569\ub2c8\ub2e4.","breadcrumb":{"@id":"https:\/\/paragliding-luzern.ch\/ko\/%ec%9a%b0%eb%a6%ac-%ed%8c%80\/#breadcrumb"},"inLanguage":"ko-KR","potentialAction":[{"@type":"ReadAction","target":["https:\/\/paragliding-luzern.ch\/ko\/%ec%9a%b0%eb%a6%ac-%ed%8c%80\/"]}]},{"@type":"ImageObject","inLanguage":"ko-KR","@id":"https:\/\/paragliding-luzern.ch\/ko\/%ec%9a%b0%eb%a6%ac-%ed%8c%80\/#primaryimage","url":"https:\/\/paragliding-luzern.ch\/wp-content\/uploads\/2022\/05\/Zacharias-Konstandakis-1.jpg","contentUrl":"https:\/\/paragliding-luzern.ch\/wp-content\/uploads\/2022\/05\/Zacharias-Konstandakis-1.jpg"},{"@type":"BreadcrumbList","@id":"https:\/\/paragliding-luzern.ch\/ko\/%ec%9a%b0%eb%a6%ac-%ed%8c%80\/#breadcrumb","itemListElement":[{"@type":"ListItem","position":1,"name":"\ud648\ud398\uc774\uc9c0","item":"https:\/\/paragliding-luzern.ch\/ko\/"},{"@type":"ListItem","position":2,"name":"\uc6b0\ub9ac \ud300"}]},{"@type":"WebSite","@id":"https:\/\/paragliding-luzern.ch\/ko\/#website","url":"https:\/\/paragliding-luzern.ch\/ko\/","name":"Paragliding Luzern","description":"Gleitschirm Tandemfl\u00fcge in der Zentralschweiz","publisher":{"@id":"https:\/\/paragliding-luzern.ch\/ko\/#organization"},"potentialAction":[{"@type":"SearchAction","target":{"@type":"EntryPoint","urlTemplate":"https:\/\/paragliding-luzern.ch\/ko\/?s={search_term_string}"},"query-input":{"@type":"PropertyValueSpecification","valueRequired":true,"valueName":"search_term_string"}}],"inLanguage":"ko-KR"},{"@type":"Organization","@id":"https:\/\/paragliding-luzern.ch\/ko\/#organization","name":"Paragliding Luzern","url":"https:\/\/paragliding-luzern.ch\/ko\/","logo":{"@type":"ImageObject","inLanguage":"ko-KR","@id":"https:\/\/paragliding-luzern.ch\/ko\/#\/schema\/logo\/image\/","url":"https:\/\/paragliding-luzern.ch\/wp-content\/uploads\/2024\/06\/Logo-Paragliding-Luzern-scaled.png","contentUrl":"https:\/\/paragliding-luzern.ch\/wp-content\/uploads\/2024\/06\/Logo-Paragliding-Luzern-scaled.png","width":3593,"height":1803,"caption":"Paragliding Luzern"},"image":{"@id":"https:\/\/paragliding-luzern.ch\/ko\/#\/schema\/logo\/image\/"},"sameAs":["https:\/\/www.facebook.com\/paragliding.lucerne","https:\/\/www.instagram.com\/paraglidinglucerne\/","https:\/\/www.tripadvisor.de\/Attraction_Review-g1124758-d2150976-Reviews-Paragliding_Luzern-Kriens_Lucerne.html","https:\/\/www.youtube.com\/channel\/UChN0JGy7XLbp1nczp5ZV9qQ"]}]}},"uagb_featured_image_src":{"full":false,"thumbnail":false,"medium":false,"medium_large":false,"large":false,"1536x1536":false,"2048x2048":false,"woocommerce_thumbnail":false,"woocommerce_single":false,"woocommerce_gallery_thumbnail":false},"uagb_author_info":{"display_name":"Zacharias Konstandakis","author_link":"https:\/\/paragliding-luzern.ch\/ko\/author\/zacharias\/"},"uagb_comment_info":0,"uagb_excerpt":"\uc6b0\ub9ac \ud300 \ud328\ub7ec\uae00\ub77c\uc774\ub529 \ub8e8\uccb4\ub978\uc5d0\uc11c\ub294 \uc624\uc9c1 \uc804\ubb38\uac00\uc640 \ud568\uaed8 \ube44\ud589\ud569\ub2c8\ub2e4. \uc6b0\ub9ac \ud300\uc740 \ud328\ub7ec\uae00\ub77c\uc774\ub529\uacfc \uad00\ub828\ub41c \uc815\uaddc\uc9c1 \uc804\ubb38 \uc870\uc885\uc0ac\ub85c \uad6c\uc131\ub418\uc5b4 \uc788\uc2b5\ub2c8\ub2e4. \ubaa8\ub4e0 \ud0e0\ub364 \uc870\uc885\uc0ac\ub294 [&hellip;]","_links":{"self":[{"href":"https:\/\/paragliding-luzern.ch\/ko\/wp-json\/wp\/v2\/pages\/38612","targetHints":{"allow":["GET"]}}],"collection":[{"href":"https:\/\/paragliding-luzern.ch\/ko\/wp-json\/wp\/v2\/pages"}],"about":[{"href":"https:\/\/paragliding-luzern.ch\/ko\/wp-json\/wp\/v2\/types\/page"}],"author":[{"embeddable":true,"href":"https:\/\/paragliding-luzern.ch\/ko\/wp-json\/wp\/v2\/users\/3"}],"replies":[{"embeddable":true,"href":"https:\/\/paragliding-luzern.ch\/ko\/wp-json\/wp\/v2\/comments?post=38612"}],"version-history":[{"count":0,"href":"https:\/\/paragliding-luzern.ch\/ko\/wp-json\/wp\/v2\/pages\/38612\/revisions"}],"wp:attachment":[{"href":"https:\/\/paragliding-luzern.ch\/ko\/wp-json\/wp\/v2\/media?parent=38612"}],"curies":[{"name":"wp","href":"https:\/\/api.w.org\/{rel}","templated":true}]}}