{"id":38530,"date":"2022-04-07T11:02:04","date_gmt":"2022-04-07T11:02:04","guid":{"rendered":"https:\/\/paragliding-luzern.ch\/bueelen-engelbergertal\/"},"modified":"2023-10-25T14:52:16","modified_gmt":"2023-10-25T14:52:16","slug":"bueelen-engelbergertal","status":"publish","type":"page","link":"https:\/\/paragliding-luzern.ch\/ko\/bueelen-engelbergertal\/","title":{"rendered":"B\u00fcelen &#8211; Engelbergertal"},"content":{"rendered":"\t\t<div data-elementor-type=\"wp-page\" data-elementor-id=\"38530\" class=\"elementor elementor-38530 elementor-30266\" data-elementor-post-type=\"page\">\n\t\t\t\t\t\t<section class=\"elementor-section elementor-top-section elementor-element elementor-element-29947d53 elementor-section-height-min-height elementor-section-boxed elementor-section-height-default elementor-section-items-middle\" data-id=\"29947d53\" data-element_type=\"section\" data-e-type=\"section\">\n\t\t\t\t\t\t<div class=\"elementor-container elementor-column-gap-default\">\n\t\t\t\t\t<div class=\"elementor-column elementor-col-100 elementor-top-column elementor-element elementor-element-1c66d2c4\" data-id=\"1c66d2c4\" data-element_type=\"column\" data-e-type=\"column\">\n\t\t\t<div class=\"elementor-widget-wrap elementor-element-populated\">\n\t\t\t\t\t\t<section class=\"elementor-section elementor-inner-section elementor-element elementor-element-508788de elementor-section-boxed elementor-section-height-default elementor-section-height-default\" data-id=\"508788de\" data-element_type=\"section\" data-e-type=\"section\">\n\t\t\t\t\t\t<div class=\"elementor-container elementor-column-gap-default\">\n\t\t\t\t\t<div class=\"elementor-column elementor-col-50 elementor-inner-column elementor-element elementor-element-53c2efcf\" data-id=\"53c2efcf\" data-element_type=\"column\" data-e-type=\"column\">\n\t\t\t<div class=\"elementor-widget-wrap elementor-element-populated\">\n\t\t\t\t\t\t<div class=\"elementor-element elementor-element-14108a99 elementor-widget elementor-widget-heading\" data-id=\"14108a99\" data-element_type=\"widget\" data-e-type=\"widget\" data-widget_type=\"heading.default\">\n\t\t\t\t<div class=\"elementor-widget-container\">\n\t\t\t\t\t<h6 class=\"elementor-heading-title elementor-size-default\">\ube44\ud589 \uc9c0\uc5ed<\/h6>\t\t\t\t<\/div>\n\t\t\t\t<\/div>\n\t\t\t\t<div class=\"elementor-element elementor-element-79e7d782 elementor-widget elementor-widget-heading\" data-id=\"79e7d782\" data-element_type=\"widget\" data-e-type=\"widget\" data-widget_type=\"heading.default\">\n\t\t\t\t<div class=\"elementor-widget-container\">\n\t\t\t\t\t<h6 class=\"elementor-heading-title elementor-size-default\">B\u00fcelen - Grafenort<\/h6>\t\t\t\t<\/div>\n\t\t\t\t<\/div>\n\t\t\t\t<div class=\"elementor-element elementor-element-3d61ad63 elementor-widget elementor-widget-text-editor\" data-id=\"3d61ad63\" data-element_type=\"widget\" data-e-type=\"widget\" data-widget_type=\"text-editor.default\">\n\t\t\t\t<div class=\"elementor-widget-container\">\n\t\t\t\t\t\t\t\t\t<p><span class=\"Y2IQFc\" lang=\"ko\">Wolfenschiessen \uadfc\ucc98\uc758 B\u00fcelen\uc740 Engelberg \uacc4\uace1 \ud55c\uac00\uc6b4\ub370\uc5d0 \uc788\uc73c\uba70 \ubc14\ub78c\uc73c\ub85c\ubd80\ud130 \ub9e4\uc6b0 \uc798 \ubcf4\ud638\ub429\ub2c8\ub2e4. \uc774\uac83\uc740 \ud444\uc774 \ub2e4\ub978 \uc9c0\uc5ed\uc5d0\uc11c \ube44\ud589\uc744 \ubd88\uac00\ub2a5\ud558\uac8c \ub9cc\ub4e0 \uc9c0 \uc624\ub798\uc778\ub370 \uc5ec\uae30\uc11c \uc885\uc885 \ube44\ud589\uc774 \uc5ec\uc804\ud788 \uac00\ub2a5\ud55c \uc774\uc720\uc785\ub2c8\ub2e4. \ud2b9\ud788 \uc8fc\ubaa9\ud560\ub9cc\ud55c \uac83\uc740 \uc811\uc774\uc2dd \uacf5\uac04, \uc88c\uc11d \ubc0f \ub2e4\uc591\ud55c \uc0cc\ub4dc\uc704\uce58, \uc544\uc774\uc2a4\ud06c\ub9bc \ubc0f \uc74c\ub8cc\ub97c \uac16\ucd98 \ucc29\ub959\uc7a5\uc758 \ud6cc\ub96d\ud55c \uc778\ud504\ub77c\uc785\ub2c8\ub2e4.<\/span><\/p>\n\t\t\t\t\t\t\t\t<\/div>\n\t\t\t\t<\/div>\n\t\t\t\t<div class=\"elementor-element elementor-element-c4442d5 elementor-widget elementor-widget-text-editor\" data-id=\"c4442d5\" data-element_type=\"widget\" data-e-type=\"widget\" data-widget_type=\"text-editor.default\">\n\t\t\t\t<div class=\"elementor-widget-container\">\n\t\t\t\t\t\t\t\t\t<p><span class=\"Y2IQFc\" lang=\"ko\">Treffort\ub294 <strong>Grafenort<\/strong>\uc5d0 \uc788\ub294 <strong>B\u00fcelen<\/strong> \ucf00\uc774\ube14\uce74\uc758 \uacc4\uace1\uc5ed \ub610\ub294 <strong>Restaurant<\/strong> <strong>Wirtschaft &amp; Herrenhaus Grafenort<\/strong> \uc8fc\ucc28\uc7a5\uc5d0 \uc788\uc2b5\ub2c8\ub2e4. \uc544\ub798 \uc9c0\ub3c4\ub97c \uc0ac\uc6a9\ud558\uc5ec \uacbd\ub85c\ub97c \uacc4\ud68d\ud560 \uc218 \uc788\uc2b5\ub2c8\ub2e4.<\/span><\/p>\n\t\t\t\t\t\t\t\t<\/div>\n\t\t\t\t<\/div>\n\t\t\t\t<div class=\"elementor-element elementor-element-e2de7d8 elementor-align-center elementor-widget elementor-widget-button\" data-id=\"e2de7d8\" data-element_type=\"widget\" data-e-type=\"widget\" data-widget_type=\"button.default\">\n\t\t\t\t<div class=\"elementor-widget-container\">\n\t\t\t\t\t\t\t\t\t<div class=\"elementor-button-wrapper\">\n\t\t\t\t\t<a class=\"elementor-button elementor-button-link elementor-size-sm\" href=\"https:\/\/paragliding-luzern.ch\/ko\/%eb%b9%84%ed%96%89-%ec%a7%80%ec%97%ad\/\">\n\t\t\t\t\t\t<span class=\"elementor-button-content-wrapper\">\n\t\t\t\t\t\t\t\t\t<span class=\"elementor-button-text\">\ubaa8\ub4e0 \ud56d\uacf5\ud3b8 \uc9c0\uc5ed\uc73c\ub85c<\/span>\n\t\t\t\t\t<\/span>\n\t\t\t\t\t<\/a>\n\t\t\t\t<\/div>\n\t\t\t\t\t\t\t\t<\/div>\n\t\t\t\t<\/div>\n\t\t\t\t<div class=\"elementor-element elementor-element-e1524da elementor-align-center elementor-widget elementor-widget-button\" data-id=\"e1524da\" data-element_type=\"widget\" data-e-type=\"widget\" data-widget_type=\"button.default\">\n\t\t\t\t<div class=\"elementor-widget-container\">\n\t\t\t\t\t\t\t\t\t<div class=\"elementor-button-wrapper\">\n\t\t\t\t\t<a class=\"elementor-button elementor-button-link elementor-size-sm\" href=\"https:\/\/paragliding-luzern.ch\/ko\/%ed%83%a0%eb%8d%a4-%eb%b9%84%ed%96%89\/\">\n\t\t\t\t\t\t<span class=\"elementor-button-content-wrapper\">\n\t\t\t\t\t\t\t\t\t<span class=\"elementor-button-text\">\uc628\ub77c\uc778 \uc608\uc57d<\/span>\n\t\t\t\t\t<\/span>\n\t\t\t\t\t<\/a>\n\t\t\t\t<\/div>\n\t\t\t\t\t\t\t\t<\/div>\n\t\t\t\t<\/div>\n\t\t\t\t\t<\/div>\n\t\t<\/div>\n\t\t\t\t<div class=\"elementor-column elementor-col-50 elementor-inner-column elementor-element elementor-element-516e2bba\" data-id=\"516e2bba\" data-element_type=\"column\" data-e-type=\"column\">\n\t\t\t<div class=\"elementor-widget-wrap elementor-element-populated\">\n\t\t\t\t\t\t<div class=\"elementor-element elementor-element-59c231c3 elementor-widget elementor-widget-image\" data-id=\"59c231c3\" data-element_type=\"widget\" data-e-type=\"widget\" data-widget_type=\"image.default\">\n\t\t\t\t<div class=\"elementor-widget-container\">\n\t\t\t\t\t\t\t\t\t\t\t\t\t\t\t<img fetchpriority=\"high\" decoding=\"async\" width=\"500\" height=\"500\" src=\"https:\/\/paragliding-luzern.ch\/wp-content\/uploads\/2022\/05\/Moni.jpg\" class=\"attachment-full size-full wp-image-32719\" alt=\"Gleitschirmpiloten, die \u00fcber gr\u00fcne H\u00fcgel fliegen.\" srcset=\"https:\/\/paragliding-luzern.ch\/wp-content\/uploads\/2022\/05\/Moni.jpg 500w, https:\/\/paragliding-luzern.ch\/wp-content\/uploads\/2022\/05\/Moni-300x300.jpg 300w, https:\/\/paragliding-luzern.ch\/wp-content\/uploads\/2022\/05\/Moni-100x100.jpg 100w, https:\/\/paragliding-luzern.ch\/wp-content\/uploads\/2022\/05\/Moni-150x150.jpg 150w\" sizes=\"(max-width: 500px) 100vw, 500px\" \/>\t\t\t\t\t\t\t\t\t\t\t\t\t\t\t<\/div>\n\t\t\t\t<\/div>\n\t\t\t\t\t<\/div>\n\t\t<\/div>\n\t\t\t\t\t<\/div>\n\t\t<\/section>\n\t\t\t\t\t<\/div>\n\t\t<\/div>\n\t\t\t\t\t<\/div>\n\t\t<\/section>\n\t\t\t\t<section class=\"elementor-section elementor-top-section elementor-element elementor-element-448f4513 elementor-section-height-min-height elementor-section-boxed elementor-section-height-default elementor-section-items-middle\" data-id=\"448f4513\" data-element_type=\"section\" data-e-type=\"section\">\n\t\t\t\t\t\t<div class=\"elementor-container elementor-column-gap-default\">\n\t\t\t\t\t<div class=\"elementor-column elementor-col-100 elementor-top-column elementor-element elementor-element-6ea96f2f\" data-id=\"6ea96f2f\" data-element_type=\"column\" data-e-type=\"column\">\n\t\t\t<div class=\"elementor-widget-wrap elementor-element-populated\">\n\t\t\t\t\t\t<div class=\"elementor-element elementor-element-294a0e6 elementor-widget elementor-widget-google_maps\" data-id=\"294a0e6\" data-element_type=\"widget\" data-e-type=\"widget\" data-widget_type=\"google_maps.default\">\n\t\t\t\t<div class=\"elementor-widget-container\">\n\t\t\t\t\t\t\t<div class=\"elementor-custom-embed\">\n\t\t\t<iframe loading=\"lazy\"\n\t\t\t\t\tsrc=\"https:\/\/maps.google.com\/maps?q=Luftseilbahn%20Bielen%20Geissmattli&#038;t=m&#038;z=8&#038;output=embed&#038;iwloc=near\"\n\t\t\t\t\ttitle=\"Luftseilbahn Bielen Geissmattli\"\n\t\t\t\t\taria-label=\"Luftseilbahn Bielen Geissmattli\"\n\t\t\t><\/iframe>\n\t\t<\/div>\n\t\t\t\t\t\t<\/div>\n\t\t\t\t<\/div>\n\t\t\t\t\t<\/div>\n\t\t<\/div>\n\t\t\t\t\t<\/div>\n\t\t<\/section>\n\t\t\t\t<\/div>\n\t\t","protected":false},"excerpt":{"rendered":"<p>\ube44\ud589 \uc9c0\uc5ed B\u00fcelen &#8211; Grafenort Wolfenschiessen \uadfc\ucc98\uc758 B\u00fcelen\uc740 Engelberg \uacc4\uace1 \ud55c\uac00\uc6b4\ub370\uc5d0 \uc788\uc73c\uba70 \ubc14\ub78c\uc73c\ub85c\ubd80\ud130 \ub9e4\uc6b0 \uc798 \ubcf4\ud638\ub429\ub2c8\ub2e4. \uc774\uac83\uc740 \ud444\uc774 \ub2e4\ub978 \uc9c0\uc5ed\uc5d0\uc11c [&hellip;]<\/p>\n","protected":false},"author":3,"featured_media":0,"parent":0,"menu_order":0,"comment_status":"closed","ping_status":"closed","template":"","meta":{"_uag_custom_page_level_css":"","site-sidebar-layout":"no-sidebar","site-content-layout":"page-builder","ast-site-content-layout":"default","site-content-style":"default","site-sidebar-style":"default","ast-global-header-display":"","ast-banner-title-visibility":"","ast-main-header-display":"","ast-hfb-above-header-display":"","ast-hfb-below-header-display":"","ast-hfb-mobile-header-display":"","site-post-title":"disabled","ast-breadcrumbs-content":"","ast-featured-img":"disabled","footer-sml-layout":"","theme-transparent-header-meta":"","adv-header-id-meta":"","stick-header-meta":"","header-above-stick-meta":"","header-main-stick-meta":"","header-below-stick-meta":"","astra-migrate-meta-layouts":"default","ast-page-background-enabled":"default","ast-page-background-meta":{"desktop":{"background-color":"var(--ast-global-color-4)","background-image":"","background-repeat":"repeat","background-position":"center center","background-size":"auto","background-attachment":"scroll","background-type":"","background-media":"","overlay-type":"","overlay-color":"","overlay-opacity":"","overlay-gradient":""},"tablet":{"background-color":"","background-image":"","background-repeat":"repeat","background-position":"center center","background-size":"auto","background-attachment":"scroll","background-type":"","background-media":"","overlay-type":"","overlay-color":"","overlay-opacity":"","overlay-gradient":""},"mobile":{"background-color":"","background-image":"","background-repeat":"repeat","background-position":"center center","background-size":"auto","background-attachment":"scroll","background-type":"","background-media":"","overlay-type":"","overlay-color":"","overlay-opacity":"","overlay-gradient":""}},"ast-content-background-meta":{"desktop":{"background-color":"var(--ast-global-color-5)","background-image":"","background-repeat":"repeat","background-position":"center center","background-size":"auto","background-attachment":"scroll","background-type":"","background-media":"","overlay-type":"","overlay-color":"","overlay-opacity":"","overlay-gradient":""},"tablet":{"background-color":"var(--ast-global-color-5)","background-image":"","background-repeat":"repeat","background-position":"center center","background-size":"auto","background-attachment":"scroll","background-type":"","background-media":"","overlay-type":"","overlay-color":"","overlay-opacity":"","overlay-gradient":""},"mobile":{"background-color":"var(--ast-global-color-5)","background-image":"","background-repeat":"repeat","background-position":"center center","background-size":"auto","background-attachment":"scroll","background-type":"","background-media":"","overlay-type":"","overlay-color":"","overlay-opacity":"","overlay-gradient":""}},"footnotes":""},"class_list":["post-38530","page","type-page","status-publish","hentry"],"yoast_head":"<!-- This site is optimized with the Yoast SEO plugin v27.0 - https:\/\/yoast.com\/product\/yoast-seo-wordpress\/ -->\n<title>B\u00fcelen - Engelbergertal - Paragliding Luzern<\/title>\n<meta name=\"description\" content=\"\uc5e5\uac94\ubca0\ub974\ud06c \uacc4\uace1\uc758 \ube44\ud589 \uc9c0\uc5ed \ubddc\ub80c\uc5d0\uc11c \uafc8 \uac19\uc740 \uac10\ub3d9\uc744 \ub290\uaef4\ubcf4\uc138\uc694. \uc5ec\uae30\uc5d0\uc11c \ub9cc\ub0a8\uc758 \uc7a5\uc18c\uc640 \uacbd\ub85c \ud50c\ub798\ub108\ub97c \ucc3e\uc744 \uc218 \uc788\uc2b5\ub2c8\ub2e4.\" \/>\n<meta name=\"robots\" content=\"index, follow, max-snippet:-1, max-image-preview:large, max-video-preview:-1\" \/>\n<link rel=\"canonical\" href=\"https:\/\/paragliding-luzern.ch\/ko\/bueelen-engelbergertal\/\" \/>\n<meta property=\"og:locale\" content=\"ko_KR\" \/>\n<meta property=\"og:type\" content=\"article\" \/>\n<meta property=\"og:title\" content=\"B\u00fcelen - Engelbergertal - Paragliding Luzern\" \/>\n<meta property=\"og:description\" content=\"\uc5e5\uac94\ubca0\ub974\ud06c \uacc4\uace1\uc758 \ube44\ud589 \uc9c0\uc5ed \ubddc\ub80c\uc5d0\uc11c \uafc8 \uac19\uc740 \uac10\ub3d9\uc744 \ub290\uaef4\ubcf4\uc138\uc694. \uc5ec\uae30\uc5d0\uc11c \ub9cc\ub0a8\uc758 \uc7a5\uc18c\uc640 \uacbd\ub85c \ud50c\ub798\ub108\ub97c \ucc3e\uc744 \uc218 \uc788\uc2b5\ub2c8\ub2e4.\" \/>\n<meta property=\"og:url\" content=\"https:\/\/paragliding-luzern.ch\/ko\/bueelen-engelbergertal\/\" \/>\n<meta property=\"og:site_name\" content=\"Paragliding Luzern\" \/>\n<meta property=\"article:publisher\" content=\"https:\/\/www.facebook.com\/paragliding.lucerne\" \/>\n<meta property=\"article:modified_time\" content=\"2023-10-25T14:52:16+00:00\" \/>\n<meta property=\"og:image\" content=\"https:\/\/paragliding-luzern.ch\/wp-content\/uploads\/2022\/05\/Moni.jpg\" \/>\n<meta name=\"twitter:card\" content=\"summary_large_image\" \/>\n<script type=\"application\/ld+json\" class=\"yoast-schema-graph\">{\"@context\":\"https:\/\/schema.org\",\"@graph\":[{\"@type\":\"WebPage\",\"@id\":\"https:\/\/paragliding-luzern.ch\/ko\/bueelen-engelbergertal\/\",\"url\":\"https:\/\/paragliding-luzern.ch\/ko\/bueelen-engelbergertal\/\",\"name\":\"B\u00fcelen - Engelbergertal - Paragliding Luzern\",\"isPartOf\":{\"@id\":\"https:\/\/paragliding-luzern.ch\/ko\/#website\"},\"primaryImageOfPage\":{\"@id\":\"https:\/\/paragliding-luzern.ch\/ko\/bueelen-engelbergertal\/#primaryimage\"},\"image\":{\"@id\":\"https:\/\/paragliding-luzern.ch\/ko\/bueelen-engelbergertal\/#primaryimage\"},\"thumbnailUrl\":\"https:\/\/paragliding-luzern.ch\/wp-content\/uploads\/2022\/05\/Moni.jpg\",\"datePublished\":\"2022-04-07T11:02:04+00:00\",\"dateModified\":\"2023-10-25T14:52:16+00:00\",\"description\":\"\uc5e5\uac94\ubca0\ub974\ud06c \uacc4\uace1\uc758 \ube44\ud589 \uc9c0\uc5ed \ubddc\ub80c\uc5d0\uc11c \uafc8 \uac19\uc740 \uac10\ub3d9\uc744 \ub290\uaef4\ubcf4\uc138\uc694. \uc5ec\uae30\uc5d0\uc11c \ub9cc\ub0a8\uc758 \uc7a5\uc18c\uc640 \uacbd\ub85c \ud50c\ub798\ub108\ub97c \ucc3e\uc744 \uc218 \uc788\uc2b5\ub2c8\ub2e4.\",\"breadcrumb\":{\"@id\":\"https:\/\/paragliding-luzern.ch\/ko\/bueelen-engelbergertal\/#breadcrumb\"},\"inLanguage\":\"ko-KR\",\"potentialAction\":[{\"@type\":\"ReadAction\",\"target\":[\"https:\/\/paragliding-luzern.ch\/ko\/bueelen-engelbergertal\/\"]}]},{\"@type\":\"ImageObject\",\"inLanguage\":\"ko-KR\",\"@id\":\"https:\/\/paragliding-luzern.ch\/ko\/bueelen-engelbergertal\/#primaryimage\",\"url\":\"https:\/\/paragliding-luzern.ch\/wp-content\/uploads\/2022\/05\/Moni.jpg\",\"contentUrl\":\"https:\/\/paragliding-luzern.ch\/wp-content\/uploads\/2022\/05\/Moni.jpg\"},{\"@type\":\"BreadcrumbList\",\"@id\":\"https:\/\/paragliding-luzern.ch\/ko\/bueelen-engelbergertal\/#breadcrumb\",\"itemListElement\":[{\"@type\":\"ListItem\",\"position\":1,\"name\":\"\ud648\ud398\uc774\uc9c0\",\"item\":\"https:\/\/paragliding-luzern.ch\/ko\/\"},{\"@type\":\"ListItem\",\"position\":2,\"name\":\"B\u00fcelen &#8211; Engelbergertal\"}]},{\"@type\":\"WebSite\",\"@id\":\"https:\/\/paragliding-luzern.ch\/ko\/#website\",\"url\":\"https:\/\/paragliding-luzern.ch\/ko\/\",\"name\":\"Paragliding Luzern\",\"description\":\"Gleitschirm Tandemfl\u00fcge in der Zentralschweiz\",\"publisher\":{\"@id\":\"https:\/\/paragliding-luzern.ch\/ko\/#organization\"},\"potentialAction\":[{\"@type\":\"SearchAction\",\"target\":{\"@type\":\"EntryPoint\",\"urlTemplate\":\"https:\/\/paragliding-luzern.ch\/ko\/?s={search_term_string}\"},\"query-input\":{\"@type\":\"PropertyValueSpecification\",\"valueRequired\":true,\"valueName\":\"search_term_string\"}}],\"inLanguage\":\"ko-KR\"},{\"@type\":\"Organization\",\"@id\":\"https:\/\/paragliding-luzern.ch\/ko\/#organization\",\"name\":\"Paragliding Luzern\",\"url\":\"https:\/\/paragliding-luzern.ch\/ko\/\",\"logo\":{\"@type\":\"ImageObject\",\"inLanguage\":\"ko-KR\",\"@id\":\"https:\/\/paragliding-luzern.ch\/ko\/#\/schema\/logo\/image\/\",\"url\":\"https:\/\/paragliding-luzern.ch\/wp-content\/uploads\/2024\/06\/Logo-Paragliding-Luzern-scaled.png\",\"contentUrl\":\"https:\/\/paragliding-luzern.ch\/wp-content\/uploads\/2024\/06\/Logo-Paragliding-Luzern-scaled.png\",\"width\":3593,\"height\":1803,\"caption\":\"Paragliding Luzern\"},\"image\":{\"@id\":\"https:\/\/paragliding-luzern.ch\/ko\/#\/schema\/logo\/image\/\"},\"sameAs\":[\"https:\/\/www.facebook.com\/paragliding.lucerne\",\"https:\/\/www.instagram.com\/paraglidinglucerne\/\",\"https:\/\/www.tripadvisor.de\/Attraction_Review-g1124758-d2150976-Reviews-Paragliding_Luzern-Kriens_Lucerne.html\",\"https:\/\/www.youtube.com\/channel\/UChN0JGy7XLbp1nczp5ZV9qQ\"]}]}<\/script>\n<!-- \/ Yoast SEO plugin. -->","yoast_head_json":{"title":"B\u00fcelen - Engelbergertal - Paragliding Luzern","description":"\uc5e5\uac94\ubca0\ub974\ud06c \uacc4\uace1\uc758 \ube44\ud589 \uc9c0\uc5ed \ubddc\ub80c\uc5d0\uc11c \uafc8 \uac19\uc740 \uac10\ub3d9\uc744 \ub290\uaef4\ubcf4\uc138\uc694. \uc5ec\uae30\uc5d0\uc11c \ub9cc\ub0a8\uc758 \uc7a5\uc18c\uc640 \uacbd\ub85c \ud50c\ub798\ub108\ub97c \ucc3e\uc744 \uc218 \uc788\uc2b5\ub2c8\ub2e4.","robots":{"index":"index","follow":"follow","max-snippet":"max-snippet:-1","max-image-preview":"max-image-preview:large","max-video-preview":"max-video-preview:-1"},"canonical":"https:\/\/paragliding-luzern.ch\/ko\/bueelen-engelbergertal\/","og_locale":"ko_KR","og_type":"article","og_title":"B\u00fcelen - Engelbergertal - Paragliding Luzern","og_description":"\uc5e5\uac94\ubca0\ub974\ud06c \uacc4\uace1\uc758 \ube44\ud589 \uc9c0\uc5ed \ubddc\ub80c\uc5d0\uc11c \uafc8 \uac19\uc740 \uac10\ub3d9\uc744 \ub290\uaef4\ubcf4\uc138\uc694. \uc5ec\uae30\uc5d0\uc11c \ub9cc\ub0a8\uc758 \uc7a5\uc18c\uc640 \uacbd\ub85c \ud50c\ub798\ub108\ub97c \ucc3e\uc744 \uc218 \uc788\uc2b5\ub2c8\ub2e4.","og_url":"https:\/\/paragliding-luzern.ch\/ko\/bueelen-engelbergertal\/","og_site_name":"Paragliding Luzern","article_publisher":"https:\/\/www.facebook.com\/paragliding.lucerne","article_modified_time":"2023-10-25T14:52:16+00:00","og_image":[{"url":"https:\/\/paragliding-luzern.ch\/wp-content\/uploads\/2022\/05\/Moni.jpg","type":"","width":"","height":""}],"twitter_card":"summary_large_image","schema":{"@context":"https:\/\/schema.org","@graph":[{"@type":"WebPage","@id":"https:\/\/paragliding-luzern.ch\/ko\/bueelen-engelbergertal\/","url":"https:\/\/paragliding-luzern.ch\/ko\/bueelen-engelbergertal\/","name":"B\u00fcelen - Engelbergertal - Paragliding Luzern","isPartOf":{"@id":"https:\/\/paragliding-luzern.ch\/ko\/#website"},"primaryImageOfPage":{"@id":"https:\/\/paragliding-luzern.ch\/ko\/bueelen-engelbergertal\/#primaryimage"},"image":{"@id":"https:\/\/paragliding-luzern.ch\/ko\/bueelen-engelbergertal\/#primaryimage"},"thumbnailUrl":"https:\/\/paragliding-luzern.ch\/wp-content\/uploads\/2022\/05\/Moni.jpg","datePublished":"2022-04-07T11:02:04+00:00","dateModified":"2023-10-25T14:52:16+00:00","description":"\uc5e5\uac94\ubca0\ub974\ud06c \uacc4\uace1\uc758 \ube44\ud589 \uc9c0\uc5ed \ubddc\ub80c\uc5d0\uc11c \uafc8 \uac19\uc740 \uac10\ub3d9\uc744 \ub290\uaef4\ubcf4\uc138\uc694. \uc5ec\uae30\uc5d0\uc11c \ub9cc\ub0a8\uc758 \uc7a5\uc18c\uc640 \uacbd\ub85c \ud50c\ub798\ub108\ub97c \ucc3e\uc744 \uc218 \uc788\uc2b5\ub2c8\ub2e4.","breadcrumb":{"@id":"https:\/\/paragliding-luzern.ch\/ko\/bueelen-engelbergertal\/#breadcrumb"},"inLanguage":"ko-KR","potentialAction":[{"@type":"ReadAction","target":["https:\/\/paragliding-luzern.ch\/ko\/bueelen-engelbergertal\/"]}]},{"@type":"ImageObject","inLanguage":"ko-KR","@id":"https:\/\/paragliding-luzern.ch\/ko\/bueelen-engelbergertal\/#primaryimage","url":"https:\/\/paragliding-luzern.ch\/wp-content\/uploads\/2022\/05\/Moni.jpg","contentUrl":"https:\/\/paragliding-luzern.ch\/wp-content\/uploads\/2022\/05\/Moni.jpg"},{"@type":"BreadcrumbList","@id":"https:\/\/paragliding-luzern.ch\/ko\/bueelen-engelbergertal\/#breadcrumb","itemListElement":[{"@type":"ListItem","position":1,"name":"\ud648\ud398\uc774\uc9c0","item":"https:\/\/paragliding-luzern.ch\/ko\/"},{"@type":"ListItem","position":2,"name":"B\u00fcelen &#8211; Engelbergertal"}]},{"@type":"WebSite","@id":"https:\/\/paragliding-luzern.ch\/ko\/#website","url":"https:\/\/paragliding-luzern.ch\/ko\/","name":"Paragliding Luzern","description":"Gleitschirm Tandemfl\u00fcge in der Zentralschweiz","publisher":{"@id":"https:\/\/paragliding-luzern.ch\/ko\/#organization"},"potentialAction":[{"@type":"SearchAction","target":{"@type":"EntryPoint","urlTemplate":"https:\/\/paragliding-luzern.ch\/ko\/?s={search_term_string}"},"query-input":{"@type":"PropertyValueSpecification","valueRequired":true,"valueName":"search_term_string"}}],"inLanguage":"ko-KR"},{"@type":"Organization","@id":"https:\/\/paragliding-luzern.ch\/ko\/#organization","name":"Paragliding Luzern","url":"https:\/\/paragliding-luzern.ch\/ko\/","logo":{"@type":"ImageObject","inLanguage":"ko-KR","@id":"https:\/\/paragliding-luzern.ch\/ko\/#\/schema\/logo\/image\/","url":"https:\/\/paragliding-luzern.ch\/wp-content\/uploads\/2024\/06\/Logo-Paragliding-Luzern-scaled.png","contentUrl":"https:\/\/paragliding-luzern.ch\/wp-content\/uploads\/2024\/06\/Logo-Paragliding-Luzern-scaled.png","width":3593,"height":1803,"caption":"Paragliding Luzern"},"image":{"@id":"https:\/\/paragliding-luzern.ch\/ko\/#\/schema\/logo\/image\/"},"sameAs":["https:\/\/www.facebook.com\/paragliding.lucerne","https:\/\/www.instagram.com\/paraglidinglucerne\/","https:\/\/www.tripadvisor.de\/Attraction_Review-g1124758-d2150976-Reviews-Paragliding_Luzern-Kriens_Lucerne.html","https:\/\/www.youtube.com\/channel\/UChN0JGy7XLbp1nczp5ZV9qQ"]}]}},"uagb_featured_image_src":{"full":false,"thumbnail":false,"medium":false,"medium_large":false,"large":false,"1536x1536":false,"2048x2048":false,"woocommerce_thumbnail":false,"woocommerce_single":false,"woocommerce_gallery_thumbnail":false},"uagb_author_info":{"display_name":"Zacharias Konstandakis","author_link":"https:\/\/paragliding-luzern.ch\/ko\/author\/zacharias\/"},"uagb_comment_info":0,"uagb_excerpt":"\ube44\ud589 \uc9c0\uc5ed B\u00fcelen &#8211; Grafenort Wolfenschiessen \uadfc\ucc98\uc758 B\u00fcelen\uc740 Engelberg \uacc4\uace1 \ud55c\uac00\uc6b4\ub370\uc5d0 \uc788\uc73c\uba70 \ubc14\ub78c\uc73c\ub85c\ubd80\ud130 \ub9e4\uc6b0 \uc798 \ubcf4\ud638\ub429\ub2c8\ub2e4. \uc774\uac83\uc740 \ud444\uc774 \ub2e4\ub978 \uc9c0\uc5ed\uc5d0\uc11c [&hellip;]","_links":{"self":[{"href":"https:\/\/paragliding-luzern.ch\/ko\/wp-json\/wp\/v2\/pages\/38530","targetHints":{"allow":["GET"]}}],"collection":[{"href":"https:\/\/paragliding-luzern.ch\/ko\/wp-json\/wp\/v2\/pages"}],"about":[{"href":"https:\/\/paragliding-luzern.ch\/ko\/wp-json\/wp\/v2\/types\/page"}],"author":[{"embeddable":true,"href":"https:\/\/paragliding-luzern.ch\/ko\/wp-json\/wp\/v2\/users\/3"}],"replies":[{"embeddable":true,"href":"https:\/\/paragliding-luzern.ch\/ko\/wp-json\/wp\/v2\/comments?post=38530"}],"version-history":[{"count":0,"href":"https:\/\/paragliding-luzern.ch\/ko\/wp-json\/wp\/v2\/pages\/38530\/revisions"}],"wp:attachment":[{"href":"https:\/\/paragliding-luzern.ch\/ko\/wp-json\/wp\/v2\/media?parent=38530"}],"curies":[{"name":"wp","href":"https:\/\/api.w.org\/{rel}","templated":true}]}}